{"id":150,"date":"2018-09-30T09:52:51","date_gmt":"2018-09-30T09:52:51","guid":{"rendered":"http:\/\/www.radnotiiskola.hu\/new\/?page_id=150"},"modified":"2018-10-01T06:50:14","modified_gmt":"2018-10-01T06:50:14","slug":"szekelykapuk","status":"publish","type":"page","link":"http:\/\/www.radnotiiskola.hu\/new\/szekelykapuk\/","title":{"rendered":"Sz\u00e9kelykapuk"},"content":{"rendered":"<h2 class=\"art-PostHeader\"><span style=\"font-family: arial, helvetica, sans-serif;\">Hagyom\u00e1ny\u0151rz\u00e9s a Radn\u00f3tiban<\/span><\/h2>\n<p><span style=\"font-family: arial, helvetica, sans-serif;\">Kar\u00e1csony k\u00f6zeledt\u00e9vel a Radn\u00f3ti Mikl\u00f3s \u00c1ltal\u00e1nos Iskola 5.a oszt\u00e1ly\u00e1nak lelkes kis csapata a v\u00e1ros \u00f6t helysz\u00edn\u00e9n mutatta be vid\u00e1m, \u00a0sz\u00edvet melenget\u0151, betlehemi p\u00e1sztorj\u00e1t\u00e9k\u00e1t.<\/span><\/p>\n<p><span style=\"font-family: arial, helvetica, sans-serif;\">A gyerekek m\u0171sor\u00e1t minden helysz\u00ednen nagy szeretettel fogadt\u00e1k.<\/span><\/p>\n<p><span style=\"font-family: arial, helvetica, sans-serif;\">Az el\u0151ad\u00e1s az EMF (Eur\u00f3pai Magyar Fiatalok\u00e9rt) Alap\u00edtv\u00e1ny szimpatikus eszmeis\u00e9g\u0171<img loading=\"lazy\" decoding=\"async\" class=\"size-medium wp-image-225 alignright\" src=\"http:\/\/www.radnotiiskola.hu\/new\/wp-content\/uploads\/2018\/10\/Betlehem-300x200.png\" alt=\"\" width=\"300\" height=\"200\" srcset=\"http:\/\/www.radnotiiskola.hu\/new\/wp-content\/uploads\/2018\/10\/Betlehem-300x200.png 300w, http:\/\/www.radnotiiskola.hu\/new\/wp-content\/uploads\/2018\/10\/Betlehem.png 640w\" sizes=\"auto, (max-width: 300px) 100vw, 300px\" \/> p\u00e1ly\u00e1zati felh\u00edv\u00e1s\u00e1ra k\u00e9sz\u00fclt. A program f\u0151 c\u00e9lkit\u0171z\u00e9sei az \u00e9lm\u00e9nyszer\u0171, akt\u00edv, kreat\u00edv \u00e9s k\u00f6z\u00f6ss\u00e9gi lehet\u0151s\u00e9gek tudatos\u00edt\u00e1sa a fiatalok k\u00f6r\u00e9ben. A p\u00e1ly\u00e1zat keret\u00e9ben j\u00f3t\u00e9konys\u00e1gi c\u00e9llal adom\u00e1nygy\u0171jt\u00e9s is t\u00f6rt\u00e9nt az alap\u00edtv\u00e1ny sz\u00e1m\u00e1ra, amelynek sor\u00e1n a gy\u0151ri Rotary Klub 38 ezer Ft-tal t\u00e1mogatta a kezdem\u00e9nyez\u00e9st. Nagylelk\u0171 felaj\u00e1nl\u00e1sukat ez\u00faton is szeretn\u00e9nk megk\u00f6sz\u00f6nni.<\/span><\/p>\n<p><span style=\"font-family: arial, helvetica, sans-serif;\">A program sor\u00e1n a r\u00e9sztvev\u0151k l\u00e9lekben is gazdagodtak. Megismert\u00e9k a betlehemez\u00e9s n\u00e9pszok\u00e1s\u00e1t, az egy\u00fctt dolgoz\u00e1s \u00e9s a j\u00f3t\u00e9konykod\u00e1s \u00f6r\u00f6m\u00e9t. Az el\u0151ad\u00e1sok alkalm\u00e1val k\u00f6zelebb ker\u00fclt egym\u00e1shoz tan\u00e1r, di\u00e1k \u00e9s sz\u00fcl\u0151. A pr\u00f3b\u00e1k sor\u00e1n a gyerekek k\u00f6z\u00fcl rejtett tehets\u00e9gek is felfedez\u00e9sre ker\u00fcltek.<\/span><\/p>\n<p><span style=\"font-family: arial, helvetica, sans-serif;\">A p\u00e1ly\u00e1zat r\u00e9sztvev\u0151i: Botos Rajmund, B\u00f6jthe Csaba, Kalm\u00e1r Ang\u00e9la, Cser Orsolya, Nits Ren\u00e1ta, Kakics Tam\u00e1s, Pl\u00e9n\u00e1rd D\u00e1niel, Platzer Istv\u00e1n, Pint\u00e9r Dominika, Bella Dominik<\/span><\/p>\n<p><span style=\"font-family: arial, helvetica, sans-serif;\">A felk\u00e9sz\u00edt\u00e9sben \u00e9s szervez\u00e9sben r\u00e9sztvev\u0151 tan\u00e1rok: Kulacsn\u00e9 Fekete \u00c9va, Papp Zolt\u00e1n, Schmidtn\u00e9 Bal\u00e1zs L\u00edvia \u00e9s Varga M\u00e1rta.<\/span><\/p>\n<p><span style=\"font-family: arial, helvetica, sans-serif;\">A p\u00e1ly\u00e1zatban r\u00e9sztvev\u0151k azzal a boldog tudattal z\u00e1rhatt\u00e1k munk\u00e1jukat, hogy k\u00f6z\u00f6ns\u00e9g\u00fck minden tagj\u00e1hoz eljuttathatt\u00e1k a betlehemi J\u00e9zus \u00fczenet\u00e9t szeretetr\u0151l, hagyom\u00e1nytiszteletr\u0151l.<\/span><\/p>\n<hr \/>\n<h2 class=\"art-PostHeader\"><span style=\"font-family: arial, helvetica, sans-serif;\">Arany fokozat a radn\u00f3tis di\u00e1koknak<\/span><\/h2>\n<p><span style=\"font-family: arial, helvetica, sans-serif;\">A CEECD \/ Eur\u00f3pai Magyar Fiatals\u00e1g\u00e9rt Alap\u00edtv\u00e1ny p\u00e1ly\u00e1zat\u00e1n vett r\u00e9szt a gy\u0151ri Radn\u00f3ti Mikl\u00f3s \u00c1ltal\u00e1nos Iskola 5.a oszt\u00e1ly\u00e1nak 10 tanul\u00f3ja. A feladat egy j\u00f3t\u00e9konys\u00e1gi betlehemi m\u0171sor el\u0151ad\u00e1sa volt k\u00fcl\u00f6nb\u00f6z\u0151 helysz\u00edneken. A nemes c\u00e9l\u00fa p\u00e1ly\u00e1zat keret\u00e9ben a di\u00e1kok a v\u00e1ros \u00f6t int\u00e9zm\u00e9ny\u00e9ben adt\u00e1k el\u0151 a vid\u00e1m p\u00e1sztorj\u00e1t\u00e9kot, \u00e9s k\u00f6zben adom\u00e1nyokat is gy\u0171jt\u00f6ttek.<\/span><\/p>\n<p><span style=\"font-family: arial, helvetica, sans-serif;\">Schmidtn\u00e9 Bal\u00e1zs L\u00edvia, a Radn\u00f3ti Di\u00e1ksz\u00ednpad vezet\u0151je, dr\u00e1mapedag\u00f3gus \u00fagy v\u00e9li, hogy b\u00e1r a csoport minden tagja k\u00fcl\u00f6n kis vil\u00e1g, k\u00fcl\u00f6n egy\u00e9nis\u00e9g, mire a darab sz\u00ednpadk\u00e9pes lett, a gyerekek igazi k\u00f6z\u00f6ss\u00e9gg\u00e9 kov\u00e1csol\u00f3dtak. Minden bizonnyal \u0151k fogj\u00e1k k\u00e9pviselni a Radn\u00f3ti Di\u00e1ksz\u00ednpad k\u00f6vetkez\u0151 gener\u00e1ci\u00f3j\u00e1t.<\/span><\/p>\n<p><span style=\"font-family: arial, helvetica, sans-serif;\"><img loading=\"lazy\" decoding=\"async\" class=\"size-medium wp-image-228 alignleft\" src=\"http:\/\/www.radnotiiskola.hu\/new\/wp-content\/uploads\/2018\/10\/Betlehem-300x225.jpg\" alt=\"\" width=\"300\" height=\"225\" srcset=\"http:\/\/www.radnotiiskola.hu\/new\/wp-content\/uploads\/2018\/10\/Betlehem-300x225.jpg 300w, http:\/\/www.radnotiiskola.hu\/new\/wp-content\/uploads\/2018\/10\/Betlehem.jpg 640w\" sizes=\"auto, (max-width: 300px) 100vw, 300px\" \/>Kulacsn\u00e9 Fekete \u00c9va, oszt\u00e1lyf\u0151n\u00f6k, szint\u00e9n \u00f6r\u00fcl, hogy belev\u00e1gott ebbe a programba \u00e9s nagyon b\u00fcszke az oszt\u00e1ly\u00e1ra. \u201eA gyerekek szeretettel, seg\u00edt\u0151 sz\u00e1nd\u00e9kkal k\u00e9sz\u00fcltek az el\u0151ad\u00e1sokra. Nagyon j\u00f3 \u00e9rz\u00e9s volt l\u00e1tni, hogy a tanul\u00f3knak siker\u00fclt azonosulnia a program eszmeis\u00e9g\u00e9vel \u00e9s k\u00fcl\u00f6n \u00f6r\u00f6m, hogy ezt m\u00e1sok is \u00e9szrevett\u00e9k. \u00cdgy a gyerekek igyekezet\u00e9nek, kedvess\u00e9g\u00e9nek meglett a jutalma.\u201d<\/span><\/p>\n<p><span style=\"font-family: arial, helvetica, sans-serif;\">Sulyokn\u00e9 Kelemen Judit int\u00e9zm\u00e9nyegys\u00e9g-vezet\u0151 szerint a tanul\u00f3k betlehemez\u00e9se hozz\u00e1j\u00e1rult a k\u00f6z\u00f6ss\u00e9gi \u00e9letre nevel\u00e9shez, a hagyom\u00e1nyok \u00e1pol\u00e1s\u00e1hoz, a sz\u00f3beli kifejez\u0151k\u00e9szs\u00e9g fejleszt\u00e9s\u00e9hez, amelyek mindegyike kiemelt c\u00e9lja az iskola pedag\u00f3giai programj\u00e1nak.<\/span><\/p>\n<p><span style=\"font-family: arial, helvetica, sans-serif;\">A sz\u00fcl\u0151k, tanul\u00f3k \u00e9s tan\u00e1raik \u00f6sszefog\u00e1s\u00e1nak eredm\u00e9nyek\u00e9nt megsz\u00fcletett betlehemi j\u00e1t\u00e9k m\u00e1r maga is nagy \u00e9lm\u00e9nyt jelentett. A di\u00e1kok \u0151szinte, kedves, vid\u00e1m el\u0151ad\u00e1sa minden alkalommal meg\u00f6rvendeztette a k\u00f6z\u00f6ns\u00e9get. Az el\u0151ad\u00e1sok dokument\u00e1ci\u00f3j\u00e1b\u00f3l, f\u00e9nyk\u00e9peib\u0151l \u00e9s vide\u00f3j\u00e1b\u00f3l k\u00e9sz\u00edtett p\u00e1ly\u00e1zatot pedig az EMF Alap\u00edtv\u00e1ny arany fokozattal jutalmazta. 944 p\u00e1ly\u00e1z\u00f3b\u00f3l 13 csapatnak siker\u00fclt ilyen elismer\u00e9sben r\u00e9szes\u00fclnie. A gyerekek nyerem\u00e9nye pedig: 4 napos, ingyenes t\u00e1boroz\u00e1s lett M\u00f3rahalmon.<\/span><\/p>\n","protected":false},"excerpt":{"rendered":"<p>Hagyom\u00e1ny\u0151rz\u00e9s a Radn\u00f3tiban Kar\u00e1csony k\u00f6zeledt\u00e9vel a Radn\u00f3ti Mikl\u00f3s \u00c1ltal\u00e1nos Iskola 5.a oszt\u00e1ly\u00e1nak lelkes kis csapata a v\u00e1ros \u00f6t helysz\u00edn\u00e9n mutatta be vid\u00e1m, \u00a0sz\u00edvet melenget\u0151, betlehemi p\u00e1sztorj\u00e1t\u00e9k\u00e1t. A gyerekek m\u0171sor\u00e1t minden helysz\u00ednen nagy szeretettel fogadt\u00e1k. Az el\u0151ad\u00e1s az EMF (Eur\u00f3pai Magyar Fiatalok\u00e9rt) Alap\u00edtv\u00e1ny szimpatikus eszmeis\u00e9g\u0171 p\u00e1ly\u00e1zati felh\u00edv\u00e1s\u00e1ra k\u00e9sz\u00fclt. A program f\u0151 c\u00e9lkit\u0171z\u00e9sei az \u00e9lm\u00e9nyszer\u0171, akt\u00edv, kreat\u00edv [&hellip;]<\/p>\n","protected":false},"author":1,"featured_media":0,"parent":0,"menu_order":0,"comment_status":"closed","ping_status":"closed","template":"","meta":{"ngg_post_thumbnail":0,"footnotes":""},"class_list":["post-150","page","type-page","status-publish","hentry"],"_links":{"self":[{"href":"http:\/\/www.radnotiiskola.hu\/new\/wp-json\/wp\/v2\/pages\/150","targetHints":{"allow":["GET"]}}],"collection":[{"href":"http:\/\/www.radnotiiskola.hu\/new\/wp-json\/wp\/v2\/pages"}],"about":[{"href":"http:\/\/www.radnotiiskola.hu\/new\/wp-json\/wp\/v2\/types\/page"}],"author":[{"embeddable":true,"href":"http:\/\/www.radnotiiskola.hu\/new\/wp-json\/wp\/v2\/users\/1"}],"replies":[{"embeddable":true,"href":"http:\/\/www.radnotiiskola.hu\/new\/wp-json\/wp\/v2\/comments?post=150"}],"version-history":[{"count":0,"href":"http:\/\/www.radnotiiskola.hu\/new\/wp-json\/wp\/v2\/pages\/150\/revisions"}],"wp:attachment":[{"href":"http:\/\/www.radnotiiskola.hu\/new\/wp-json\/wp\/v2\/media?parent=150"}],"curies":[{"name":"wp","href":"https:\/\/api.w.org\/{rel}","templated":true}]}}