{"id":2602,"date":"2021-06-24T08:19:09","date_gmt":"2021-06-24T08:19:09","guid":{"rendered":"http:\/\/www.radnotiiskola.hu\/new\/?page_id=2602"},"modified":"2022-06-23T08:47:49","modified_gmt":"2022-06-23T08:47:49","slug":"2018-2019","status":"publish","type":"page","link":"http:\/\/www.radnotiiskola.hu\/new\/2018-2019\/","title":{"rendered":"2019-2020-as tan\u00e9v"},"content":{"rendered":"<p><span style=\"font-size: 12pt;\"><strong>Havi programok<\/strong><\/span><\/p>\n<div style=\"font-size: 14px;\"><ul class=\"lcp_catlist\" id=\"lcp_instance_0\"><li><a href=\"http:\/\/www.radnotiiskola.hu\/new\/2020\/02\/28\/iskolank-2020-marciusi-programja\/\">Iskol\u00e1nk 2020. m\u00e1rciusi programja<\/a><\/li><li><a href=\"http:\/\/www.radnotiiskola.hu\/new\/2020\/02\/02\/iskolank-2020-februari-programja\/\">Iskol\u00e1nk 2020. febru\u00e1ri programja<\/a><\/li><li><a href=\"http:\/\/www.radnotiiskola.hu\/new\/2020\/01\/08\/1516\/\">Iskol\u00e1nk 2020. janu\u00e1ri programja<\/a><\/li><li><a href=\"http:\/\/www.radnotiiskola.hu\/new\/2019\/12\/08\/iskolank-2019-decemberi-programja\/\">Iskol\u00e1nk 2019. decemberi programja<\/a><\/li><li><a href=\"http:\/\/www.radnotiiskola.hu\/new\/2019\/11\/03\/iskolank-2019-novemberi-programja\/\">Iskol\u00e1nk 2019. novemberi programja<\/a><\/li><li><a href=\"http:\/\/www.radnotiiskola.hu\/new\/2019\/09\/30\/iskolank-2019-oktoberi-programja\/\">Iskol\u00e1nk 2019. okt\u00f3beri programja<\/a><\/li><li><a href=\"http:\/\/www.radnotiiskola.hu\/new\/2019\/09\/08\/iskolank-2019-szeptemberi-programja\/\">Iskol\u00e1nk 2019. szeptemberi programja<\/a><\/li><\/ul><\/div>\n<hr>\n<p><strong>Esem\u00e9nyek<\/strong><\/p>\n<p><span style=\"font-size: 14px;\"><ul class=\"lcp_catlist\" id=\"lcp_instance_0\"><li><a href=\"http:\/\/www.radnotiiskola.hu\/new\/2026\/04\/16\/beiratkozas-szuloi-tajekoztato\/\">Beiratkoz\u00e1s &#8211; sz\u00fcl\u0151i t\u00e1j\u00e9koztat\u00f3<\/a><\/li><li><a href=\"http:\/\/www.radnotiiskola.hu\/new\/2026\/03\/13\/szunidei-etkezessel-kapcsolatos-tudnivalok-2\/\">Sz\u00fcnidei \u00e9tkez\u00e9ssel kapcsolatos tudnival\u00f3k<\/a><\/li><li><a href=\"http:\/\/www.radnotiiskola.hu\/new\/2026\/02\/09\/alapitvanyi-vacsora-5\/\">Alap\u00edtv\u00e1nyi vacsora<\/a><\/li><li><a href=\"http:\/\/www.radnotiiskola.hu\/new\/2026\/02\/02\/intezmenyunk-2026-februar-havi-programja\/\">Int\u00e9zm\u00e9ny\u00fcnk 2026. febru\u00e1r havi programja<\/a><\/li><li><a href=\"http:\/\/www.radnotiiskola.hu\/new\/2026\/01\/01\/intezmenyunk-2026-januar-havi-programja\/\">Int\u00e9zm\u00e9ny\u00fcnk 2026. janu\u00e1r havi programja<\/a><\/li><li><a href=\"http:\/\/www.radnotiiskola.hu\/new\/2025\/10\/21\/adventi-kirandulas\/\">Adventi kir\u00e1ndul\u00e1s<\/a><\/li><li><a href=\"http:\/\/www.radnotiiskola.hu\/new\/2025\/09\/30\/2024-2025-os-tanev-2\/\">2024-2025-\u00f6s tan\u00e9v<\/a><\/li><li><a href=\"http:\/\/www.radnotiiskola.hu\/new\/2025\/07\/30\/2024-2025-os-tanev\/\">2024-2025-\u00f6s tan\u00e9v<\/a><\/li><li><a href=\"http:\/\/www.radnotiiskola.hu\/new\/2025\/07\/19\/nyelvi-tabor-3\/\">Nyelvi t\u00e1bor<\/a><\/li><li><a href=\"http:\/\/www.radnotiiskola.hu\/new\/2025\/07\/07\/intezmenyvezetok-nyari-ugyeleti-rendje-2\/\">Int\u00e9zm\u00e9nyvezet\u0151k ny\u00e1ri \u00fcgyeleti rendje<\/a><\/li><\/ul><\/span><\/p>\n<hr>\n<p><span style=\"font-size: 12pt;\"><strong><span style=\"font-family: arial, helvetica, sans-serif;\">Felh\u00edv\u00e1sok<\/span><\/strong><\/span><\/p>\n<div style=\"font-size: 14px;\"><ul class=\"lcp_catlist\" id=\"lcp_instance_0\"><li><a href=\"http:\/\/www.radnotiiskola.hu\/new\/2020\/07\/24\/ebedbefizetes-2\/\">Eb\u00e9dbefizet\u00e9s<\/a><\/li><li><a href=\"http:\/\/www.radnotiiskola.hu\/new\/2020\/06\/09\/tanevzaro\/\">Tan\u00e9vz\u00e1r\u00f3<\/a><\/li><li><a href=\"http:\/\/www.radnotiiskola.hu\/new\/2020\/05\/27\/ugyelet-es-etkezes\/\">\u00dcgyelet \u00e9s \u00e9tkez\u00e9s<\/a><\/li><li><a href=\"http:\/\/www.radnotiiskola.hu\/new\/2020\/05\/25\/palyaorientacio\/\">P\u00e1lyaorient\u00e1ci\u00f3<\/a><\/li><li><a href=\"http:\/\/www.radnotiiskola.hu\/new\/2020\/05\/25\/hit-es-erkolcstan-oktatas-3\/\">Hit- \u00e9s erk\u00f6lcstan oktat\u00e1s<\/a><\/li><li><a href=\"http:\/\/www.radnotiiskola.hu\/new\/2020\/05\/23\/elelmezesi-dijak-visszateritese-etkezes-igenylese\/\">\u00c9lelmez\u00e9si d\u00edjak visszat\u00e9r\u00edt\u00e9se, \u00e9tkez\u00e9s ig\u00e9nyl\u00e9se<\/a><\/li><li><a href=\"http:\/\/www.radnotiiskola.hu\/new\/2020\/05\/23\/nyari-napkozi-igenyfelmeres\/\">Ny\u00e1ri napk\u00f6zi ig\u00e9nyfelm\u00e9r\u00e9s<\/a><\/li><li><a href=\"http:\/\/www.radnotiiskola.hu\/new\/2020\/04\/27\/ugyelet-2\/\">\u00dcgyelet<\/a><\/li><li><a href=\"http:\/\/www.radnotiiskola.hu\/new\/2020\/04\/15\/felhivas-3\/\">Felh\u00edv\u00e1s<\/a><\/li><li><a href=\"http:\/\/www.radnotiiskola.hu\/new\/2020\/04\/15\/etkezes-igenyles-2020-2021-tanevre\/\">\u00c9tkez\u00e9s ig\u00e9nyl\u00e9s 2020-2021 tan\u00e9vre<\/a><\/li><\/ul><\/div>\n<hr>\n<p><span style=\"font-family: arial, helvetica, sans-serif; font-size: 12pt;\"><strong>Eredm\u00e9nyek<\/strong><\/span><\/p>\n<div style=\"font-size: 14px;\"><ul class=\"lcp_catlist\" id=\"lcp_instance_0\"><\/ul><\/div>\n<hr>\n<p><span style=\"font-family: arial, helvetica, sans-serif; font-size: 12pt;\"><strong>D\u00d6K<\/strong><\/span><\/p>\n<div style=\"font-size: 14px;\"><ul class=\"lcp_catlist\" id=\"lcp_instance_0\"><li><a href=\"http:\/\/www.radnotiiskola.hu\/new\/2020\/01\/01\/sportkaracsony-2019-december-19\/\">SPORTKAR\u00c1CSONY  2019. DECEMBER 19.<\/a><\/li><li><a href=\"http:\/\/www.radnotiiskola.hu\/new\/2019\/12\/08\/mikulas-latogatasa-iskolankban-2019-december-6\/\">MIKUL\u00c1S L\u00c1TOGAT\u00c1SA ISKOL\u00c1NKBAN &#8211; 2019. december 6.<\/a><\/li><li><a href=\"http:\/\/www.radnotiiskola.hu\/new\/2019\/12\/08\/rajzpalyazat-ki-mondta-hogy-nem-tudod-megvaltoztatni-a-vilagot\/\">RAJZP\u00c1LY\u00c1ZAT  KI MONDTA &#8211; HOGY NEM TUDOD MEGV\u00c1LTOZTATNI A VIL\u00c1GOT?\u201d<\/a><\/li><li><a href=\"http:\/\/www.radnotiiskola.hu\/new\/2019\/12\/08\/advent-budapesten-2019-december-5\/\">ADVENT BUDAPESTEN  &#8211; 2019. december 5.<\/a><\/li><li><a href=\"http:\/\/www.radnotiiskola.hu\/new\/2019\/12\/08\/gyor-moson-sopron-megyei-diakparlament-2019\/\">GY\u0150R-MOSON-SOPRON MEGYEI DI\u00c1KPARLAMENT &#8211; 2019<\/a><\/li><li><a href=\"http:\/\/www.radnotiiskola.hu\/new\/2019\/11\/11\/nevadonkra-emlekeztunk-2\/\">N\u00c9VAD\u00d3NKRA EML\u00c9KEZT\u00dcNK<\/a><\/li><li><a href=\"http:\/\/www.radnotiiskola.hu\/new\/2019\/10\/03\/oszi-papirgyujtes\/\">\u0150szi pap\u00edrgy\u0171jt\u00e9s<\/a><\/li><li><a href=\"http:\/\/www.radnotiiskola.hu\/new\/2019\/09\/30\/oszi-egeszseg-es-sportnap-az-aranyparton-2\/\">\u0150SZI EG\u00c9SZS\u00c9G- \u00c9S SPORTNAP AZ ARANYPARTON<\/a><\/li><\/ul><\/div>\n","protected":false},"excerpt":{"rendered":"<p>Havi programok Esem\u00e9nyek Felh\u00edv\u00e1sok Eredm\u00e9nyek D\u00d6K<\/p>\n","protected":false},"author":1,"featured_media":0,"parent":0,"menu_order":0,"comment_status":"closed","ping_status":"closed","template":"","meta":{"ngg_post_thumbnail":0,"footnotes":""},"class_list":["post-2602","page","type-page","status-publish","hentry"],"_links":{"self":[{"href":"http:\/\/www.radnotiiskola.hu\/new\/wp-json\/wp\/v2\/pages\/2602","targetHints":{"allow":["GET"]}}],"collection":[{"href":"http:\/\/www.radnotiiskola.hu\/new\/wp-json\/wp\/v2\/pages"}],"about":[{"href":"http:\/\/www.radnotiiskola.hu\/new\/wp-json\/wp\/v2\/types\/page"}],"author":[{"embeddable":true,"href":"http:\/\/www.radnotiiskola.hu\/new\/wp-json\/wp\/v2\/users\/1"}],"replies":[{"embeddable":true,"href":"http:\/\/www.radnotiiskola.hu\/new\/wp-json\/wp\/v2\/comments?post=2602"}],"version-history":[{"count":0,"href":"http:\/\/www.radnotiiskola.hu\/new\/wp-json\/wp\/v2\/pages\/2602\/revisions"}],"wp:attachment":[{"href":"http:\/\/www.radnotiiskola.hu\/new\/wp-json\/wp\/v2\/media?parent=2602"}],"curies":[{"name":"wp","href":"https:\/\/api.w.org\/{rel}","templated":true}]}}