{"id":3203,"date":"2022-06-23T08:55:09","date_gmt":"2022-06-23T08:55:09","guid":{"rendered":"http:\/\/www.radnotiiskola.hu\/new\/?page_id=3203"},"modified":"2022-06-23T08:55:10","modified_gmt":"2022-06-23T08:55:10","slug":"2021-2022-as-tanev","status":"publish","type":"page","link":"http:\/\/www.radnotiiskola.hu\/new\/2021-2022-as-tanev\/","title":{"rendered":"2021-2022-as tan\u00e9v"},"content":{"rendered":"\n<p><span style=\"font-size: 12pt;\"><strong>Havi programok<\/strong><\/span><\/p>\n<div style=\"font-size: 14px;\"><ul class=\"lcp_catlist\" id=\"lcp_instance_0\"><li><a href=\"http:\/\/www.radnotiiskola.hu\/new\/2022\/11\/01\/intezmenyunk-2022-novemberi-programja\/\">Int\u00e9zm\u00e9ny\u00fcnk 2022 novemberi programja<\/a><\/li><li><a href=\"http:\/\/www.radnotiiskola.hu\/new\/2022\/10\/02\/intezmenyunk-2022-oktoberi-programja\/\">Int\u00e9zm\u00e9ny\u00fcnk 2022 okt\u00f3beri programja<\/a><\/li><li><a href=\"http:\/\/www.radnotiiskola.hu\/new\/2022\/09\/01\/intezmenyunk-2022-szeptember-havi-programja\/\">Int\u00e9zm\u00e9ny\u00fcnk 2022 szeptember havi programja<\/a><\/li><li><a href=\"http:\/\/www.radnotiiskola.hu\/new\/2022\/04\/28\/intezmenyunk-2022-majusi-programja\/\">Int\u00e9zm\u00e9ny\u00fcnk 2022. m\u00e1jusi programja<\/a><\/li><li><a href=\"http:\/\/www.radnotiiskola.hu\/new\/2022\/04\/05\/intezmenyunk-2022-aprilis-havi-programja\/\">Int\u00e9zm\u00e9ny\u00fcnk 2022 \u00e1prilis havi programja<\/a><\/li><li><a href=\"http:\/\/www.radnotiiskola.hu\/new\/2022\/03\/01\/intezmenyunk-2022-marcius-havi-programja\/\">Int\u00e9zm\u00e9ny\u00fcnk 2022 m\u00e1rcius havi programja<\/a><\/li><li><a href=\"http:\/\/www.radnotiiskola.hu\/new\/2022\/02\/02\/intezmenyunk-2022-februari-programja\/\">Int\u00e9zm\u00e9ny\u00fcnk 2022 febru\u00e1ri programja<\/a><\/li><\/ul><\/div>\n<hr>\n<p><strong>Esem\u00e9nyek<\/strong><\/p>\n<p><span style=\"font-size: 14px;\"><ul class=\"lcp_catlist\" id=\"lcp_instance_0\"><li><a href=\"http:\/\/www.radnotiiskola.hu\/new\/2022\/11\/28\/belvarosi-sulivaro-6\/\">BELV\u00c1ROSI SULIV\u00c1R\u00d3<\/a><\/li><li><a href=\"http:\/\/www.radnotiiskola.hu\/new\/2022\/11\/21\/belvarosi-sulivaro-5\/\">BELV\u00c1ROSI SULIV\u00c1R\u00d3<\/a><\/li><li><a href=\"http:\/\/www.radnotiiskola.hu\/new\/2022\/11\/14\/belvarosi-sulivaro-4\/\">BELV\u00c1ROSI SULIV\u00c1R\u00d3<\/a><\/li><li><a href=\"http:\/\/www.radnotiiskola.hu\/new\/2022\/11\/07\/belvarosi-sulivaro-3\/\">BELV\u00c1ROSI SULIV\u00c1R\u00d3<\/a><\/li><li><a href=\"http:\/\/www.radnotiiskola.hu\/new\/2022\/10\/24\/belvarosi-sulivaro-oktober-26\/\">Belv\u00e1rosi suliv\u00e1r\u00f3- okt\u00f3ber 26.<\/a><\/li><li><a href=\"http:\/\/www.radnotiiskola.hu\/new\/2022\/10\/14\/osztalytalalkozo\/\">Oszt\u00e1lytal\u00e1lkoz\u00f3<\/a><\/li><li><a href=\"http:\/\/www.radnotiiskola.hu\/new\/2022\/10\/10\/belvarosi-sulivaro-2\/\">BELV\u00c1ROSI SULIV\u00c1R\u00d3<\/a><\/li><li><a href=\"http:\/\/www.radnotiiskola.hu\/new\/2022\/10\/05\/papirgyujtes-2\/\">Pap\u00edrgy\u0171jt\u00e9s<\/a><\/li><li><a href=\"http:\/\/www.radnotiiskola.hu\/new\/2022\/09\/29\/belvarosi-sulivaro\/\">BELV\u00c1ROSI SULIV\u00c1R\u00d3<\/a><\/li><li><a href=\"http:\/\/www.radnotiiskola.hu\/new\/2022\/07\/29\/szep-nyari-nap\/\">\u201eSz\u00e9p ny\u00e1ri nap\u2026\u201d<\/a><\/li><\/ul><\/span><\/p>\n<hr>\n<p><span style=\"font-size: 12pt;\"><strong><span style=\"font-family: arial, helvetica, sans-serif;\">Felh\u00edv\u00e1sok<\/span><\/strong><\/span><\/p>\n<div style=\"font-size: 14px;\"><ul class=\"lcp_catlist\" id=\"lcp_instance_0\"><li><a href=\"http:\/\/www.radnotiiskola.hu\/new\/2023\/09\/15\/etkezesi-dij\/\">\u00c9tkez\u00e9si d\u00edj<\/a><\/li><li><a href=\"http:\/\/www.radnotiiskola.hu\/new\/2022\/12\/12\/belvarosi-sulivaro-8\/\">BELV\u00c1ROSI SULIV\u00c1R\u00d3<\/a><\/li><li><a href=\"http:\/\/www.radnotiiskola.hu\/new\/2022\/12\/07\/januari-ebedbefizetes\/\">Janu\u00e1ri eb\u00e9dbefizet\u00e9s<\/a><\/li><li><a href=\"http:\/\/www.radnotiiskola.hu\/new\/2022\/12\/05\/belvarosi-sulivaro-7\/\">Belv\u00e1rosi suliv\u00e1r\u00f3<\/a><\/li><li><a href=\"http:\/\/www.radnotiiskola.hu\/new\/2022\/11\/17\/decemberi-ebedbefizetes\/\">Decemberi eb\u00e9dbefizet\u00e9s<\/a><\/li><li><a href=\"http:\/\/www.radnotiiskola.hu\/new\/2022\/11\/14\/nyilt-nap\/\">Ny\u00edlt nap<\/a><\/li><li><a href=\"http:\/\/www.radnotiiskola.hu\/new\/2022\/09\/12\/ebedbefizetes-5\/\">Eb\u00e9dbefizet\u00e9s<\/a><\/li><li><a href=\"http:\/\/www.radnotiiskola.hu\/new\/2022\/08\/18\/etkezesi-teritesi-dijak-valtozasa\/\">\u00c9tkez\u00e9si t\u00e9r\u00edt\u00e9si d\u00edjak v\u00e1ltoz\u00e1sa<\/a><\/li><li><a href=\"http:\/\/www.radnotiiskola.hu\/new\/2022\/08\/10\/fontos-informaciok-a-tanevkezdesrol\/\">Fontos inform\u00e1ci\u00f3k a tan\u00e9vkezd\u00e9sr\u0151l<\/a><\/li><li><a href=\"http:\/\/www.radnotiiskola.hu\/new\/2022\/06\/29\/nyari-vezetoi-ugyelet-rendje\/\">Ny\u00e1ri vezet\u0151i \u00fcgyelet rendje<\/a><\/li><\/ul><\/div>\n<hr>\n<p><span style=\"font-family: arial, helvetica, sans-serif; font-size: 12pt;\"><strong>Eredm\u00e9nyek<\/strong><\/span><\/p>\n<div style=\"font-size: 14px;\"><ul class=\"lcp_catlist\" id=\"lcp_instance_0\"><li><a href=\"http:\/\/www.radnotiiskola.hu\/new\/2022\/12\/21\/akikre-buszkek-vagyunk\/\">Akikre b\u00fcszk\u00e9k vagyunk:<\/a><\/li><li><a href=\"http:\/\/www.radnotiiskola.hu\/new\/2022\/12\/19\/szepkiejtesi-verseny-2\/\">Sz\u00e9pkiejt\u00e9si verseny<\/a><\/li><li><a href=\"http:\/\/www.radnotiiskola.hu\/new\/2022\/05\/04\/bankvelem-penzokos-kupa\/\">BankVelem P\u00e9nzOkos kupa<\/a><\/li><li><a href=\"http:\/\/www.radnotiiskola.hu\/new\/2022\/05\/02\/pannon-viz-rajzpalyazat\/\">Pannon- v\u00edz rajzp\u00e1ly\u00e1zat<\/a><\/li><li><a href=\"http:\/\/www.radnotiiskola.hu\/new\/2022\/04\/11\/husvet-temakoreben-hirdetett-versenyeink\/\">H\u00fasv\u00e9t t\u00e9mak\u00f6r\u00e9ben hirdetett versenyeink<\/a><\/li><li><a href=\"http:\/\/www.radnotiiskola.hu\/new\/2022\/03\/31\/lengyel-alfred-honismereti-verseny\/\">Lengyel Alfr\u00e9d Honismereti Verseny<\/a><\/li><li><a href=\"http:\/\/www.radnotiiskola.hu\/new\/2022\/03\/08\/intezmenyunk-eredmenyes-tancosai\/\">Int\u00e9zm\u00e9ny\u00fcnk eredm\u00e9nyes t\u00e1ncosai<\/a><\/li><li><a href=\"http:\/\/www.radnotiiskola.hu\/new\/2022\/02\/01\/dok-verseny-3\/\">D\u00d6K verseny<\/a><\/li><\/ul><\/div>\n<hr>\n<p><span style=\"font-family: arial, helvetica, sans-serif; font-size: 12pt;\"><strong>D\u00d6K<\/strong><\/span><\/p>\n<div style=\"font-size: 14px;\"><ul class=\"lcp_catlist\" id=\"lcp_instance_0\"><li><a href=\"http:\/\/www.radnotiiskola.hu\/new\/2022\/10\/01\/europai-diaksport-napja-2\/\">EUR\u00d3PAI DI\u00c1KSPORT NAPJA<\/a><\/li><li><a href=\"http:\/\/www.radnotiiskola.hu\/new\/2022\/05\/06\/radnoti-nap-5\/\">Radn\u00f3ti &#8211; nap<\/a><\/li><li><a href=\"http:\/\/www.radnotiiskola.hu\/new\/2022\/04\/29\/bakonyi-kirandulas-2\/\">Bakonyi kir\u00e1ndul\u00e1s<\/a><\/li><li><a href=\"http:\/\/www.radnotiiskola.hu\/new\/2022\/04\/28\/papirgyujtes-eredmenye\/\">Pap\u00edrgy\u0171jt\u00e9s eredm\u00e9nye<\/a><\/li><li><a href=\"http:\/\/www.radnotiiskola.hu\/new\/2022\/04\/05\/bakonyi-kirandulas\/\">BAKONYI KIR\u00c1NDUL\u00c1S<\/a><\/li><li><a href=\"http:\/\/www.radnotiiskola.hu\/new\/2022\/02\/08\/jegnap-2\/\">J\u00e9gnap<\/a><\/li><\/ul><\/div>\n","protected":false},"excerpt":{"rendered":"<p>Havi programok Esem\u00e9nyek Felh\u00edv\u00e1sok Eredm\u00e9nyek D\u00d6K<\/p>\n","protected":false},"author":1,"featured_media":0,"parent":0,"menu_order":0,"comment_status":"closed","ping_status":"closed","template":"","meta":{"ngg_post_thumbnail":0,"footnotes":""},"class_list":["post-3203","page","type-page","status-publish","hentry"],"_links":{"self":[{"href":"http:\/\/www.radnotiiskola.hu\/new\/wp-json\/wp\/v2\/pages\/3203","targetHints":{"allow":["GET"]}}],"collection":[{"href":"http:\/\/www.radnotiiskola.hu\/new\/wp-json\/wp\/v2\/pages"}],"about":[{"href":"http:\/\/www.radnotiiskola.hu\/new\/wp-json\/wp\/v2\/types\/page"}],"author":[{"embeddable":true,"href":"http:\/\/www.radnotiiskola.hu\/new\/wp-json\/wp\/v2\/users\/1"}],"replies":[{"embeddable":true,"href":"http:\/\/www.radnotiiskola.hu\/new\/wp-json\/wp\/v2\/comments?post=3203"}],"version-history":[{"count":0,"href":"http:\/\/www.radnotiiskola.hu\/new\/wp-json\/wp\/v2\/pages\/3203\/revisions"}],"wp:attachment":[{"href":"http:\/\/www.radnotiiskola.hu\/new\/wp-json\/wp\/v2\/media?parent=3203"}],"curies":[{"name":"wp","href":"https:\/\/api.w.org\/{rel}","templated":true}]}}