{"id":39,"date":"2018-09-30T09:02:03","date_gmt":"2018-09-30T09:02:03","guid":{"rendered":"http:\/\/www.radnotiiskola.hu\/new\/?page_id=39"},"modified":"2025-07-08T14:17:04","modified_gmt":"2025-07-08T14:17:04","slug":"aktualis-tanev","status":"publish","type":"page","link":"http:\/\/www.radnotiiskola.hu\/new\/aktualis-tanev\/","title":{"rendered":"Aktu\u00e1lis tan\u00e9v"},"content":{"rendered":"<div style=\"font-size: 14px;\">&nbsp;<\/div>\n<p><strong>Esem\u00e9nyek<\/strong><\/p>\n<p><span style=\"font-size: 14px;\"><ul class=\"lcp_catlist\" id=\"lcp_instance_0\"><li><a href=\"http:\/\/www.radnotiiskola.hu\/new\/2025\/12\/08\/mikulas-latogatasa-iskolankban-4\/\">MIKUL\u00c1S L\u00c1TOGAT\u00c1SA ISKOL\u00c1NKBAN<\/a><\/li><li><a href=\"http:\/\/www.radnotiiskola.hu\/new\/2025\/11\/10\/megemlekezes\/\">Megeml\u00e9kez\u00e9s<\/a><\/li><li><a href=\"http:\/\/www.radnotiiskola.hu\/new\/2025\/11\/10\/bunmegelozesi-foglalkozas-az-iskolankban\/\">B\u0171nmegel\u0151z\u00e9si foglalkoz\u00e1s az iskol\u00e1nkban!<\/a><\/li><li><a href=\"http:\/\/www.radnotiiskola.hu\/new\/2025\/10\/17\/zanka-erzsebet-tabor-2\/\">Z\u00e1nka \u2013 Erzs\u00e9bet-t\u00e1bor<\/a><\/li><li><a href=\"http:\/\/www.radnotiiskola.hu\/new\/2025\/10\/16\/bringasuli-a-radnotiban\/\">Bringasuli a Radn\u00f3tiban<\/a><\/li><li><a href=\"http:\/\/www.radnotiiskola.hu\/new\/2025\/10\/10\/megemlekezes-oktober-6\/\">Megeml\u00e9kez\u00e9s &#8211; okt\u00f3ber 6.<\/a><\/li><li><a href=\"http:\/\/www.radnotiiskola.hu\/new\/2025\/10\/03\/nyilt-orak\/\">Ny\u00edlt \u00f3r\u00e1k<\/a><\/li><li><a href=\"http:\/\/www.radnotiiskola.hu\/new\/2025\/09\/04\/ismet-sulivaro\/\">Ism\u00e9t Suliv\u00e1r\u00f3<\/a><\/li><li><a href=\"http:\/\/www.radnotiiskola.hu\/new\/2025\/09\/01\/tanevnyito-2025\/\">Tan\u00e9vnyit\u00f3 2025<\/a><\/li><li><a href=\"http:\/\/www.radnotiiskola.hu\/new\/2025\/07\/10\/gyorujbarati-tabor-2\/\">Gy\u0151r\u00fajbar\u00e1ti t\u00e1bor<\/a><\/li><\/ul><\/span><\/p>\n<hr>\n<p><span style=\"font-size: 12pt;\"><strong><span style=\"font-family: arial, helvetica, sans-serif;\">Felh\u00edv\u00e1sok<\/span><\/strong><\/span><\/p>\n<div style=\"font-size: 14px;\"><ul class=\"lcp_catlist\" id=\"lcp_instance_0\"><li><a href=\"http:\/\/www.radnotiiskola.hu\/new\/2025\/11\/27\/teli-szunidei-etkezes\/\">T\u00e9li sz\u00fcnidei \u00e9tkez\u00e9s<\/a><\/li><li><a href=\"http:\/\/www.radnotiiskola.hu\/new\/2025\/11\/12\/valts-egy-csokit-mosolyra\/\">V\u00e1lts egy csokit mosolyra!<\/a><\/li><li><a href=\"http:\/\/www.radnotiiskola.hu\/new\/2025\/09\/25\/szunidei-etkezessel-kapcsolatos-tudnivalok\/\">Sz\u00fcnidei \u00e9tkez\u00e9ssel kapcsolatos tudnival\u00f3k<\/a><\/li><li><a href=\"http:\/\/www.radnotiiskola.hu\/new\/2025\/09\/10\/felveteli-tajekoztato\/\">Felv\u00e9teli t\u00e1j\u00e9koztat\u00f3<\/a><\/li><li><a href=\"http:\/\/www.radnotiiskola.hu\/new\/2025\/07\/09\/tanevnyito-2\/\">Tan\u00e9vnyit\u00f3<\/a><\/li><li><a href=\"http:\/\/www.radnotiiskola.hu\/new\/2025\/07\/09\/potvizsga-tajekoztato\/\">P\u00f3tvizsga t\u00e1j\u00e9koztat\u00f3<\/a><\/li><li><a href=\"http:\/\/www.radnotiiskola.hu\/new\/2025\/03\/13\/elso-osztalyos-beiratkozas\/\">ELS\u0150 OSZT\u00c1LYOS BEIRATKOZ\u00c1S<\/a><\/li><li><a href=\"http:\/\/www.radnotiiskola.hu\/new\/2025\/02\/24\/belvarosi-sulivaro-60\/\">Belv\u00e1rosi suliv\u00e1r\u00f3<\/a><\/li><li><a href=\"http:\/\/www.radnotiiskola.hu\/new\/2025\/01\/28\/osztaly-szuloi-ertekezlet\/\">Oszt\u00e1ly sz\u00fcl\u0151i \u00e9rtekezlet<\/a><\/li><li><a href=\"http:\/\/www.radnotiiskola.hu\/new\/2024\/11\/21\/kreta-ifm-funkcio\/\">Kr\u00e9ta IFM funkci\u00f3<\/a><\/li><\/ul><\/div>\n<hr>\n<p><span style=\"font-family: arial, helvetica, sans-serif; font-size: 12pt;\"><strong>Eredm\u00e9nyek<\/strong><\/span><\/p>\n<div style=\"font-size: 14px;\"><ul class=\"lcp_catlist\" id=\"lcp_instance_0\"><li><a href=\"http:\/\/www.radnotiiskola.hu\/new\/2025\/10\/03\/a-nyelvek-europai-napja\/\">A Nyelvek Eur\u00f3pai Napja<\/a><\/li><li><a href=\"http:\/\/www.radnotiiskola.hu\/new\/2025\/06\/11\/ev-roplabda-edzoje\/\">\u00c9v R\u00f6plabda Edz\u0151je<\/a><\/li><li><a href=\"http:\/\/www.radnotiiskola.hu\/new\/2025\/05\/07\/radnoti-nap-2025\/\">Radn\u00f3ti nap 2025<\/a><\/li><li><a href=\"http:\/\/www.radnotiiskola.hu\/new\/2025\/04\/27\/digitalis-temahet-2025\/\">Digit\u00e1lis T\u00e9mah\u00e9t 2025<\/a><\/li><li><a href=\"http:\/\/www.radnotiiskola.hu\/new\/2025\/04\/14\/versmondo-verseny\/\">Versmond\u00f3 verseny<\/a><\/li><li><a href=\"http:\/\/www.radnotiiskola.hu\/new\/2025\/04\/14\/tojasmintazo-verseny-2\/\">Toj\u00e1smint\u00e1z\u00f3 verseny<\/a><\/li><li><a href=\"http:\/\/www.radnotiiskola.hu\/new\/2025\/03\/05\/szepkiejtesi-verseny-3\/\">Sz\u00e9pkiejt\u00e9si verseny<\/a><\/li><\/ul><\/div>\n<hr>\n<p><span style=\"font-family: arial, helvetica, sans-serif; font-size: 12pt;\"><strong>D\u00d6K<\/strong><\/span><\/p>\n<div style=\"font-size: 14px;\"><ul class=\"lcp_catlist\" id=\"lcp_instance_0\"><li><a href=\"http:\/\/www.radnotiiskola.hu\/new\/2026\/04\/16\/beiratkozas-szuloi-tajekoztato\/\">Beiratkoz\u00e1s &#8211; sz\u00fcl\u0151i t\u00e1j\u00e9koztat\u00f3<\/a><\/li><li><a href=\"http:\/\/www.radnotiiskola.hu\/new\/2026\/04\/14\/happy-het\/\">Happy &#8211; h\u00e9t<\/a><\/li><li><a href=\"http:\/\/www.radnotiiskola.hu\/new\/2026\/04\/02\/1\/\">Ad\u00f3 1%<\/a><\/li><li><a href=\"http:\/\/www.radnotiiskola.hu\/new\/2026\/04\/02\/intezmenyunk-2026-aprilis-havi-programja\/\">Int\u00e9zm\u00e9ny\u00fcnk 2026. \u00e1prilis havi programja<\/a><\/li><li><a href=\"http:\/\/www.radnotiiskola.hu\/new\/2026\/04\/02\/beiratkozas\/\">Beiratkoz\u00e1s<\/a><\/li><li><a href=\"http:\/\/www.radnotiiskola.hu\/new\/2026\/03\/30\/izgalmas-nap-sopronban\/\">Izgalmas nap Sopronban<\/a><\/li><li><a href=\"http:\/\/www.radnotiiskola.hu\/new\/2026\/03\/20\/a-heten-nalunk-a-viz-volt-a-sztar\/\">A h\u00e9ten n\u00e1lunk a v\u00edz volt a szt\u00e1r!<\/a><\/li><li><a href=\"http:\/\/www.radnotiiskola.hu\/new\/2026\/03\/16\/belvarosi-sulivaro-79\/\">BELV\u00c1ROSI SULIV\u00c1R\u00d3<\/a><\/li><li><a href=\"http:\/\/www.radnotiiskola.hu\/new\/2026\/03\/13\/szunidei-etkezessel-kapcsolatos-tudnivalok-2\/\">Sz\u00fcnidei \u00e9tkez\u00e9ssel kapcsolatos tudnival\u00f3k<\/a><\/li><li><a href=\"http:\/\/www.radnotiiskola.hu\/new\/2026\/03\/10\/belvarosi-sulivaro-78\/\">BELV\u00c1ROSI SULIV\u00c1R\u00d3<\/a><\/li><\/ul><\/div>\n","protected":false},"excerpt":{"rendered":"<p>&nbsp; Esem\u00e9nyek Felh\u00edv\u00e1sok Eredm\u00e9nyek D\u00d6K<\/p>\n","protected":false},"author":1,"featured_media":0,"parent":0,"menu_order":0,"comment_status":"closed","ping_status":"closed","template":"","meta":{"ngg_post_thumbnail":0,"footnotes":""},"class_list":["post-39","page","type-page","status-publish","hentry"],"_links":{"self":[{"href":"http:\/\/www.radnotiiskola.hu\/new\/wp-json\/wp\/v2\/pages\/39","targetHints":{"allow":["GET"]}}],"collection":[{"href":"http:\/\/www.radnotiiskola.hu\/new\/wp-json\/wp\/v2\/pages"}],"about":[{"href":"http:\/\/www.radnotiiskola.hu\/new\/wp-json\/wp\/v2\/types\/page"}],"author":[{"embeddable":true,"href":"http:\/\/www.radnotiiskola.hu\/new\/wp-json\/wp\/v2\/users\/1"}],"replies":[{"embeddable":true,"href":"http:\/\/www.radnotiiskola.hu\/new\/wp-json\/wp\/v2\/comments?post=39"}],"version-history":[{"count":0,"href":"http:\/\/www.radnotiiskola.hu\/new\/wp-json\/wp\/v2\/pages\/39\/revisions"}],"wp:attachment":[{"href":"http:\/\/www.radnotiiskola.hu\/new\/wp-json\/wp\/v2\/media?parent=39"}],"curies":[{"name":"wp","href":"https:\/\/api.w.org\/{rel}","templated":true}]}}