{"id":4085,"date":"2024-10-02T08:13:26","date_gmt":"2024-10-02T08:13:26","guid":{"rendered":"http:\/\/www.radnotiiskola.hu\/new\/?page_id=4085"},"modified":"2024-10-02T08:13:26","modified_gmt":"2024-10-02T08:13:26","slug":"osztalytalalkozo-2024-25","status":"publish","type":"page","link":"http:\/\/www.radnotiiskola.hu\/new\/osztalytalalkozo-2024-25\/","title":{"rendered":"Oszt\u00e1lytal\u00e1lkoz\u00f3 2024\/25"},"content":{"rendered":"\n<p>2024. szeptember 21-\u00e9n tartott 40 \u00e9ves oszt\u00e1lytal\u00e1lkoz\u00f3 k\u00e9pei \u00e9s az oszt\u00e1ly n\u00e9vsora:<\/p>\n<p style=\"text-align: center;\">Bajn\u00f3czky Istv\u00e1n<br>Balogh Csaba<br>Bod\u00f3 L\u00e1szl\u00f3<br>Cs\u00e1szi G\u00e1bor<br>Cseh Ott\u00f3<br>Csizmadia P\u00e9ter<br>Farag\u00f3 Szilvia<br>Folt\u00e1nyi M\u00e1rton<br>Hajczinger Ferenc<br>Haraszti Andor<br>Horv\u00e1th Guszt\u00e1v<br>Jakab Andr\u00e1s<br>J\u00f3zsa P\u00e9ter<br>Kardos K\u00e1roly<br>Ladocsy Judit<br>L\u00e1z\u00e1r Attila<br>Leisztinger Merc\u00e9desz<br>L\u0151rincz Andrea<br>L\u0151rincz G\u00e1bor<br>Marczali Zolt\u00e1n<br>Mikl\u00f3sy P\u00e9ter<br>N\u00e9meth L\u00e1szl\u00f3<br>\u00d3dor Edit<br>Orb\u00e1n Gy\u0151z\u0151<br>Orb\u00e1n Isvt\u00e1n<br>Perger Adrienne<br>Pesztenlehrer Norbert<br>Pincz\u00e9s Istv\u00e1n<br>Prazs\u00e1k Ivett<br>Savany\u00f3 Edina<br>Skult\u00e9ty Zolt\u00e1n<br>Szab\u00f3 Csaba<br>Szab\u00f3 Vikt\u00f3ria<br>Szalay R\u00f3bert<br>Szalontai \u00c1gnes<br>Tak\u00e1cs \u00c1gnes<br>T\u00f3vizi Gabriella<\/p>\n<p><img loading=\"lazy\" decoding=\"async\" class=\"alignnone size-full wp-image-4086\" src=\"http:\/\/www.radnotiiskola.hu\/new\/wp-content\/uploads\/2024\/10\/1000013294-scaled.jpg\" alt=\"\" width=\"2560\" height=\"1920\" srcset=\"http:\/\/www.radnotiiskola.hu\/new\/wp-content\/uploads\/2024\/10\/1000013294-scaled.jpg 2560w, http:\/\/www.radnotiiskola.hu\/new\/wp-content\/uploads\/2024\/10\/1000013294-300x225.jpg 300w, http:\/\/www.radnotiiskola.hu\/new\/wp-content\/uploads\/2024\/10\/1000013294-1024x768.jpg 1024w, http:\/\/www.radnotiiskola.hu\/new\/wp-content\/uploads\/2024\/10\/1000013294-768x576.jpg 768w, http:\/\/www.radnotiiskola.hu\/new\/wp-content\/uploads\/2024\/10\/1000013294-1536x1152.jpg 1536w, http:\/\/www.radnotiiskola.hu\/new\/wp-content\/uploads\/2024\/10\/1000013294-2048x1536.jpg 2048w\" sizes=\"auto, (max-width: 2560px) 100vw, 2560px\" \/><\/p>\n<p><img loading=\"lazy\" decoding=\"async\" class=\"alignnone size-full wp-image-4087\" src=\"http:\/\/www.radnotiiskola.hu\/new\/wp-content\/uploads\/2024\/10\/1000013290-scaled.jpg\" alt=\"\" width=\"2560\" height=\"1476\" srcset=\"http:\/\/www.radnotiiskola.hu\/new\/wp-content\/uploads\/2024\/10\/1000013290-scaled.jpg 2560w, http:\/\/www.radnotiiskola.hu\/new\/wp-content\/uploads\/2024\/10\/1000013290-300x173.jpg 300w, http:\/\/www.radnotiiskola.hu\/new\/wp-content\/uploads\/2024\/10\/1000013290-1024x591.jpg 1024w, http:\/\/www.radnotiiskola.hu\/new\/wp-content\/uploads\/2024\/10\/1000013290-768x443.jpg 768w, http:\/\/www.radnotiiskola.hu\/new\/wp-content\/uploads\/2024\/10\/1000013290-1536x886.jpg 1536w, http:\/\/www.radnotiiskola.hu\/new\/wp-content\/uploads\/2024\/10\/1000013290-2048x1181.jpg 2048w\" sizes=\"auto, (max-width: 2560px) 100vw, 2560px\" \/><\/p>\n<p><img loading=\"lazy\" decoding=\"async\" class=\"alignnone size-full wp-image-4088\" src=\"http:\/\/www.radnotiiskola.hu\/new\/wp-content\/uploads\/2024\/10\/1000013297-scaled.jpg\" alt=\"\" width=\"2560\" height=\"1920\" srcset=\"http:\/\/www.radnotiiskola.hu\/new\/wp-content\/uploads\/2024\/10\/1000013297-scaled.jpg 2560w, http:\/\/www.radnotiiskola.hu\/new\/wp-content\/uploads\/2024\/10\/1000013297-300x225.jpg 300w, http:\/\/www.radnotiiskola.hu\/new\/wp-content\/uploads\/2024\/10\/1000013297-1024x768.jpg 1024w, http:\/\/www.radnotiiskola.hu\/new\/wp-content\/uploads\/2024\/10\/1000013297-768x576.jpg 768w, http:\/\/www.radnotiiskola.hu\/new\/wp-content\/uploads\/2024\/10\/1000013297-1536x1152.jpg 1536w, http:\/\/www.radnotiiskola.hu\/new\/wp-content\/uploads\/2024\/10\/1000013297-2048x1536.jpg 2048w\" sizes=\"auto, (max-width: 2560px) 100vw, 2560px\" \/><\/p>\n<p><img loading=\"lazy\" decoding=\"async\" class=\"alignnone size-full wp-image-4089\" src=\"http:\/\/www.radnotiiskola.hu\/new\/wp-content\/uploads\/2024\/10\/1000013301-scaled.jpg\" alt=\"\" width=\"2560\" height=\"1920\" srcset=\"http:\/\/www.radnotiiskola.hu\/new\/wp-content\/uploads\/2024\/10\/1000013301-scaled.jpg 2560w, http:\/\/www.radnotiiskola.hu\/new\/wp-content\/uploads\/2024\/10\/1000013301-300x225.jpg 300w, http:\/\/www.radnotiiskola.hu\/new\/wp-content\/uploads\/2024\/10\/1000013301-1024x768.jpg 1024w, http:\/\/www.radnotiiskola.hu\/new\/wp-content\/uploads\/2024\/10\/1000013301-768x576.jpg 768w, http:\/\/www.radnotiiskola.hu\/new\/wp-content\/uploads\/2024\/10\/1000013301-1536x1152.jpg 1536w, http:\/\/www.radnotiiskola.hu\/new\/wp-content\/uploads\/2024\/10\/1000013301-2048x1536.jpg 2048w\" sizes=\"auto, (max-width: 2560px) 100vw, 2560px\" \/><\/p>\n<p><img loading=\"lazy\" decoding=\"async\" class=\"alignnone size-full wp-image-4090\" src=\"http:\/\/www.radnotiiskola.hu\/new\/wp-content\/uploads\/2024\/10\/1000013308-scaled.jpg\" alt=\"\" width=\"2560\" height=\"1920\" srcset=\"http:\/\/www.radnotiiskola.hu\/new\/wp-content\/uploads\/2024\/10\/1000013308-scaled.jpg 2560w, http:\/\/www.radnotiiskola.hu\/new\/wp-content\/uploads\/2024\/10\/1000013308-300x225.jpg 300w, http:\/\/www.radnotiiskola.hu\/new\/wp-content\/uploads\/2024\/10\/1000013308-1024x768.jpg 1024w, http:\/\/www.radnotiiskola.hu\/new\/wp-content\/uploads\/2024\/10\/1000013308-768x576.jpg 768w, http:\/\/www.radnotiiskola.hu\/new\/wp-content\/uploads\/2024\/10\/1000013308-1536x1152.jpg 1536w, http:\/\/www.radnotiiskola.hu\/new\/wp-content\/uploads\/2024\/10\/1000013308-2048x1536.jpg 2048w\" sizes=\"auto, (max-width: 2560px) 100vw, 2560px\" \/><\/p>\n<p><img loading=\"lazy\" decoding=\"async\" class=\"alignnone size-full wp-image-4091\" src=\"http:\/\/www.radnotiiskola.hu\/new\/wp-content\/uploads\/2024\/10\/1000013309-scaled.jpg\" alt=\"\" width=\"2560\" height=\"1920\" srcset=\"http:\/\/www.radnotiiskola.hu\/new\/wp-content\/uploads\/2024\/10\/1000013309-scaled.jpg 2560w, http:\/\/www.radnotiiskola.hu\/new\/wp-content\/uploads\/2024\/10\/1000013309-300x225.jpg 300w, http:\/\/www.radnotiiskola.hu\/new\/wp-content\/uploads\/2024\/10\/1000013309-1024x768.jpg 1024w, http:\/\/www.radnotiiskola.hu\/new\/wp-content\/uploads\/2024\/10\/1000013309-768x576.jpg 768w, http:\/\/www.radnotiiskola.hu\/new\/wp-content\/uploads\/2024\/10\/1000013309-1536x1152.jpg 1536w, http:\/\/www.radnotiiskola.hu\/new\/wp-content\/uploads\/2024\/10\/1000013309-2048x1536.jpg 2048w\" sizes=\"auto, (max-width: 2560px) 100vw, 2560px\" \/><\/p>\n","protected":false},"excerpt":{"rendered":"<p>2024. szeptember 21-\u00e9n tartott 40 \u00e9ves oszt\u00e1lytal\u00e1lkoz\u00f3 k\u00e9pei \u00e9s az oszt\u00e1ly n\u00e9vsora: Bajn\u00f3czky Istv\u00e1nBalogh CsabaBod\u00f3 L\u00e1szl\u00f3Cs\u00e1szi G\u00e1borCseh Ott\u00f3Csizmadia P\u00e9terFarag\u00f3 SzilviaFolt\u00e1nyi M\u00e1rtonHajczinger FerencHaraszti AndorHorv\u00e1th Guszt\u00e1vJakab Andr\u00e1sJ\u00f3zsa P\u00e9terKardos K\u00e1rolyLadocsy JuditL\u00e1z\u00e1r AttilaLeisztinger Merc\u00e9deszL\u0151rincz AndreaL\u0151rincz G\u00e1borMarczali Zolt\u00e1nMikl\u00f3sy P\u00e9terN\u00e9meth L\u00e1szl\u00f3\u00d3dor EditOrb\u00e1n Gy\u0151z\u0151Orb\u00e1n Isvt\u00e1nPerger AdriennePesztenlehrer NorbertPincz\u00e9s Istv\u00e1nPrazs\u00e1k IvettSavany\u00f3 EdinaSkult\u00e9ty Zolt\u00e1nSzab\u00f3 CsabaSzab\u00f3 Vikt\u00f3riaSzalay R\u00f3bertSzalontai \u00c1gnesTak\u00e1cs \u00c1gnesT\u00f3vizi Gabriella<\/p>\n","protected":false},"author":4,"featured_media":0,"parent":0,"menu_order":0,"comment_status":"closed","ping_status":"closed","template":"","meta":{"ngg_post_thumbnail":0,"footnotes":""},"class_list":["post-4085","page","type-page","status-publish","hentry"],"_links":{"self":[{"href":"http:\/\/www.radnotiiskola.hu\/new\/wp-json\/wp\/v2\/pages\/4085","targetHints":{"allow":["GET"]}}],"collection":[{"href":"http:\/\/www.radnotiiskola.hu\/new\/wp-json\/wp\/v2\/pages"}],"about":[{"href":"http:\/\/www.radnotiiskola.hu\/new\/wp-json\/wp\/v2\/types\/page"}],"author":[{"embeddable":true,"href":"http:\/\/www.radnotiiskola.hu\/new\/wp-json\/wp\/v2\/users\/4"}],"replies":[{"embeddable":true,"href":"http:\/\/www.radnotiiskola.hu\/new\/wp-json\/wp\/v2\/comments?post=4085"}],"version-history":[{"count":0,"href":"http:\/\/www.radnotiiskola.hu\/new\/wp-json\/wp\/v2\/pages\/4085\/revisions"}],"wp:attachment":[{"href":"http:\/\/www.radnotiiskola.hu\/new\/wp-json\/wp\/v2\/media?parent=4085"}],"curies":[{"name":"wp","href":"https:\/\/api.w.org\/{rel}","templated":true}]}}