{"id":67,"date":"2018-09-30T09:10:01","date_gmt":"2018-09-30T09:10:01","guid":{"rendered":"http:\/\/www.radnotiiskola.hu\/new\/?page_id=67"},"modified":"2018-10-08T04:20:32","modified_gmt":"2018-10-08T04:20:32","slug":"iskolank-nevadoja","status":"publish","type":"page","link":"http:\/\/www.radnotiiskola.hu\/new\/iskolank-nevadoja\/","title":{"rendered":"Iskol\u00e1nk n\u00e9vad\u00f3ja"},"content":{"rendered":"<p style=\"font-weight: 400;\"><strong>Radn\u00f3ti Mikl\u00f3s<\/strong><\/p>\n<p style=\"font-weight: 400;\">k\u00f6lt\u0151, a magyar l\u00edra kiemelked\u0151 k\u00e9pvisel\u0151je<\/p>\n<p style=\"font-weight: 400;\">\n<p style=\"font-weight: 400;\">Radn\u00f3ti Mikl\u00f3s 1909. m\u00e1jus 5-\u00e9n sz\u00fcletett Budapesten. Sz\u00fclet\u00e9se \u00e9desanyja \u00e9s ikertestv\u00e9re \u00e9let\u00e9be <img loading=\"lazy\" decoding=\"async\" class=\"wp-image-250 alignright\" src=\"http:\/\/www.radnotiiskola.hu\/new\/wp-content\/uploads\/2018\/10\/radnoti-209x300.jpg\" alt=\"\" width=\"132\" height=\"189\" srcset=\"http:\/\/www.radnotiiskola.hu\/new\/wp-content\/uploads\/2018\/10\/radnoti-209x300.jpg 209w, http:\/\/www.radnotiiskola.hu\/new\/wp-content\/uploads\/2018\/10\/radnoti.jpg 418w\" sizes=\"auto, (max-width: 132px) 100vw, 132px\" \/>ker\u00fclt.\u00a0\u00c9desapja, Glatter Jakab kereskedelmi utaz\u00f3 volt. A k\u00f6lt\u0151 a budapesti \u00daj-Lip\u00f3t-v\u00e1ros m\u0171velts\u00e9get szeret\u0151 kispolg\u00e1rs\u00e1g\u00e1b\u00f3l indult \u00fatj\u00e1ra. A kor\u00e1n el\u00e1rvult fi\u00fa rokonok seg\u00edts\u00e9g\u00e9vel tanult \u00e9s verselt gyermekkor\u00e1t\u00f3l kezdve.\u00a0Rokons\u00e1ga kereskedelmi vagy ipari p\u00e1ly\u00e1ra sz\u00e1nta.\u00a0\u00c9retts\u00e9gi ut\u00e1n el is k\u00fcldt\u00e9k Csehorsz\u00e1gba textilipart tanulni, de k\u00fclf\u00f6ld\u00f6n is irodalmi \u00e9rdekl\u0151d\u00e9se n\u00f6vekedett, \u00e9s legsz\u00edvesebben irodalmat tan\u00edtott volna.\u00a0Amikor teh\u00e1t haza\u00e9rkezett, beiratkozott a \u201eSzegedi Egyetem\u201d magyar-francia szak\u00e1ra.\u00a0Irodalmi \u00e9let\u00e9re nagyh\u00edr\u0171 professzora S\u00edk S\u00e1ndor, \u00e9s a \u201eSzegedi Fiatalok\u201d gyakorolt nagy hat\u00e1st.\u00a01926 \u0151sz\u00e9n megismerkedett leend\u0151 feles\u00e9g\u00e9vel, Gyarmati Fannival. 1935 augusztus\u00e1ban \u00f6sszeh\u00e1zasodtak.\u00a0Szerelmi h\u00e1zass\u00e1ga meghitt, harmonikus mag\u00e1n\u00e9letet biztos\u00edtott sz\u00e1m\u00e1ra.<\/p>\n<p style=\"font-weight: 400;\">D\u00edjak:<\/p>\n<ul style=\"font-weight: 400;\">\n<li>Baumgartner d\u00edj 1937.<\/li>\n<\/ul>\n<p style=\"font-weight: 400;\">\u00c9let\u00e9ben megjelent k\u00f6tetei:<\/p>\n<ul style=\"font-weight: 400;\">\n<li>Pog\u00e1ny k\u00f6sz\u00f6nt\u0151 (1930)<\/li>\n<li>\u00dajm\u00f3di p\u00e1sztorok \u00e9neke (1931)<\/li>\n<li>L\u00e1badoz\u00f3 sz\u00e9l (1933)<\/li>\n<li>\u00daj hold (1935)<\/li>\n<li>J\u00e1rk\u00e1lj csak, hal\u00e1lra\u00edt\u00e9lt! (1936)<\/li>\n<li>Meredek \u00fat (1938)<\/li>\n<li>Ikrek hava (1940)<\/li>\n<li>V\u00e1logatott versek \/1930-1940\/ (1940)<\/li>\n<li>Napt\u00e1r (1942)<\/li>\n<li>Karunga, a holtak ura \/n\u00e9ger meseford\u00edt\u00e1sok\/ (1944)<\/li>\n<\/ul>\n<p style=\"font-weight: 400;\">Posztumusz k\u00f6tetei:<\/p>\n<ul style=\"font-weight: 400;\">\n<li>Tajt\u00e9kos \u00e9g (1946)<\/li>\n<\/ul>\n<p style=\"font-weight: 400;\">M\u0171ford\u00edt\u00e1sok:<\/p>\n<ul style=\"font-weight: 400;\">\n<li>Apollinaire versek<\/li>\n<\/ul>\n<p style=\"font-weight: 400;\">1944 \u0151sz\u00e9n a Gy\u0151r k\u00f6zeli Abda k\u00f6zs\u00e9g hat\u00e1r\u00e1ban t\u00f6megs\u00edrba l\u0151tt\u00e9k \u0151t \u00e9s t\u00e1rsait. 18 h\u00f3nappal k\u00e9s\u0151bb exhum\u00e1lt\u00e1k,\u00a0\u00e9s akkor tal\u00e1lt\u00e1k meg zubbonya zseb\u00e9ben notesz\u00e9t, benne utols\u00f3 verseivel.<\/p>\n","protected":false},"excerpt":{"rendered":"<p>Radn\u00f3ti Mikl\u00f3s k\u00f6lt\u0151, a magyar l\u00edra kiemelked\u0151 k\u00e9pvisel\u0151je Radn\u00f3ti Mikl\u00f3s 1909. m\u00e1jus 5-\u00e9n sz\u00fcletett Budapesten. Sz\u00fclet\u00e9se \u00e9desanyja \u00e9s ikertestv\u00e9re \u00e9let\u00e9be ker\u00fclt.\u00a0\u00c9desapja, Glatter Jakab kereskedelmi utaz\u00f3 volt. A k\u00f6lt\u0151 a budapesti \u00daj-Lip\u00f3t-v\u00e1ros m\u0171velts\u00e9get szeret\u0151 kispolg\u00e1rs\u00e1g\u00e1b\u00f3l indult \u00fatj\u00e1ra. A kor\u00e1n el\u00e1rvult fi\u00fa rokonok seg\u00edts\u00e9g\u00e9vel tanult \u00e9s verselt gyermekkor\u00e1t\u00f3l kezdve.\u00a0Rokons\u00e1ga kereskedelmi vagy ipari p\u00e1ly\u00e1ra sz\u00e1nta.\u00a0\u00c9retts\u00e9gi ut\u00e1n el is [&hellip;]<\/p>\n","protected":false},"author":1,"featured_media":0,"parent":0,"menu_order":0,"comment_status":"closed","ping_status":"closed","template":"","meta":{"ngg_post_thumbnail":0,"footnotes":""},"class_list":["post-67","page","type-page","status-publish","hentry"],"_links":{"self":[{"href":"http:\/\/www.radnotiiskola.hu\/new\/wp-json\/wp\/v2\/pages\/67","targetHints":{"allow":["GET"]}}],"collection":[{"href":"http:\/\/www.radnotiiskola.hu\/new\/wp-json\/wp\/v2\/pages"}],"about":[{"href":"http:\/\/www.radnotiiskola.hu\/new\/wp-json\/wp\/v2\/types\/page"}],"author":[{"embeddable":true,"href":"http:\/\/www.radnotiiskola.hu\/new\/wp-json\/wp\/v2\/users\/1"}],"replies":[{"embeddable":true,"href":"http:\/\/www.radnotiiskola.hu\/new\/wp-json\/wp\/v2\/comments?post=67"}],"version-history":[{"count":0,"href":"http:\/\/www.radnotiiskola.hu\/new\/wp-json\/wp\/v2\/pages\/67\/revisions"}],"wp:attachment":[{"href":"http:\/\/www.radnotiiskola.hu\/new\/wp-json\/wp\/v2\/media?parent=67"}],"curies":[{"name":"wp","href":"https:\/\/api.w.org\/{rel}","templated":true}]}}