{"id":7,"date":"2018-09-30T08:54:40","date_gmt":"2018-09-30T08:54:40","guid":{"rendered":"http:\/\/www.radnotiiskola.hu\/new\/?page_id=7"},"modified":"2025-09-04T08:34:12","modified_gmt":"2025-09-04T08:34:12","slug":"elerhetoseg","status":"publish","type":"page","link":"http:\/\/www.radnotiiskola.hu\/new\/elerhetoseg\/","title":{"rendered":"El\u00e9rhet\u0151s\u00e9g"},"content":{"rendered":"<p>Az int\u00e9zm\u00e9ny nyitvatart\u00e1si ideje: <strong>6:00- 19:00 <\/strong>(Iskolai rendezv\u00e9nyek eset\u00e9n 20:00.)&nbsp;<br>\u00dcgyelet: <strong>7:00- 18:00<\/strong>-ig.&nbsp;<\/p>\n<table  class=\" table table-hover\" style=\"width: 99.3103%; height: 409px;\" border=\"0\">\n<tbody>\n<tr style=\"height: 24px;\">\n<td style=\"width: 152px; height: 24px;\" align=\"left\" valign=\"middle\"><strong>C\u00edm:<\/strong><\/td>\n<td style=\"width: 276px; height: 24px;\" align=\"left\" valign=\"middle\"><strong>9021 Gy\u0151r, Nagy Jen\u0151 \u00fat 2.<\/strong><\/td>\n<\/tr>\n<tr style=\"height: 24px;\">\n<td style=\"width: 152px; height: 24px;\"><strong>Igazgat\u00f3:<\/strong><\/td>\n<td style=\"width: 276px; height: 24px;\"><strong>Balatoni L\u00edvia<\/strong><\/td>\n<\/tr>\n<tr style=\"height: 24px;\">\n<td style=\"width: 152px; height: 24px;\"><strong>Telefon:<\/strong><\/td>\n<td style=\"width: 276px; height: 24px;\"><strong>06-20\/402-3832<\/strong><\/td>\n<\/tr>\n<tr style=\"height: 24px;\">\n<td style=\"width: 152px; height: 24px;\"><strong>E-mail:<\/strong><\/td>\n<td style=\"width: 276px; height: 24px;\"><strong>igazgato@radnotiiskola.hu<\/strong><\/td>\n<\/tr>\n<tr style=\"height: 24px;\">\n<td style=\"width: 152px; height: 24px;\">&nbsp;<\/td>\n<td style=\"width: 276px; height: 24px;\">&nbsp;<\/td>\n<\/tr>\n<tr style=\"height: 24px;\">\n<td style=\"width: 152px; height: 24px;\"><strong>Igazgat\u00f3helyettes:<\/strong><\/td>\n<td style=\"width: 276px; height: 24px;\"><strong>Juh\u00e1szn\u00e9 Csordos T\u00fcnde<\/strong><\/td>\n<\/tr>\n<tr style=\"height: 24px;\">\n<td style=\"width: 152px; height: 24px;\"><strong>E-mail:<\/strong><\/td>\n<td style=\"width: 276px; height: 24px;\"><strong>igazghely@radnotiiskola.hu<\/strong><\/td>\n<\/tr>\n<tr style=\"height: 13px;\">\n<td style=\"width: 152px; height: 13px;\">&nbsp;<\/td>\n<td style=\"width: 276px; height: 13px;\">&nbsp;<\/td>\n<\/tr>\n<tr style=\"height: 24px;\">\n<td style=\"width: 152px; height: 24px;\"><strong>Iskolatitk\u00e1r<\/strong><\/td>\n<td style=\"width: 276px; height: 24px;\"><strong>Simon Edit<\/strong><\/td>\n<\/tr>\n<tr style=\"height: 24px;\">\n<td style=\"width: 152px; height: 24px;\"><strong>E-mail:<\/strong><\/td>\n<td style=\"width: 276px; height: 24px;\"><strong>gazdasag@radnotiiskola.hu<\/strong><\/td>\n<\/tr>\n<tr style=\"height: 24px;\">\n<td style=\"width: 152px; height: 24px;\"><strong>Telefon<\/strong><\/td>\n<td style=\"width: 276px; height: 24px;\"><strong>96\/ 529 990<\/strong><\/td>\n<\/tr>\n<tr style=\"height: 24px;\">\n<td style=\"width: 152px; height: 24px;\"><strong>Fax<\/strong><\/td>\n<td style=\"width: 276px; height: 24px;\"><strong>96\/ 322 312<\/strong><\/td>\n<\/tr>\n<tr style=\"height: 24px;\">\n<td style=\"width: 152px; height: 24px;\">&nbsp;<\/td>\n<td style=\"width: 276px; height: 24px;\">&nbsp;<\/td>\n<\/tr>\n<tr style=\"height: 24px;\">\n<td style=\"width: 152px; height: 24px;\"><strong>Facebook:<\/strong><\/td>\n<td style=\"width: 276px; height: 24px;\"><strong><a href=\"http:\/\/www.facebook.com\/Radnoti.Iskola?ref=hl\" target=\"_blank\" rel=\"noopener noreferrer\">katt ide<\/a><\/strong><\/td>\n<\/tr>\n<tr style=\"height: 24px;\">\n<td style=\"width: 152px; height: 24px;\"><strong>Youtube:<\/strong><\/td>\n<td style=\"width: 276px; height: 24px;\"><strong><a href=\"http:\/\/www.youtube.com\/channel\/UCqpB0J29EiZADuH8k16NlQg?feature=watch\" target=\"_blank\" rel=\"noopener noreferrer\">katt ide<\/a><\/strong><\/td>\n<\/tr>\n<tr style=\"height: 60px;\">\n<td style=\"width: 434px; height: 60px;\" colspan=\"2\">\n<p><strong>&nbsp;<\/strong><strong><a href=\"http:\/\/maps.google.hu\/maps?f=q&amp;source=embed&amp;hl=hu&amp;geocode=&amp;q=Gy%C5%91r,+Nagy+Jen%C5%91+u.+2&amp;aq=&amp;sll=47.68228,17.62973&amp;sspn=0.009751,0.022724&amp;ie=UTF8&amp;hq=&amp;hnear=9021+Gy%C5%91r,+Nagy+Jen%C5%91+utca+2&amp;ll=47.682278,17.629731&amp;spn=0.009751,0.022724&amp;t=m&amp;z=14\" target=\"_blank\" rel=\"noopener noreferrer\">Interakt\u00edv t\u00e9rk\u00e9p megnyit\u00e1sa<\/a><\/strong><\/p>\n<\/td>\n<\/tr>\n<\/tbody>\n<\/table>\n\n\n<table  class=\" table table-hover\" style=\"border-collapse: collapse; width: 100%; height: 113px;\">\n<tbody>\n<tr style=\"height: 44px;\">\n<td style=\"width: 50%; height: 44px;\"><strong>Igazgat\u00f3helyettes (feln\u0151ttoktat\u00e1s \u2013 Gyepsz\u00e9l \u00fati Telephely):<\/strong><\/td>\n<td style=\"width: 50%; height: 44px;\"><strong>Nagyn\u00e9 \u00c1brah\u00e1m Marianna<\/strong><\/td>\n<\/tr>\n<tr style=\"height: 23px;\">\n<td style=\"width: 50%; height: 23px;\"><strong>E- mail:<\/strong><\/td>\n<td style=\"width: 50%; height: 23px;\"><strong>radnoti.felnottoktatas@gmail.com<\/strong><\/td>\n<\/tr>\n<tr style=\"height: 23px;\">\n<td style=\"width: 50%; height: 23px;\"><strong>Telefon:<\/strong><\/td>\n<td style=\"width: 50%; height: 23px;\"><strong>96\/427 636 (keddi napokon)<\/strong><\/td>\n<\/tr>\n<tr style=\"height: 23px;\">\n<td style=\"width: 50%; height: 23px;\">&nbsp;<\/td>\n<td style=\"width: 50%; height: 23px;\"><strong>20\/2414322<\/strong><\/td>\n<\/tr>\n<\/tbody>\n<\/table>\n<p>&nbsp;<\/p>\n<p>&nbsp;<\/p>\n<p>&nbsp;<\/p>\n<p><br><br><br><\/p>\n","protected":false},"excerpt":{"rendered":"<p>Az int\u00e9zm\u00e9ny nyitvatart\u00e1si ideje: 6:00- 19:00 (Iskolai rendezv\u00e9nyek eset\u00e9n 20:00.)&nbsp;\u00dcgyelet: 7:00- 18:00-ig.&nbsp; C\u00edm: 9021 Gy\u0151r, Nagy Jen\u0151 \u00fat 2. Igazgat\u00f3: Balatoni L\u00edvia Telefon: 06-20\/402-3832 E-mail: igazgato@radnotiiskola.hu &nbsp; &nbsp; Igazgat\u00f3helyettes: Juh\u00e1szn\u00e9 Csordos T\u00fcnde E-mail: igazghely@radnotiiskola.hu &nbsp; &nbsp; Iskolatitk\u00e1r Simon Edit E-mail: gazdasag@radnotiiskola.hu Telefon 96\/ 529 990 Fax 96\/ 322 312 &nbsp; &nbsp; Facebook: katt ide Youtube: [&hellip;]<\/p>\n","protected":false},"author":1,"featured_media":0,"parent":0,"menu_order":0,"comment_status":"closed","ping_status":"closed","template":"","meta":{"ngg_post_thumbnail":0,"footnotes":""},"class_list":["post-7","page","type-page","status-publish","hentry"],"_links":{"self":[{"href":"http:\/\/www.radnotiiskola.hu\/new\/wp-json\/wp\/v2\/pages\/7","targetHints":{"allow":["GET"]}}],"collection":[{"href":"http:\/\/www.radnotiiskola.hu\/new\/wp-json\/wp\/v2\/pages"}],"about":[{"href":"http:\/\/www.radnotiiskola.hu\/new\/wp-json\/wp\/v2\/types\/page"}],"author":[{"embeddable":true,"href":"http:\/\/www.radnotiiskola.hu\/new\/wp-json\/wp\/v2\/users\/1"}],"replies":[{"embeddable":true,"href":"http:\/\/www.radnotiiskola.hu\/new\/wp-json\/wp\/v2\/comments?post=7"}],"version-history":[{"count":0,"href":"http:\/\/www.radnotiiskola.hu\/new\/wp-json\/wp\/v2\/pages\/7\/revisions"}],"wp:attachment":[{"href":"http:\/\/www.radnotiiskola.hu\/new\/wp-json\/wp\/v2\/media?parent=7"}],"curies":[{"name":"wp","href":"https:\/\/api.w.org\/{rel}","templated":true}]}}