{"id":77,"date":"2018-09-30T09:11:00","date_gmt":"2018-09-30T09:11:00","guid":{"rendered":"http:\/\/www.radnotiiskola.hu\/new\/?page_id=77"},"modified":"2023-02-28T18:19:39","modified_gmt":"2023-02-28T18:19:39","slug":"tortenet","status":"publish","type":"page","link":"http:\/\/www.radnotiiskola.hu\/new\/tortenet\/","title":{"rendered":"T\u00f6rt\u00e9net"},"content":{"rendered":"<p><span style=\"font-family: arial, helvetica, sans-serif;\"><a href=\"http:\/\/www.radnotiiskola.hu\/new\/tortenet\/\">Iskol\u00e1nk t\u00f6rt\u00e9nete<\/a> | <a href=\"http:\/\/www.radnotiiskola.hu\/new\/igazgatok-2\/\">Igazgat\u00f3k<\/a> | <a href=\"http:\/\/www.radnotiiskola.hu\/new\/iskolank-tanarai-voltak\/\">Tan\u00e1rok<\/a> | <a href=\"http:\/\/www.radnotiiskola.hu\/new\/szabalyzatok\/eddigi_osztalyok.pdf\" target=\"_blank\" rel=\"noopener noreferrer\">Oszt\u00e1lyok ann\u00f3<\/a><\/span><\/p>\n<p><a href=\"https:\/\/drive.google.com\/drive\/folders\/1ZLpMsiIcmQfbHW1daBowmXyLBqfZlX-2?usp=share_link\"><span style=\"font-size: 18pt;\"><strong><span style=\"font-family: arial, helvetica, sans-serif;\">Iskol\u00e1nk t\u00f6rt\u00e9nete<\/span><\/strong><\/span><\/a><\/p>\n<p><span style=\"font-family: arial, helvetica, sans-serif;\">A m\u00falt megismer\u00e9se rendk\u00edv\u00fcl fontos egy int\u00e9zm\u00e9ny \u00e9let\u00e9ben. Az elm\u00falt \u00e9vtizedek t\u00f6rt\u00e9nete gazdag\u00edtja a jelent, de \u201ea m\u00falt a j\u00f6vend\u0151nek \u201et\u00fck\u00f6re\u201d is valljuk \u00e9s hissz\u00fck Kossuthtal egy\u00fctt.<\/span><\/p>\n<p><span style=\"font-family: arial, helvetica, sans-serif;\">A t\u00f6rt\u00e9nelem mag\u00e1val hozza tanuls\u00e1gait. \u00cdgy van ez iskol\u00e1nk \u00e9let\u00e9ben is. Az elm\u00falt 100 \u00e9v k\u00f6telez benn\u00fcnket arra is, hogy visszatekints\u00fcnk az int\u00e9zm\u00e9ny\u00fcnk alakul\u00e1s\u00e1ra, munk\u00e1ss\u00e1g\u00e1ra, fennmarad\u00e1s\u00e1nak \u00e9s fejl\u0151d\u00e9s\u00e9nek \u00e9veire.<\/span><\/p>\n<p><span style=\"font-family: arial, helvetica, sans-serif;\"><strong>A Radn\u00f3ti Mikl\u00f3s \u00c1ltal\u00e1nos Iskola<\/strong><\/span><\/p>\n<p><span style=\"font-family: arial, helvetica, sans-serif;\">Az int\u00e9zm\u00e9ny alakul\u00e1sa \u00f6sszef\u00fcgg az 1868. \u00e9vi n\u00e9poktat\u00e1si t\u00f6rv\u00e9ny \u00e1ltal megszabott alapeszm\u00e9vel, k\u00e9s\u0151bbi fejl\u0151d\u00e9se, \u00e1talakul\u00e1sa, m\u0171k\u00f6d\u00e9se az adott t\u00f6rt\u00e9nelmi kor \u00e1ltal szab\u00e1lyozott iskolaszervezet t\u00f6bbrendbeli v\u00e1ltoz\u00e1s\u00e1val.<\/span><\/p>\n<p><span style=\"font-family: arial, helvetica, sans-serif;\">&nbsp;<strong>Jogel\u0151dje<\/strong><\/span><\/p>\n<p><span style=\"font-family: arial, helvetica, sans-serif;\">A gy\u0151ri Radn\u00f3ti Mikl\u00f3s \u00c1ltal\u00e1nos Iskolajogel\u0151dje az I. sz. Polg\u00e1ri Fi\u00faiskola, amely az 1868. \u00e9vi XXXVIII. t\u00f6rv\u00e9nycikk alapj\u00e1n j\u00f6tt l\u00e9tre. Fel\u00e1ll\u00edt\u00e1s\u00e1t r\u00e9szben az eml\u00edtett 1868-as t\u00f6rv\u00e9ny, m\u00e1sr\u00e9szt a helyi ig\u00e9nyek indokolt\u00e1k. A polg\u00e1rosod\u00f3 Gy\u0151r ig\u00e9ny\u00e9r\u0151l, az iskola fel\u00e1ll\u00edt\u00e1s\u00e1nak sz\u00fcks\u00e9gess\u00e9g\u00e9r\u0151l els\u0151k\u00e9nt Gy\u0151r Szabad Kir\u00e1lyi V\u00e1ros 1900. szeptember 24-\u00e9n tartott k\u00f6zgy\u0171l\u00e9s\u00e9nek 251\/1900. sz\u00e1m\u00fa jegyz\u0151k\u00f6nyv\u00e9ben olvashatunk:<\/span><\/p>\n<p><span style=\"font-family: arial, helvetica, sans-serif;\">\u201eAz alisp\u00e1n, hivatkozva az 1868. \u00e9vi XXXVIII. t\u00f6rv\u00e9nycikkre a kir\u00e1lyi tanfel\u00fcgyel\u0151 hat\u00e1rozati javaslat\u00e1nak mell\u0151z\u00e9s\u00e9vel-ami nemleges \u2013 felh\u00edvja Gy\u0151r V\u00e1ros Tan\u00e1cs\u00e1t, hogy polg\u00e1ri fi\u00faiskola fel\u00e1ll\u00edt\u00e1sa ir\u00e1nt az el\u0151terjeszt\u00e9seket tegye meg,<\/span><\/p>\n<ul>\n<li><span style=\"font-family: arial, helvetica, sans-serif;\">mivel Gy\u0151r v\u00e1ros\u00e1nak 5000-n\u00e9l t\u00f6bb lakosa van<\/span><\/li>\n<li><span style=\"font-family: arial, helvetica, sans-serif;\">az \u00c1llami F\u0151re\u00e1l Iskol\u00e1ba \u00e9s a Benc\u00e9srend F\u0151gimn\u00e1ziumba oly nagy sz\u00e1mmal iratkoznak be tanul\u00f3k, hogy a t\u00falzs\u00fafolts\u00e1g miatt p\u00e1rhuzamos oszt\u00e1lyok fel\u00e1ll\u00edt\u00e1sa lenne sz\u00fcks\u00e9ges\u201d<\/span><\/li>\n<\/ul>\n<p><span style=\"font-family: arial, helvetica, sans-serif;\"><img loading=\"lazy\" decoding=\"async\" class=\"alignright\" src=\"http:\/\/www.radnotiiskola.hu\/web\/images\/stories\/2012\/iskola_regen.jpg\" alt=\"iskola regen\" width=\"322\" height=\"219\">A vall\u00e1s \u00e9s k\u00f6zoktat\u00e1si miniszter 21253\/1901. sz\u00e1m\u00fa leirat\u00e1ban a v\u00e1rmegyei tanfel\u00fcgyel\u0151 fellebbez\u00e9se ellen\u00e9re elrendelte az iskola fel\u00e1ll\u00edt\u00e1s\u00e1t. A v\u00e1ros t\u00f6rv\u00e9nyhat\u00f3s\u00e1gi bizotts\u00e1ga 1903. \u00e1prilis 28.-\u00e1n tartott gy\u0171l\u00e9s\u00e9n mondotta ki a k\u00f6zs\u00e9gi polg\u00e1ri fi\u00faiskola fel\u00e1ll\u00edt\u00e1s\u00e1t. A v\u00e1ros t\u00f6rv\u00e9nyhat\u00f3s\u00e1gi bizotts\u00e1ga 144\/1903. jegyz\u0151k\u00f6nyve int\u00e9zkedik az iskola beindul\u00e1s\u00e1r\u00f3l oly m\u00f3don, hogy az 1903\/04. tan\u00e9vben k\u00e9t els\u0151 \u00e9s egy m\u00e1sodik oszt\u00e1ly kezdje meg m\u0171k\u00f6d\u00e9s\u00e9t, majd fokozatosan \u00e9p\u00edts\u00e9k ki a p\u00e1rhuzamos oszt\u00e1lyokat.<\/span><\/p>\n<p><span style=\"font-family: arial, helvetica, sans-serif;\">Az iskola ideiglenesen az 1903 \/04. tan\u00e9vben 134 tanul\u00f3val a r\u00e9gi v\u00e1rosh\u00e1za \u00e9p\u00fclet\u00e9ben ( R\u00e1k\u00f3czi u. ) nyert elhelyez\u00e9st. Felszerel\u00e9s\u00fcl az \u201eiparostanonc-iskola\u201d b\u00fatorzat\u00e1t kapta, kev\u00e9s \u00faj taneszk\u00f6zzel kieg\u00e9sz\u00edtve. \u201e T\u00e9li torn\u00e1szatra \u201d a v\u00e1rosi kereskedelmi iskola tornaterm\u00e9t vett\u00e9k ig\u00e9nybe. Az iskola Gy\u0151r v\u00e1ros\u00e1ban r\u00f6videsen elnyerte a n\u00e9pszer\u0171s\u00e9g\u00e9t \u00e9s mind t\u00f6bb tanul\u00f3 k\u00edv\u00e1nt ezen iskolat\u00edpusban tov\u00e1bbtanulni \u2013 nagyon sokan vid\u00e9kr\u0151l j\u00e1rtak be.<\/span><\/p>\n<p><span style=\"font-family: arial, helvetica, sans-serif;\">Az 1905\/06. tan\u00e9vben m\u00e1r 4 \u00e9vfolyamban \u00e9p\u00fclt ki, az iskol\u00e1nak 7 oszt\u00e1lya volt234 tanul\u00f3val. Az iskola ekkor k\u00e9t helyen m\u0171k\u00f6d\u00f6tt: a r\u00e9gi v\u00e1rosh\u00e1za \u00e9p\u00fclet\u00e9ben, valamint mellette a R\u00e1k\u00f3czy Ferenc utca 37. sz\u00e1m alatti b\u00e9relt helyis\u00e9gben.<\/span><\/p>\n<p><span style=\"font-family: arial, helvetica, sans-serif;\"><strong>A gy\u0151ri I. sz\u00e1m\u00fa Polg\u00e1ri Fi\u00faiskola<\/strong><\/span><\/p>\n<p><span style=\"font-family: arial, helvetica, sans-serif;\"><img loading=\"lazy\" decoding=\"async\" class=\"alignright\" src=\"http:\/\/www.radnotiiskola.hu\/web\/images\/stories\/2012\/elso_vegzok.jpg\" alt=\"elso vegzok\" width=\"403\" height=\"525\">\u201eSok huzavona ut\u00e1n a v\u00e1rosi k\u00f6zgy\u0171l\u00e9s 1904. szeptember 22. \u2013\u00e9n elhat\u00e1rozta \u00faj \u00e9p\u00fclet emel\u00e9s\u00e9t a Kereskedelmi \u00e9s Iparkamara melletti telken a Kautz Guszt\u00e1v utc\u00e1ban (ma Nagy Jen\u0151 utca). Az iskola fel\u00e9p\u00edt\u00e9s\u00e9vel Weil Rezs\u0151 \u00e9s Szil\u00e1rd Lajos budapesti v\u00e1llalkoz\u00f3kat b\u00edzt\u00e1k meg. 1907-ben az \u00e1llam, mint fenntart\u00f3 \u00e1tvette az iskol\u00e1t. Ezut\u00e1n \u00c1llami Polg\u00e1ri Fi\u00faiskola n\u00e9ven m\u0171k\u00f6d\u00f6tt tov\u00e1bb. Az \u00e9p\u00fclet 1908 m\u00e1rcius\u00e1ban k\u00e9sz\u00fclt el, ekkor t\u00f6rt\u00e9nt az \u00e1tk\u00f6lt\u00f6z\u00e9s a R\u00e1k\u00f3czi Ferenc utc\u00e1b\u00f3l. Az \u00e9p\u00fcletben 7 tanterem, k\u00f6nyvt\u00e1r, igazgat\u00f3i \u00e9s hivatalseg\u00e9di lak\u00e1s kapott helyet.<\/span><\/p>\n<p><span style=\"font-family: arial, helvetica, sans-serif;\">&nbsp;<strong>Az els\u0151 gy\u0151ri munk\u00e1sgimn\u00e1zium<\/strong><\/span><\/p>\n<p><span style=\"font-family: arial, helvetica, sans-serif;\">Az Ur\u00e1nia egyes\u00fclet eln\u00f6ks\u00e9ge 1907 nyar\u00e1n eljuttatta a gy\u0151ri polg\u00e1rmesterhez a munk\u00e1sgimn\u00e1ziumok l\u00e9tes\u00edt\u00e9s\u00e9re vonatkoz\u00f3 k\u00f6rlevel\u00e9t. Az egyes\u00fclet a v\u00e1rost\u00f3l a k\u00f6vetkez\u0151 v\u00e1laszlevelet kapta: \u201e A munk\u00e1sel\u0151ad\u00e1sok rendez\u00e9se t\u00e1rgy\u00e1ban kelt megkeres\u00e9sre ez id\u0151 szerint \u00e9rdemlegesen nem&nbsp; v\u00e1laszolhatunk, mert kell\u0151 helyis\u00e9ggel nem rendelkez\u00fcnk. 1908. febru\u00e1r hav\u00e1ban azonban, felt\u00e9ve, hogy anyagi er\u0151nk az el\u0151ad\u00e1sok megrendez\u00e9s\u00e9t megengedi, e t\u00e1rgyban \u00e9rintkez\u00e9sbe fogunk l\u00e9pni.\u201d<\/span><\/p>\n<p><span style=\"font-family: arial, helvetica, sans-serif;\">Az akta negyed\u00e9vn\u00e9l tov\u00e1bb hevert egy \u00edr\u00f3asztal fi\u00f3kj\u00e1ban, s ezut\u00e1n vezette r\u00e1 a sz\u00e1mvev\u0151s\u00e9g: \u201eA k\u00e9rd\u00e9ses \u00fcgy nem b\u00edr fedezettel, egyel\u0151re iratt\u00e1rba helyezend\u0151\u201d<\/span><\/p>\n<p><span style=\"font-family: arial, helvetica, sans-serif;\">1908 \u0151sz\u00e9n \u00fajabb \u00e9rdekl\u0151d\u0151 lev\u00e9l \u00e9rkezett a polg\u00e1rmesteri hivatalba az Ur\u00e1nia Egyes\u00fclet titk\u00e1rs\u00e1g\u00e1t\u00f3l. Az \u00e9rdemi elint\u00e9z\u00e9s ism\u00e9t elmaradt. Tov\u00e1bbi egy esztend\u0151 elm\u00falt\u00e1val a Kautz Guszt\u00e1v (ma Nagy Jen\u0151 utca) utcai \u00c1llami Polg\u00e1ri Fi\u00faiskola tan\u00e1ri kara hat\u00e1rozta el \u00f6ntev\u00e9kenyen, hogy 1909. okt\u00f3ber k\u00f6zep\u00e9n megnyitja falai k\u00f6zt az els\u0151 gy\u0151ri munk\u00e1sgimn\u00e1ziumot. A beiratkoz\u00e1sra sz\u00f3l\u00edt\u00f3 plak\u00e1tok megjelentek a v\u00e1ros utc\u00e1in hirdetve, hogy a tan\u00edt\u00e1s d\u00edjtalan \u00e9s felv\u00e9telre azok a munk\u00e1sok jelentkezhetnek, akik elv\u00e9gezt\u00e9k az elemi n\u00e9piskola negyedik oszt\u00e1ly\u00e1t, vagy ennek hi\u00e1ny\u00e1ban legal\u00e1bb \u00edrni, olvasni tudnak. Ily m\u00f3don adott lehet\u0151s\u00e9get az iskola, hogy a polg\u00e1ri iskola n\u00e9gy oszt\u00e1ly\u00e1nak ismeretanyag\u00e1t elsaj\u00e1t\u00edthass\u00e1k azok is, akiknek kedvez\u0151tlen k\u00f6r\u00fclm\u00e9nyeik folyt\u00e1n erre el\u0151bb nem volt lehet\u0151s\u00e9g\u00fck.<\/span><\/p>\n<p><span style=\"font-family: arial, helvetica, sans-serif;\">Az iskola fenntart\u00e1s\u00e1hoz m\u00e9g a legszer\u00e9nyebb felt\u00e9telek mellett is anyagi seg\u00edts\u00e9gre volt sz\u00fcks\u00e9ge a tantest\u00fcletnek. N\u00e1nai Andr\u00e1s igazgat\u00f3 ez\u00e9rt&nbsp; r\u00f6gt\u00f6n a megnyit\u00e1s ut\u00e1n k\u00e9relemmel fordult Gy\u0151r v\u00e1ros tan\u00e1cs\u00e1hoz az \u00e1lland\u00f3 t\u00e1mogat\u00e1s kieszk\u00f6z\u00f6l\u00e9s\u00e9re. Az \u00e1llam \u00e1tengedte ugyan e c\u00e9lra az iskola\u00e9p\u00fclet\u00e9t, de a szem\u00e9lyi \u00e9s dologi kiad\u00e1sok nagyobb r\u00e9sz\u00e9r\u0151l az \u00e9rdekelt hat\u00f3s\u00e1gok seg\u00e9lyei r\u00e9v\u00e9n kellett gondoskodni. A sz\u00e1m\u00edt\u00e1sok szerint 2500 koron\u00e1t kellett el\u0151teremteni a tan\u00e1rok d\u00edjaz\u00e1s\u00e1ra, a termek f\u0171t\u00e9s\u00e9re, vil\u00e1g\u00edt\u00e1sra, takar\u00edt\u00e1sra.<\/span><\/p>\n<p><span style=\"font-family: arial, helvetica, sans-serif;\">A tan\u00e1cs a gy\u0151ri gy\u00e1rv\u00e1llalatok \u00e9s a helyi Kereskedelmi \u00e9s Iparkamara k\u00f6lts\u00e9gv\u00e1llal\u00e1s\u00e1t k\u00e9rte. A kamara semmivel sem j\u00e1rult a kiad\u00e1shoz, a megk\u00e9rdezett 27 iparv\u00e1llalat k\u00f6z\u00fcl pedig ketten tettek felaj\u00e1nl\u00e1st a gy\u0151ri Vagon- \u00e9s g\u00e9pgy\u00e1r \u00e9vi 25, a Schmidt-f\u00e9le Cukorgy\u00e1r pedig 10 koron\u00e1t szavazott meg.<\/span><\/p>\n<p><span style=\"font-family: arial, helvetica, sans-serif;\">Ilyen el\u0151zm\u00e9nyek ut\u00e1n a v\u00e1rosi tan\u00e1cs az iskola \u00e1ltal k\u00e9rt 500 koron\u00e1s \u00e9vi \u00e1lland\u00f3 seg\u00e9ly helyett csak 150 koron\u00e1t utalt ki. Ennek foly\u00f3s\u00edt\u00e1s\u00e1\u00e9rt is esetenk\u00e9nt kellett k\u00f6ny\u00f6r\u00f6gni az int\u00e9zetnek. A tantest\u00fclet a s\u00falyos p\u00e9nz\u00fcgyi gondok, majd a h\u00e1bor\u00fa okozta neh\u00e9zs\u00e9gek ellen\u00e9re is folytatta munk\u00e1j\u00e1t 1918-ig, az Ur\u00e1nia Egyes\u00fclet mott\u00f3j\u00e1t maguk\u00e9v\u00e1 t\u00e9ve:<\/span><\/p>\n<p><span style=\"font-family: arial, helvetica, sans-serif;\">\u201eSemmi sem k\u00edv\u00e1natosabb, mint a tan\u00e1rel\u0151ad\u00e1sok el\u00e9 kit\u0171zni azt a nemes c\u00e9lt, hogy a munk\u00e1soszt\u00e1ly \u00e9rtelmi \u00e9s erk\u00f6lcsi sz\u00ednvonal\u00e1nak emel\u00e9s\u00e9t szolg\u00e1lj\u00e1k.\u201d<\/span><\/p>\n<p><span style=\"font-family: arial, helvetica, sans-serif;\">&nbsp;<strong>A sz\u00e1zad eleje<\/strong><\/span><\/p>\n<p><span style=\"font-family: arial, helvetica, sans-serif;\">Az 1909\/10. tan\u00e9vben 323-ra n\u00f6vekedett a tanul\u00f3k sz\u00e1ma.<\/span><\/p>\n<p><span style=\"font-family: arial, helvetica, sans-serif;\">A korabeli feljegyz\u00e9sek szerint az \u00e9p\u00fclet k\u00e9t \u00e9vvel a fel\u00e9p\u00edt\u00e9se ut\u00e1n m\u00e1r sz\u0171knek bizonyult. Ez\u00e9rt kellett k\u00e9rni ,hogy az iskola ,mellett elter\u00fcl\u0151 telek- az \u00c1rp\u00e1d \u00fat \u00e9s a Munk\u00e1csy \u00fat sarka- a v\u00e1rost\u00f3l \u201emegv\u00e9tess\u00e9k\u201d, ez\u00e1ltal az \u00e9p\u00fclet b\u0151v\u00edthet\u0151v\u00e9 \u201et\u00e9tess\u00e9k\u201d. A Vall\u00e1s \u00e9s K\u00f6zoktat\u00e1s\u00fcgyi Miniszt\u00e9rium leirat\u00e1ban a k\u00e9r\u00e9st m\u00e9rlegelte \u00e9s lehet\u0151v\u00e9 tette, hogy 1917-ben megkezd\u0151dj\u00e9k a b\u0151v\u00edt\u00e9s. A lehet\u0151s\u00e9g azonban t\u00e1rgytalann\u00e1 v\u00e1lt az els\u0151 vil\u00e1gh\u00e1bor\u00fa miatt. \u201e A vonattal bej\u00e1r\u00f3 tanul\u00f3k helyzet\u00e9n k\u00f6nny\u00edtend\u0151 \u2013 olvashat\u00f3 a k\u00f6z\u00f6s \u00e9rtes\u00edt\u0151ben \u2013 napk\u00f6zi otthont l\u00e9tes\u00edtett\u00fcnk, amelyben a bej\u00e1r\u00f3 tanul\u00f3k tan\u00e1ri fel\u00fcgyelet mellett t\u00f6ltik el idej\u00fcket a vonat indul\u00e1s\u00e1ig. A tan\u00e1ri kar ez \u00e9vben munk\u00e1sgimn\u00e1ziumot szervezett s az Ur\u00e1nia el\u0151ad\u00e1sokat meghonos\u00edtotta.\u201d Gy\u0151r v\u00e1ros tornaterem gondjai r\u00e9gi kelet\u0171ek, mert az 1911\/12. \u00e9vi \u00e9rtes\u00edt\u0151ben olvashat\u00f3: \u201eAz iskola tornaterm\u00e9t az \u00c1llami Fels\u0151bb Le\u00e1nyiskola, a K\u00f6zs\u00e9gi fels\u0151 Kereskedelmi \u00e9s a Gy\u0151ri Torna Egylet is haszn\u00e1lja miniszteri enged\u00e9llyel.\u201d<\/span><\/p>\n<p><span style=\"font-family: arial, helvetica, sans-serif;\">\u201eA napk\u00f6zi otthon tov\u00e1bb fejl\u0151dik, amennyiben napi 40 fill\u00e9r\u00e9rt t\u00e1pl\u00e1l\u00f3, \u00edzletes eb\u00e9det is kapnak a bej\u00e1r\u00f3 n\u00f6vend\u00e9kek.\u201d<\/span><\/p>\n<p><span style=\"font-family: arial, helvetica, sans-serif;\">Az iskola teljes ki\u00e9p\u00edt\u00e9se, a v\u00e1rosban bet\u00f6lt\u00f6tt kedvez\u0151 helyzete \u00e9s n\u00e9pszer\u0171s\u00e9ge, a tanul\u00f3l\u00e9tsz\u00e1m \u00e1lland\u00f3 n\u00f6veked\u00e9se volt a jellemz\u0151 az els\u0151 vil\u00e1gh\u00e1bor\u00faig. 1913\/14-ben 348 tanul\u00f3ja volt az iskol\u00e1nak 7 oszt\u00e1lyban, a tantest\u00fclet 11 f\u0151b\u0151l \u00e1llt. Az anyak\u00f6nyvek tan\u00fas\u00e1ga szerint sok volt a mag\u00e1nvizsg\u00e1z\u00f3 is.<\/span><\/p>\n<p><span style=\"font-family: arial, helvetica, sans-serif;\"><strong>A klasszikus nyelvek tan\u00edt\u00e1sa<\/strong><\/span><\/p>\n<p><span style=\"font-family: arial, helvetica, sans-serif;\">Haz\u00e1nkban komoly m\u00faltja van az idegen nyelvek tan\u00edt\u00e1s\u00e1nak. Idegen nyelv, nyelvek ismerete az alapm\u0171velts\u00e9g n\u00e9lk\u00fcl\u00f6zhetetlen tartoz\u00e9ka, teh\u00e1t azok tan\u00edt\u00e1s\u00e1ra sz\u00fcks\u00e9g van.<\/span><\/p>\n<p><span style=\"font-family: arial, helvetica, sans-serif;\">Az 1879-ben megjelent tanterv tartalmazta a klasszikus nyelvek tan\u00edt\u00e1s\u00e1nak (n\u00e9met, modern nyelvek) sz\u00fcks\u00e9gess\u00e9g\u00e9t. Az 1924. \u00e9vi tantervekben a n\u00e9meten k\u00edv\u00fcl a francia mellett egyenrang\u00fa t\u00e1rsk\u00e9nt kapott helyet az angol \u00e9s az olasz nyelv. A nyugati nyelveket ekkor m\u00e1r 3. oszt\u00e1lyt\u00f3l lehetett tanulni.<\/span><\/p>\n<p><span style=\"font-family: arial, helvetica, sans-serif;\">Az \u00e1llami Polg\u00e1ri Fi\u00faiskol\u00e1ban az 1909\/10. tan\u00e9vben megkezd\u0151d\u00f6tt az 1.-2. oszt\u00e1lyban a n\u00e9met nyelv oktat\u00e1sa. Ezen \u00e9v \u00e9vi k\u00f6z\u00f6s ismertet\u0151j\u00e9ben olvashatjuk, hogy \u201efelt\u0171nik a tanul\u00f3k szorgalomhi\u00e1nya \u00e9s unotts\u00e1ggal p\u00e1rosult k\u00f6z\u00f6nye, amellyel a tan\u00e1ri karnak eg\u00e9sz \u00e9ven \u00e1t sok neh\u00e9zs\u00e9ge volt.\u201d<\/span><\/p>\n<p><span style=\"font-family: arial, helvetica, sans-serif;\"><strong>Az I. Vil\u00e1gh\u00e1bor\u00fa \u00e9vei<\/strong><\/span><\/p>\n<p><span style=\"font-family: arial, helvetica, sans-serif;\">1914-ben az els\u0151 vil\u00e1gh\u00e1bor\u00fa kit\u00f6r\u00e9se g\u00e1tat vetett a tov\u00e1bbi fejl\u0151d\u00e9snek. A 11 tag\u00fa tan\u00e1ri karb\u00f3l hatan katonai szolg\u00e1latra vonultak be. Az \u00e9p\u00fcletet a h\u00e1bor\u00fa els\u0151 napj\u00e1t\u00f3l katonai besz\u00e1ll\u00e1sol\u00e1sra, k\u00e9s\u0151bb tartal\u00e9k k\u00f3rh\u00e1z c\u00e9lj\u00e1ra foglalt\u00e1k le. Az iskola v\u00e1ndorolni kezdett. El\u0151sz\u00f6r egy h\u00f3napra a belv\u00e1rosi katolikus elemi n\u00e9piskol\u00e1ba, majd (miut\u00e1n ezt is lefoglalt\u00e1k) a benc\u00e9s gimn\u00e1ziumban kapott helyet d\u00e9lut\u00e1ni tan\u00edt\u00e1ssal. A h\u00e1bor\u00fa befejez\u00e9s\u00e9ig v\u00e9gig a benc\u00e9sek \u00e9p\u00fclet\u00e9ben folyt a tan\u00edt\u00e1s, m\u00edg a tanul\u00f3k l\u00e9tsz\u00e1ma 330 k\u00f6r\u00fcl \u00e1lland\u00f3sult, a tan\u00e1rok gyakran v\u00e1ltoztak. A napk\u00f6zi otthon, a munk\u00e1sgimn\u00e1zium, az ur\u00e1niai- el\u0151ad\u00e1sok a h\u00e1bor\u00fas \u00e9vek alatt megsz\u0171ntek. Az 1918\/19-es tan\u00e9vben a tanul\u00f3k l\u00e9tsz\u00e1ma412-re emelkedett. Az iskola \u00e1tk\u00f6lt\u00f6z\u00f6tt a f\u0151re\u00e1liskol\u00e1ba (ma R\u00e9vai Gimn\u00e1zium). A vil\u00e1g, de ezen bel\u00fcl az orsz\u00e1gban zajlott t\u00f6rt\u00e9nelmi esem\u00e9nyek rendk\u00edv\u00fcl hat\u00e1ssal voltak az iskol\u00e1ban foly\u00f3 oktat\u00e1sra, az iskola \u00e9let\u00e9re.<\/span><\/p>\n<p><span style=\"font-family: arial, helvetica, sans-serif;\">1909. m\u00e1rcius 21-\u00e9n hatalomv\u00e1lt\u00e1s t\u00f6rt\u00e9nt Magyarorsz\u00e1gon. A Tan\u00e1csk\u00f6zt\u00e1rsas\u00e1g a szocialista t\u00e1rsadalom azonnali megval\u00f3s\u00edt\u00e1s\u00e1ra tett k\u00eds\u00e9rletet. A kultur\u00e1lis forradalom programj\u00e1nak alapja az egys\u00e9ges szocialista oktat\u00e1si rendszer terve volt, sor is ker\u00fclt a kezdeti l\u00e9p\u00e9sekre. \u201e \u00c1llamos\u00edtott\u00e1k az iskol\u00e1kat, megindult a pedag\u00f3gusok \u00e1tk\u00e9pz\u00e9se, el\u0151k\u00e9sz\u00edtett\u00e9k az \u00faj tank\u00f6nyvek kiad\u00e1s\u00e1t. Korszer\u0171 ismereteket k\u00edv\u00e1ntak tan\u00edtani a legmodernebb m\u00f3dszerekkel.\u201d<\/span><\/p>\n<p><span style=\"font-family: arial, helvetica, sans-serif;\">A Tan\u00e1csk\u00f6zt\u00e1rsas\u00e1g idej\u00e9b\u0151l a gy\u0151ri Radn\u00f3ti Mikl\u00f3s \u00c1ltal\u00e1nos Iskola iratt\u00e1r\u00e1b\u00f3l k\u00e9t figyelemre m\u00e9lt\u00f3 okm\u00e1ny tal\u00e1lhat\u00f3.<\/span><\/p>\n<p><span style=\"font-family: arial, helvetica, sans-serif;\">1919. m\u00e1rcius 24-\u00e9n a 773\/1919. sz\u00e1m\u00fat \u00e9s a 822\/1919. sz\u00e1m\u00fat.<\/span><\/p>\n<p><span style=\"font-family: arial, helvetica, sans-serif;\">Int\u00e9zkednek az iratok: \u201e\u2026 a kir\u00e1lys\u00e1gra vonatkoz\u00f3 jelv\u00e9nyek elt\u00e1vol\u00edt\u00e1s\u00e1r\u00f3l, s a hitoktat\u00e1snak az iskola falain k\u00edv\u00fcl t\u00f6rt\u00e9n\u0151 v\u00e9gz\u00e9sr\u0151l.\u201d<\/span><\/p>\n<p><span style=\"font-family: arial, helvetica, sans-serif;\">A tan\u00edt\u00e1s nyugodt k\u00f6r\u00fclm\u00e9nyek k\u00f6z\u00f6tt folyt, s a direkt\u00f3rium rendelkez\u00e9seit a tan\u00edt\u00e1s menet\u00e9re, oszt\u00e1lyoz\u00e1sra, nevel\u00e9sre vonatkoz\u00f3an v\u00e9grehajtott\u00e1k. Az anyak\u00f6nyvekben az egyes tant\u00e1rgyakb\u00f3l nem oszt\u00e1lyoztak, csak megfelel\u0151 vagy nem megfelel\u0151 kifejez\u00e9st haszn\u00e1ltak.<\/span><\/p>\n<p><span style=\"font-family: arial, helvetica, sans-serif;\"><strong>Az 1920-as \u00e9vek<\/strong><\/span><\/p>\n<p><span style=\"font-family: arial, helvetica, sans-serif;\">1921-ben a tanul\u00f3k l\u00e9tsz\u00e1ma 438 volt \u00e9s az iskola \u00e9p\u00fclet\u00e9t teljes eg\u00e9sz\u00e9ben m\u00e9g mindig nem kapt\u00e1k vissza. Az iskol\u00e1nak 11 oszt\u00e1ly\u00e1b\u00f3l 7 m\u00e9g mindig a f\u0151re\u00e1liskol\u00e1kban tanult d\u00e9lut\u00e1nos m\u0171szakban. Az 1921\/22-es tan\u00e9vben a tanul\u00f3l\u00e9tsz\u00e1m nagym\u00e9ret\u0171 emelked\u00e9se miatt sz\u00fcks\u00e9gess\u00e9 v\u00e1lt a II. sz. Polg\u00e1ri Fi\u00faiskola fel\u00e1ll\u00edt\u00e1sa. A II. sz\u00e1m\u00fa Polg\u00e1ri Fi\u00faiskola fel\u00e1ll\u00edt\u00e1sa. A II. sz. Polg\u00e1ri Fi\u00faiskola az iparostanonc-iskol\u00e1ban kapott helyet. (R\u00e9gi Soproni \u00fat, ma Eszperant\u00f3 \u00fat). Az \u00e9p\u00fclet a 40-es \u00e9vekben leventeotthonk\u00e9nt is szolg\u00e1lt. 1970-ben bontott\u00e1k le.<\/span><\/p>\n<p><span style=\"font-family: arial, helvetica, sans-serif;\">N\u00e9gy oszt\u00e1ly k\u00f6lt\u00f6z\u00f6tt \u00e1t az eml\u00edtett \u00e9p\u00fcletbe (ideiglenes elhelyez\u00e9ssel), azzal, hogy Gy\u0151r V\u00e1ros Tan\u00e1csa k\u00f6telezetts\u00e9get v\u00e1llal \u00faj \u00e9p\u00fclet emel\u00e9s\u00e9re. Ez meg is t\u00f6rt\u00e9nt, a mai G\u00e1rdonyi G\u00e9za \u00c1ltal\u00e1nos Iskola a jogut\u00f3d.<\/span><\/p>\n<p><span style=\"font-family: arial, helvetica, sans-serif;\">Az I. sz. iskola \u00e9p\u00fclet\u00e9t r\u00e9szben ki\u00fcr\u00edtett\u00e9k, \u00e9s 7 \u00e9vi t\u00e1voll\u00e9t ut\u00e1n megkezd\u0151dhetett a fel\u00faj\u00edt\u00e1s \u00e9s visszak\u00f6lt\u00f6z\u00e9s. Az \u00e9p\u00fcletben bent lak\u00f3 csal\u00e1dokat lassan-lassan kik\u00f6lt\u00f6ztett\u00e9k.<\/span><\/p>\n<p><span style=\"font-family: arial, helvetica, sans-serif;\">Az 1921-25-ig terjed\u0151 id\u0151ben a lass\u00fa, de biztos konszolid\u00e1ci\u00f3 \u00e9veir\u0151l tudunk az iskola jegyz\u0151k\u00f6nyvek szerint. Ekkor alakult \u00fajj\u00e1 az iskola \u00f6nk\u00e9pz\u0151k\u00f6r, a v\u00f6r\u00f6skeresztes ifj\u00fas\u00e1gi csapat \u00e9s a cserk\u00e9szcsapat. A tanul\u00f3k l\u00e9tsz\u00e1ma 1925-ben 335 volt, s a korabeli iratok szerint az \u00e9p\u00fclet \u00fajra sz\u0171knek bizonyult.<\/span><\/p>\n<p><span style=\"font-family: arial, helvetica, sans-serif;\"><strong>1928: az iskola fenn\u00e1ll\u00e1s\u00e1nak 25. \u00e9vfordul\u00f3ja<\/strong><\/span><\/p>\n<p><span style=\"font-family: arial, helvetica, sans-serif;\">Az iskola 1928-ban \u00fcnnepelte fenn\u00e1ll\u00e1s\u00e1nak 25. \u00e9vfordul\u00f3j\u00e1t. Az 1927\/28. tan\u00e9vi k\u00f6z\u00f6s \u00e9rtes\u00edt\u0151ben megtal\u00e1lhat\u00f3 az akkori igazgat\u00f3 Metzing Lajos \u00edr\u00e1sa, aki m\u00e9ltatta az iskola fenn\u00e1ll\u00e1s\u00e1nak 25 \u00e9v\u00e9t. Sz\u00f3lt az el\u00e9rt eredm\u00e9nyekr\u0151l, az akkor lehet\u0151v\u00e9 v\u00e1lt fejleszt\u00e9sekr\u0151l, s\u0151t felv\u00e1zolta a \u201enyolc \u00e9vfolyamra t\u00f6rt\u00e9n\u0151 kiterjeszt\u00e9s\u00e9t, mint legf\u0151bb lehet\u0151s\u00e9get.<\/span><\/p>\n<p><span style=\"font-family: arial, helvetica, sans-serif;\">Magyarorsz\u00e1gon a gazdas\u00e1gi \u00e9let stabiliz\u00e1l\u00f3dott. A korabeli Magyarorsz\u00e1g a k\u00f6zepes fejlett orsz\u00e1gok k\u00f6z\u00e9 volt sorolhat\u00f3.<\/span><\/p>\n<p><span style=\"font-family: arial, helvetica, sans-serif;\">Teleki P\u00e1l \u00e9s munkat\u00e1rsai kidolgozt\u00e1k a Szent Istv\u00e1n-i \u00e1llameszm\u00e9t\u201d. Ennek a politikai alap\u00e1ll\u00e1snak kult\u00farpolitikai megfelel\u0151je a Klebelsberg Kun\u00f3 gr\u00f3f vall\u00e1s- \u00e9s k\u00f6zoktat\u00e1s\u00fcgyi miniszter \u00e1ltal kidolgozott kult\u00farf\u00f6l\u00e9ny koncepci\u00f3ja volt. Jelent\u0151s iskola\u00e9p\u00edt\u0151- \u00e9s fejleszt\u0151 tev\u00e9kenys\u00e9ge mellett ezt a m\u0171vel\u0151d\u00e9spolitik\u00e1t az jellemzi, hogy mindv\u00e9gig fennmaradt a dualizmusb\u00f3l \u00f6r\u00f6k\u00f6lt iskolarendszer . A n\u00e9gy elemi ut\u00e1n sz\u00e9tv\u00e1lt az oktat\u00e1s. A felemelkedni v\u00e1gy\u00f3 kisember n\u00e9gy polg\u00e1rit v\u00e9gz\u0151 gyermekei sz\u00e1m\u00e1ra alig volt tov\u00e1bbk\u00e9pz\u00e9si lehet\u0151s\u00e9g. Az iskol\u00e1zotts\u00e1g tekintet\u00e9ben m\u00e9gis bizonyos el\u0151rehalad\u00e1s t\u00f6rt\u00e9nt. Ez r\u00e9szben p\u00f3tolta az els\u0151 vil\u00e1gh\u00e1bor\u00fa el\u0151tti lemarad\u00e1st. A v\u00e1rosokban l\u00e9nyeg\u00e9ben megsz\u0171nt, a falvakban l\u00e9nyegesen cs\u00f6kkent az \u00edr\u00e1studatlans\u00e1g (15%). A harmincas \u00e9vekben a tank\u00f6teleseknek m\u00e1r 92%-a beiratkozott az elemi iskol\u00e1ba, kb. 2\/3 r\u00e9sz\u00fck eljutott a 4_6. oszt\u00e1ly elv\u00e9gz\u00e9s\u00e9ig, amely akkor az elemi szint\u0171 k\u00e9pz\u00e9st jelentette.<\/span><\/p>\n<p><span style=\"font-family: arial, helvetica, sans-serif;\">Az iskolai v\u00e9gzetts\u00e9g Gy\u0151r\u00f6tt 1934-ben a k\u00f6vetkez\u0151 k\u00e9pet mutatta:<\/span><\/p>\n<table  class=\" table table-hover\" border=\"0\">\n<tbody>\n<tr>\n<td>\n<ul>\n<li><span style=\"font-family: arial, helvetica, sans-serif;\">f\u0151iskol\u00e1t, egyetemet a lakoss\u00e1g<\/span><\/li>\n<\/ul>\n<\/td>\n<td><span style=\"font-family: arial, helvetica, sans-serif;\">2,1%-a<\/span><\/td>\n<\/tr>\n<tr>\n<td>\n<ul>\n<li><span style=\"font-family: arial, helvetica, sans-serif;\">a k\u00f6z\u00e9piskola 8 oszt\u00e1ly\u00e1t (\u00e9retts\u00e9gi)<\/span><\/li>\n<\/ul>\n<\/td>\n<td><span style=\"font-family: arial, helvetica, sans-serif;\">6.7%-a<\/span><\/td>\n<\/tr>\n<tr>\n<td>\n<ul>\n<li><span style=\"font-family: arial, helvetica, sans-serif;\">a 6 oszt\u00e1ly<\/span><\/li>\n<\/ul>\n<\/td>\n<td><span style=\"font-family: arial, helvetica, sans-serif;\">8,7%-a<\/span><\/td>\n<\/tr>\n<tr>\n<td>\n<ul>\n<li><span style=\"font-family: arial, helvetica, sans-serif;\">a polg\u00e1ri iskol\u00e1t<\/span><\/li>\n<\/ul>\n<\/td>\n<td><span style=\"font-family: arial, helvetica, sans-serif;\">20,7%-a v\u00e9gezte el<\/span><\/td>\n<\/tr>\n<\/tbody>\n<\/table>\n<p><span style=\"font-family: arial, helvetica, sans-serif;\">1921-t\u0151l 1940-ig is term\u00e9szetesen a fenn\u00e1ll\u00f3 rendszer szelleme \u00e9rv\u00e9nyes\u00fclt az iskolai oktat\u00e1sban. A megjelent polg\u00e1ri iskolai rendtart\u00e1s, a Vall\u00e1s \u00e9s K\u00f6zoktat\u00e1s\u00fcgyi Miniszt\u00e9rium- rendeletek, tantervek, tank\u00f6nyvek mind ezt t\u00fckr\u00f6zt\u00e9k.<\/span><\/p>\n<p><span style=\"font-family: arial, helvetica, sans-serif;\"><strong>1939. szeptember 1. a II. Vil\u00e1gh\u00e1bor\u00fa kit\u00f6r\u00e9se<\/strong><\/span><\/p>\n<p><span style=\"font-family: arial, helvetica, sans-serif;\">1939. szeptember 1.-j\u00e9n kit\u00f6rt a m\u00e1sodik vil\u00e1gh\u00e1bor\u00fa. Az iskolai munk\u00e1ban is jelentkeztek a vil\u00e1gh\u00e1bor\u00fa el\u0151k\u00e9sz\u00fclet\u00e9nek \u00e9rz\u00e9kelhet\u0151 nyomai. 1940 szeptember\u00e9t\u0151l a 3.-4. oszt\u00e1lyokban leventemozgalom m\u0171k\u00f6d\u00f6tt. A parancsnokok, az oktat\u00f3k r\u00e9szben az iskola tan\u00e1rai k\u00f6z\u00fcl ker\u00fcltek ki. 1940-t\u0151l l\u00e9tes\u00fclt a di\u00e1kkapt\u00e1r- sz\u00f6vets\u00e9g. Az iskola \u00e9p\u00fclet\u00e9t 1942. szeptember 23.-\u00e1n k\u00f3rh\u00e1z c\u00e9lj\u00e1ra foglalt\u00e1k le, s a tan\u00edt\u00e1st a II. sz. Polg\u00e1ri Fi\u00faiskola \u00e9p\u00fclet\u00e9ben folytatt\u00e1k, eg\u00e9szen 1945-ig. A Gy\u0151r v\u00e1ros\u00e1t \u00e9rt angolsz\u00e1sz bombat\u00e1mad\u00e1sok idej\u00e9n az iskola \u00e9p\u00fclet\u00e9t is bombatal\u00e1lat \u00e9rte. Az igazgat\u00f3i lak\u00e1s udvari sz\u00e1rny\u00e1t \u00e9rte tal\u00e1lat, amely hal\u00e1los \u00e1ldozatot is k\u00f6vetelt.<\/span><\/p>\n<p><span style=\"font-family: arial, helvetica, sans-serif;\"><strong>V\u00e1ltoz\u00e1sok az 1950-es \u00e9vekig<\/strong><\/span><\/p>\n<p><span style=\"font-family: arial, helvetica, sans-serif;\">Az iskola \u00e9p\u00fclet\u00e9nek helyre\u00e1ll\u00edt\u00e1si munk\u00e1i 1950-ig tartottak. 1945-ben megjelent a 8 oszt\u00e1lyos \u00e1ltal\u00e1nos iskol\u00e1r\u00f3l rendelkez\u0151 6650\/1945. ME sz\u00e1m\u00fa rendelet, amelynek \u00e9rtelm\u00e9ben a n\u00e9piskola 1-8. oszt\u00e1lya, a polg\u00e1ri iskola 1-4. oszt\u00e1lya megsz\u0171nik, helyette 8 oszt\u00e1lyos \u201e\u00e1ltal\u00e1nos iskol\u00e1t\u201d kell szervezni. Az oktat\u00e1s minden gyermek sz\u00e1m\u00e1ra k\u00f6telez\u0151, ingyenes, biztos\u00edtani kell az egys\u00e9ges alapm\u0171velts\u00e9get, a lehet\u0151s\u00e9get a magasabb iskol\u00e1ba j\u00e1r\u00e1sra, vagy az elhelyezked\u00e9sre \u00e9s a tov\u00e1bb m\u0171vel\u0151d\u00e9sre. A rendelet felsz\u00e1molta a 6 \u00e9s 8 oszt\u00e1lyos elemi n\u00e9piskol\u00e1t, a polg\u00e1ri iskol\u00e1t, ill. ennek r\u00e9szleges zs\u00e1kutc\u00e1j\u00e1t, s a gimn\u00e1ziumok kiv\u00e1lts\u00e1gos helyzet\u00e9t. A kort\u00e1rsak tudat\u00e1ban a polg\u00e1ri iskol\u00e1k eml\u00e9ke \u00e9l. Az anyak\u00f6nyvek \u00e9s a tanul\u00f3k sz\u00e1rmaz\u00e1sa \u00e9rz\u00e9kelhet\u0151 v\u00e1ltoz\u00e1sokon ment kereszt\u00fcl. Az els\u0151 vil\u00e1gh\u00e1bor\u00fa el\u0151tti \u00e9vekben a tanul\u00f3k t\u00f6bbs\u00e9ge a jobb \u00e9letsz\u00ednvonal\u00fa \u00fan. k\u00f6z\u00e9pr\u00e9tegb\u0151l ker\u00fclt ki. Ez a r\u00e9teg az I. vil\u00e1gh\u00e1bor\u00fa ut\u00e1n z\u00f6m\u00e9ben a k\u00f6z\u00e9piskol\u00e1k fel\u00e9 ir\u00e1nyult. Hely\u00fckre els\u0151sorban a munk\u00e1sok, kisebb m\u00e9rt\u00e9kben a paraszts\u00e1g gyermekei ker\u00fcltek. Term\u00e9szetesen tov\u00e1bbra is \u00e9rv\u00e9nyben maradt a kispolg\u00e1ri jelz\u0151.<\/span><\/p>\n<p><span style=\"font-family: arial, helvetica, sans-serif;\">1945 ut\u00e1n az int\u00e9zet ar\u00e1nylag alacsony l\u00e9tsz\u00e1m\u00fa tan\u00e1ri kara becs\u00fcletesen helyt\u00e1llt a neh\u00e9z id\u0151szakban. K\u00f6z\u00fcl\u00fck nem egy irodalmi \u00e9s m\u0171v\u00e9szeti t\u00e9ren maradand\u00f3 alkot\u00e1st hagyott az ut\u00f3kor sz\u00e1m\u00e1ra. Az iskola tanul\u00f3ja, majd tan\u00e1ra lett Szab\u00f3 Alajos fest\u0151m\u0171v\u00e9sz, rajztan\u00e1r, aki a grafika, az akvarellter\u00fclet\u00e9n volt k\u00fcl\u00f6n\u00f6sen kiemelked\u0151. A polg\u00e1ri iskolai oszt\u00e1lyok fokozatosan megsz\u0171ntek, \u00e9s folyamatosan \u00e9p\u00fcltek ki az \u00e1ltal\u00e1nos iskolai oszt\u00e1lyok.<\/span><\/p>\n<p><span style=\"font-family: arial, helvetica, sans-serif;\">1945-ben ez olvashat\u00f3 az iskola hossz\u00fa b\u00e9lyegz\u0151j\u00e9n:<\/span><\/p>\n<p><span style=\"font-family: arial, helvetica, sans-serif;\">\u201eA gy\u0151ri I. sz\u00e1m\u00fa \u00c1llami Polg\u00e1ri Fi\u00faiskola \u00e9s a vele kapcsolatos Gy\u0151r belv\u00e1rosi \u00c1llami \u00e1ltal\u00e1nos Fi\u00faiskola.\u201d<\/span><\/p>\n<p><span style=\"font-family: arial, helvetica, sans-serif;\">1948. szeptembert\u0151l I. sz\u00e1m\u00fa belv\u00e1rosi \u00c1llami \u00c1ltal\u00e1nos Fi\u00faiskola, majd 1949-ben Nagy Jen\u0151 utcai \u00c1llami \u00c1ltal\u00e1nos Fi\u00faiskola. Az 1945\/50 tan\u00e9vben megt\u00f6rt\u00e9nt a koeduk\u00e1ci\u00f3 \u00e9s ekkor a b\u00e9lyegz\u0151 felirata: \u201eNagy Jen\u0151 utcai \u00c1llami \u00c1ltal\u00e1nos Iskola\u201d. Lassan bontakoztak ki az \u00e1ltal\u00e1nos iskolai oszt\u00e1lyok.<\/span><\/p>\n<p><span style=\"font-family: arial, helvetica, sans-serif;\">Az 1945\/46-os tan\u00e9vben m\u00e9g nincs als\u00f3 tagozat, volt egy 5. oszt\u00e1ly 54 tanul\u00f3val \u00e1ltal\u00e1nos iskolai, a t\u00f6bbi polg\u00e1ri. Az 1946\/47-es tan\u00e9vben m\u00e9g mindig nem volt als\u00f3 tagozat, de az 5-6. oszt\u00e1ly \u00e1ltal\u00e1nos iskolai.<\/span><\/p>\n<p><span style=\"font-family: arial, helvetica, sans-serif;\">1947\/48-ban l\u00e9pett be osztott jelleggel az 1-2. \u00e9s a 3-4. \u00f6sszevon\u00e1s\u00e1val az als\u00f3 tagozat, a fels\u0151ben 7. oszt\u00e1lyig \u00e9p\u00fclt ki az \u00e1ltal\u00e1nos iskola, s a 8. m\u00e9g polg\u00e1ri. Az \u00e1tmenet jelleg\u00e9t viselve mag\u00e1n ez a tan\u00e9v mutatta a legtark\u00e1bb k\u00e9pet, mert a felsoroltakon k\u00edv\u00fcl m\u00e9g dolgoz\u00f3k \u00e1ltal\u00e1nos iskol\u00e1ja is m\u0171k\u00f6d\u00f6tt, s mellette a polg\u00e1ri iskola 2-4. oszt\u00e1ly\u00e1ban vagy 100 tanul\u00f3 mag\u00e1nvizsg\u00e1zott.1948\/49-ben \u00e9p\u00fclt ki az \u00e1ltal\u00e1nos iskola valamennyi oszt\u00e1lya. Viszont az ifj\u00fas\u00e1gi mozgalmi \u00e9letben m\u00e9g visszat\u00fckr\u00f6z\u0151d\u00f6tt az \u00e1talakul\u00f3 t\u00e1rsadalmi \u00e9let. 1947-ben m\u00e9g egy id\u0151ben m\u0171k\u00f6d\u00f6tt az \u00f6nk\u00e9pz\u0151k\u00f6r, a di\u00e1kkapt\u00e1r, a cserk\u00e9szet \u00e9s egy alakul\u00f3 \u00fatt\u00f6r\u0151csapat. Az \u00fatt\u00f6r\u0151csapat megalak\u00edt\u00e1sa m\u00e1r 1946-ban megkezd\u0151d\u00f6tt, de v\u00e9glegesen 1947 szeptember\u00e9ben G\u00e1bor \u00c1ron \u00datt\u00f6r\u0151csapat n\u00e9ven alakult meg. Els\u0151 csapatvezet\u0151je Udvardy Gyula tan\u00e1r volt.<\/span><\/p>\n<p><span style=\"font-family: arial, helvetica, sans-serif;\">Az 1948\/49. tan\u00e9v \u00e9rdekess\u00e9ge volt a \u201eNevelj jobban\u201d mozgalom (munkaverseny) ind\u00edt\u00e1sa. A tan\u00e1ri kar tagjainak az iskolai \u00e9let t\u00f6bb ter\u00fclet\u00e9re v\u00e1llal\u00e1sokat kellett beny\u00fajtaniuk, s ezek teljes\u00edt\u00e9s\u00e9t k\u00e9thetente \u00e9rt\u00e9kelt\u00e9k. A v\u00e1llal\u00e1sok t\u00f6bbs\u00e9ge a nevel\u0151k \u00f6nk\u00e9pz\u00e9s\u00e9re, az iskolai fejl\u0151d\u00e9sre, a tanulm\u00e1nyi eredm\u00e9nyek fokoz\u00e1s\u00e1ra vonatkozott. Rengeteg volt a vele kapcsolatos adminisztr\u00e1ci\u00f3, sok volt a formalit\u00e1s, de a tanul\u00f3k tanulm\u00e1nyi eredm\u00e9ny\u00e9n ez nem volt \u00e9rz\u00e9kelhet\u0151. Ebben a tan\u00e9vben a buk\u00e1s 10% k\u00f6r\u00fcl volt. Az 1949\/50. tan\u00e9vben idegen nyelvk\u00e9nt a n\u00e9met helyett az orosz ker\u00fclt bevezet\u00e9sre.<\/span><\/p>\n<p><span style=\"font-family: arial, helvetica, sans-serif;\">1950-ben \u00faj \u00e1ltal\u00e1nos iskolai tanterv \u00e9s rendtart\u00e1s l\u00e9pett \u00e9letbe. Az addig folytonosan megjelen\u0151 kieg\u00e9sz\u00edt\u00e9sek nehez\u00edtett\u00e9k az \u00e1ttekint\u00e9st, a kor\u00e1bbi rendeletek elavultak, m\u00e1r sz\u00fcks\u00e9ges volt egy egys\u00e9ges \u00e1ltal\u00e1nos iskolai dokumentum kiad\u00e1sa. A tanterv meghat\u00e1rozta az \u00e1ltal\u00e1nos iskola c\u00e9lj\u00e1t, feladat\u00e1t \u00f3raterv\u00e9t.<\/span><\/p>\n<p><span style=\"font-family: arial, helvetica, sans-serif;\">A t\u00e1rsadalmi \u00e1talakul\u00e1sok \u00e9rz\u00e9kenyen \u00e9rintett\u00e9k az iskol\u00e1t is. Szem\u00e9lyi v\u00e1ltoz\u00e1sok t\u00f6rt\u00e9ntek az iskola vezet\u00e9s\u00e9ben, a tan\u00e1ri karban. Egyes tan\u00e1rokat \u201ekiemeltek\u201d m\u00e1s ter\u00fcletre, egyeseket m\u00e1s \u00e1ltal\u00e1nos iskol\u00e1ba helyeztek. Helyet kaptak az iskolai \u00e9letben a tan\u00f3r\u00e1n k\u00edv\u00fcli foglalkoz\u00e1sok egyre jobban. Gyermeksz\u00ednpad m\u0171k\u00f6d\u00f6tt az iskol\u00e1ban, el\u0151ad\u00e1saikat az iskola udvar\u00e1n \u00e9p\u00edtett sz\u00ednpadon, m\u00e1s iskol\u00e1kban, vid\u00e9ken is tartott\u00e1k \u00e9s ism\u00e9telt\u00e9k. \u00c9nek, zenekar, t\u00e1nccsoport szerepelt az \u00fczemek sz\u00ednpadjain, v\u00e1rosi \u00fcnnep\u00e9lyeken.<\/span><\/p>\n<p><span style=\"font-family: arial, helvetica, sans-serif;\">1953-ban vette kezdet\u00e9t a napk\u00f6zis munka. Az iskola egy csoport m\u0171k\u00f6d\u00e9s\u00e9re kapott enged\u00e9lyt. Hely hi\u00e1ny\u00e1ban a konyh\u00e1t \u00e9s az \u00e9tkezd\u00e9t az \u00e9p\u00fclet alagsor\u00e1ban helyezt\u00e9k el. A k\u00f6vetkez\u0151 tan\u00e9vben e tarthatatlan \u00e1llapot miatt a napk\u00f6zi a bej\u00e1rat melletti f\u00f6ldszinti termet kapta meg. A napk\u00f6zis csoportok b\u0151v\u00fcl\u00e9se tette sz\u00fcks\u00e9gess\u00e9, hogy az udvari r\u00e9szen napk\u00f6zis konyha \u00e9s terem \u00e9p\u00fclt. A k\u00fcl\u00f6n\u00e1ll\u00f3 \u00e9p\u00fclet 1958-ban k\u00e9sz\u00fclt el, ahol jelenleg gyakorlati foglalkoz\u00e1si terem van. Az iskol\u00e1ban a tanul\u00f3k l\u00e9tsz\u00e1ma folyamatosan \u00fagy n\u0151tt, hogy p\u00e1rhuzamosan oszt\u00e1lyok l\u00e9tes\u00edt\u00e9se v\u00e1lt sz\u00fcks\u00e9gess\u00e9. \u00cdgy az oszt\u00e1lyok elhelyez\u00e9se ism\u00e9t gond volt. A tan\u00e9vek folyam\u00e1n volt t\u00fck\u00f6rv\u00e1lt\u00e1s- az als\u00f3 \u00e9s fels\u0151 tagozat k\u00f6z\u00f6tt- az als\u00f3 oszt\u00e1lyok egym\u00e1s k\u00f6z\u00f6tt v\u00e1ltakoz\u00e1sa is sorra ker\u00fclt.<\/span><\/p>\n<p><span style=\"font-family: arial, helvetica, sans-serif;\">N\u00f6vekedett a napk\u00f6zis csoportok sz\u00e1ma, a tanul\u00f3l\u00e9tsz\u00e1m m\u00e1r 500 f\u00f6l\u00e9 n\u0151tt. \u00dajra felvet\u0151d\u00f6tt az iskola b\u0151v\u00edt\u00e9s\u00e9nek sz\u00fcks\u00e9gess\u00e9ge. Az \u00c1rp\u00e1d \u00fat \u00e9s a Munk\u00e1csy u. k\u00f6z\u00f6tti teleksarok be\u00e9p\u00edt\u00e9se ker\u00fclt sz\u00f3ba, de a v\u00e1rosfejleszt\u00e9si tervek miatt erre nem ker\u00fclhet sor. Az emeletr\u00e1\u00e9p\u00edt\u00e9st pedig statikai probl\u00e9m\u00e1k nem tett\u00e9k lehet\u0151v\u00e9.<\/span><\/p>\n<p><span style=\"font-family: arial, helvetica, sans-serif;\">1956. okt\u00f3ber 23.-\u00e1n forradalom t\u00f6r ki Magyarorsz\u00e1gon, n\u00e9h\u00e1ny nap ut\u00e1n az orsz\u00e1gra kiterjed\u0151 szabads\u00e1gharcc\u00e1 v\u00e1lt. Teh\u00e1t a t\u00f6rt\u00e9nelem ism\u00e9t belesz\u00f3lt az iskola \u00e9let\u00e9be. A tan\u00edt\u00e1s egy ideig sz\u00fcnetelt. A n\u00e9zetek \u00f6sszecsaptak az iskola falain bel\u00fcl is. Elt\u00f6r\u00f6lt\u00e9k az orosz nyelv tan\u00edt\u00e1s\u00e1t, bevezett\u00e9k a vall\u00e1soktat\u00e1st, megsz\u0171nt az \u00fatt\u00f6r\u0151csapat, megv\u00e1ltoztak a pedag\u00f3giai c\u00e9lkit\u0171z\u00e9sek. Egy \u00e9v eltelt\u00e9vel elh\u00e1rult a gazdas\u00e1gi \u00f6sszeoml\u00e1s vesz\u00e9lye, \u00e9s megkezd\u0151d\u00f6tt az \u00e9letsz\u00ednvonal lass\u00fa emelked\u00e9se.<\/span><\/p>\n<p><span style=\"font-family: arial, helvetica, sans-serif;\">1958-ban ker\u00fclt bevezet\u00e9sre a gyakorlati foglalkoz\u00e1s oktat\u00e1sa. M\u0171hely Term\u00fcl a tornaterem fi\u00fa\u00f6lt\u00f6z\u0151je (fel\u00faj\u00edt\u00e1skor lebont\u00e1sra ker\u00fclt), a sz\u0171k padl\u00e1sfelj\u00e1rat, valamint egyes oszt\u00e1lytermek szolg\u00e1ltak. V\u00e9g\u00fcl a gyakorlati foglalkoz\u00e1s teljes ki\u00e9p\u00fcl\u00e9s\u00e9vel az udvari napk\u00f6zis termet alak\u00edtott\u00e1k \u00e1t e c\u00e9lra. A napk\u00f6zi pedig kor\u00e1bbi hely\u00e9re ker\u00fclt \u00fajra, a f\u00f6ldszinti bej\u00e1rat melletti terembe.<\/span><\/p>\n<p><span style=\"font-family: arial, helvetica, sans-serif;\"><strong>1959: Radn\u00f3ti Mikl\u00f3s k\u00f6lt\u0151 nev\u00e9nek felv\u00e9tele<\/strong><\/span><\/p>\n<p><span style=\"font-family: arial, helvetica, sans-serif;\">1959-ben a M\u0171vel\u0151d\u00e9s\u00fcgyi Miniszt\u00e9rium 7210\/59. sz. enged\u00e9ly\u00e9vel vette fel az iskola Radn\u00f3ti Mikl\u00f3s, a m\u00e1rt\u00edrhal\u00e1lt halt k\u00f6lt\u0151 nev\u00e9t. A fasizmus elleni harcos humanizmust, a meggy\u00f6t\u00f6rt ember szenved\u00e9seit a&nbsp;<img loading=\"lazy\" decoding=\"async\" class=\"alignright\" src=\"http:\/\/www.radnotiiskola.hu\/web\/images\/stories\/2012\/radnti_mikls.jpg\" alt=\"radnti mikls\" width=\"217\" height=\"299\">legmagasabb m\u0171v\u00e9szi sz\u00ednvonalon fejezte ki Radn\u00f3ti Mikl\u00f3s m\u0171v\u00e9szete. Az iskola tan\u00e1rai \u00e9s tanul\u00f3i ezen id\u0151pontt\u00f3l&nbsp;kezdem\u00e9nyezt\u00e9k \u00e9s vettek r\u00e9szt a gy\u0151ri \u00e9s Gy\u0151r k\u00f6rny\u00e9ki Radn\u00f3ti-hagyom\u00e1nyok \u00e1pol\u00e1s\u00e1ban. A hagyom\u00e1ny k\u00f6z\u00f6ss\u00e9gi magatart\u00e1sforma. Jelenl\u00e9te emberi k\u00f6z\u00f6ss\u00e9gek l\u00e9t\u00e9nek felt\u00e9tele, egyed\u00fcl emberi k\u00f6z\u00f6ss\u00e9gek saj\u00e1tja. A m\u00e1rt\u00edr k\u00f6lt\u0151 szem\u00e9ly\u00e9ben p\u00e9ldak\u00e9pet \u00e1ll\u00edtott az iskola a mindenkori tan\u00edtv\u00e1nyok el\u00e9. V\u00e1rosunk lak\u00f3i l\u00e1tt\u00e1k, l\u00e1thatt\u00e1k \u0151t utolj\u00e1ra, mivel v\u00e9ges \u00fatja az abdai-R\u00e1bca part f\u00fczesein\u00e9l \u00e9rt v\u00e9get. Az iskola tanul\u00f3i els\u0151k\u00e9nt kerest\u00e9k f\u00f6l a szinte jel\u00f6letlen helyet, az utols\u00f3 v\u00e9res st\u00e1ci\u00f3t, a R\u00e1bca-parti t\u00f6megs\u00edrt. Tan\u00e1rok, sz\u00fcl\u0151k \u00e9s di\u00e1kok tiszt\u00edtott\u00e1k meg a helyet, k\u00f6r\u00fclker\u00edtett\u00e9k, facsemet\u00e9ket \u00fcltettek, vir\u00e1gokkal d\u00edsz\u00edtett\u00e9k. \u00c9rkeztek az \u00e9rtes\u00edt\u00e9sek, felk\u00e9rt\u00e9k az iskol\u00e1t a budapesti Zalka M\u00e1t\u00e9 Katonai F\u0151iskola Radn\u00f3ti Irodalmi Sz\u00ednpad\u00e1nak tagjai, s vel\u00fck k\u00f6z\u00f6sen feledhetetlen Radn\u00f3ti m\u0171sorokra ker\u00fclt sor. Azut\u00e1n megsz\u00e9p\u00fclt az eml\u00e9khely, a fiatalok \u00e9vr\u0151l \u00e9vre meneteltek az \u00faton, hogy az ifj\u00fas\u00e1g ler\u00f3ja kegyelet\u00e9t a h\u00e1l\u00e1s ut\u00f3kor nev\u00e9ben. \u00cdgy lett a menetel\u00e9s orsz\u00e1gos \u00fcggy\u00e9.<\/span><\/p>\n<p><span style=\"font-family: arial, helvetica, sans-serif;\">Az iskolai munk\u00e1ban a Radn\u00f3ti-hagyom\u00e1nyok \u00e1pol\u00e1sa domin\u00e1nsan \u00e9rv\u00e9nyes\u00fclt \u00e9s \u00e9rv\u00e9nyes\u00fcl ma is: az anyanyelvi oktat\u00e1sban, az igazi hazafiass\u00e1gra nevel\u00e9sben. Az iskol\u00e1t k\u00e9t alkalommal kereste fel Dr. Radn\u00f3ti Mikl\u00f3sn\u00e9, a budapesti Radn\u00f3ti M. Gimn\u00e1zium igazgat\u00f3n\u0151j\u00e9nek t\u00e1rsas\u00e1g\u00e1ban. Felkereste Som J\u00e1nost, a fiatalon elhunyt m\u0171v\u00e9szt gy\u0151ri m\u0171term\u00e9ben, aki a v\u00e1ros megb\u00edz\u00e1s\u00e1b\u00f3l akkor k\u00e9sz\u00edtette az iskol\u00e1nak a Radn\u00f3ti falat. A domborm\u0171 az els\u0151 emelet fal\u00e1t d\u00edsz\u00edti.<\/span><\/p>\n<p><span style=\"font-family: arial, helvetica, sans-serif;\">Radn\u00f3tin\u00e9 m\u00e1sodik l\u00e1togat\u00e1sa is v\u00e1ratlanul t\u00f6rt\u00e9nt. Akkor minden oszt\u00e1lyba bement, s n\u00e9h\u00e1ny kedves, keresetlen sz\u00f3val sz\u00f3lt a gyerekekhez. Szer\u00e9nys\u00e9ge maradand\u00f3 eml\u00e9ket hagyott az akkori tantest\u00fclet tagjaiban is, akik sz\u00f3t v\u00e1lthattak vele.<\/span><\/p>\n<p><span style=\"font-family: arial, helvetica, sans-serif;\"><strong>Az 1960-1970-es \u00e9vek k\u00eds\u00e9rletei az oktat\u00e1sban<\/strong><\/span><\/p>\n<p><span style=\"font-family: arial, helvetica, sans-serif;\">1969 \u0151sz\u00e9n \u00faj tanterv jelent meg, amely fokozatosan ker\u00fclt bevezet\u00e9sre. Ekkor jelent meg a nevel\u00e9si terv is. A tanterv az 1961. \u00e9vi III. t\u00f6rv\u00e9nyre \u00e9p\u00fclt. C\u00e9lkit\u0171z\u00e9sk\u00e9nt az oktat\u00e1s korszer\u0171s\u00edt\u00e9s\u00e9t, az iskola k\u00f6zelhoz\u00e1s\u00e1t az \u00e9lethez jel\u00f6lte meg. Az oktat\u00f3- nevel\u0151 munka tartalma mellett a m\u00f3dszer korszer\u0171s\u00edt\u00e9s\u00e9hez is lehet\u0151s\u00e9get adott.<\/span><\/p>\n<p><span style=\"font-family: arial, helvetica, sans-serif;\">1964-ben az iskola egyik harmadik oszt\u00e1ly\u00e1ban k\u00eds\u00e9rleti jelleggel indult az angol nyelv tan\u00edt\u00e1sa. A k\u00eds\u00e9rleti \u00e9v rendk\u00edv\u00fcli sikere ut\u00e1n az angol nyelv tan\u00edt\u00e1sa v\u00e9gleges form\u00e1t \u00f6lt\u00f6tt, majd tagozati jelleggel ki\u00e9p\u00fclt a 8. oszt\u00e1lyig. Gy\u0151r\u00f6tt ez volt az els\u0151 \u00e1ltal\u00e1nos iskola, ahol angol nyelvi tagozati oszt\u00e1lyok m\u0171k\u00f6dtek. Ezzel p\u00e1rhuzamosan 1965-ben, az orsz\u00e1gban harmadik iskolak\u00e9nt vezett\u00e9k be az egyik els\u0151 oszt\u00e1lyban az eg\u00e9sz napos rendszer\u0171 \u00fan. iskolaotthonos-oktat\u00e1st k\u00eds\u00e9rletk\u00e9nt. Sikeress\u00e9g\u00e9t el\u0151seg\u00edtette, hogy a napk\u00f6zi otthon v\u00e9gleges elhelyez\u00e9st kapott. Meg\u00fcr\u00fclt az igazgat\u00f3i lak\u00e1s ahol kialak\u00edt\u00e1sra ker\u00fclhetett k\u00e9t eb\u00e9dl\u0151terem \u00e9s \u00e9p\u00fclt egy meleg\u00edt\u0151konyha is. A sikeres els\u0151 \u00e9v ut\u00e1n az eg\u00e9sz napos rendszer felmen\u0151 jelleggel ki\u00e9p\u00fclt a 4. oszt\u00e1lyig. Ez jelenleg is m\u0171k\u00f6dik. Az iskolaotthon l\u00e9nyege az, hogy a tanul\u00f3k reggel nyolc \u00f3r\u00e1t\u00f3l d\u00e9lut\u00e1n f\u00e9l \u00f6tig tart\u00f3zkodtak az iskol\u00e1ban. A nap folyam\u00e1n az egyenletes terhel\u00e9s biztos\u00edt\u00e1sa \u00e9rdek\u00e9ben felv\u00e1ltva k\u00f6vette egym\u00e1st tan\u00f3ra, \u00f6n\u00e1ll\u00f3 foglalkoz\u00e1s \u00e9s szabadid\u0151s tev\u00e9kenys\u00e9g. A tanul\u00f3k az \u00f6n\u00e1ll\u00f3 foglalkoz\u00e1s alatt tanulhatt\u00e1k meg, \u00e9s gyakorolhatt\u00e1k a tan\u00f3r\u00e1n tan\u00edtott tananyagot tan\u00e1ri ir\u00e1ny\u00edt\u00e1ssal. Otthoni tanul\u00e1sra nem volt sz\u00fcks\u00e9g, t\u00e1sk\u00e1t csak h\u00e9t v\u00e9g\u00e9n vittek haza. Az oszt\u00e1lyokat 1-2.\u00e9vfolyamon k\u00e9t nevel\u0151 tan\u00edtotta. Az eb\u00e9deltet\u00e9s ut\u00e1n szabadban foly\u00f3 j\u00e1t\u00e9k, leveg\u0151z\u00e9s volt.<\/span><\/p>\n<p><span style=\"font-family: arial, helvetica, sans-serif;\">A 3-4. oszt\u00e1lyban hasonl\u00f3 volt a munka elrendez\u00e9se, de ott a matematika \u00e9s a k\u00e9szs\u00e9gt\u00e1rgyak szakos\u00edtottak voltak. Megpr\u00f3b\u00e1lkozott az iskola 5. oszt\u00e1ly\u00e1ban is eg\u00e9sz napos rendszer\u0171 oktat\u00e1ssal. Ez a k\u00eds\u00e9rleti \u00e9vn\u00e9l tov\u00e1bb nem jutott. A tantest\u00fclet \u00e9rintett tagjai Budapestre j\u00e1rtak szakmai napokra. Elhangzott az Orsz\u00e1gos Pedag\u00f3giai Int\u00e9zetben, a budapesti p\u00e9lda, az \u00fagynevezett \u201eszakmai napok\u201d nem v\u00e1ltak be. Igaz, hogy a szaktan\u00e1r egy eg\u00e9sz napon foglalkozott az adott oszt\u00e1ly tanul\u00f3ival egy heti tananyaggal, de nem hozta meg a v\u00e1rt eredm\u00e9nyt. A Radn\u00f3tiban ezt a p\u00e9ld\u00e1t nem k\u00f6vett\u00e9k, a fels\u0151s tanul\u00f3k sok d\u00e9lut\u00e1ni iskol\u00e1n k\u00edv\u00fcli elfoglalts\u00e1ga nem tette lehet\u0151v\u00e9 az eg\u00e9sz napos elfoglalts\u00e1got. A fels\u0151 tagozatban m\u00e1r nem lehetett biztos\u00edtani, hogy a tanul\u00f3 az iskol\u00e1ban hagyott \u201et\u00e1sk\u00e1ja\u201d ellen\u00e9re, m\u00e1snapra felk\u00e9sz\u00fclten tudjon \u00f3r\u00e1kra j\u00e1rni, azt is besz\u00e1m\u00edtva, hogy t\u00f6bben \u2013 ak\u00e1r igazoltan is \u2013 a d\u00e9lut\u00e1ni \u00f3r\u00e1k egy r\u00e9sz\u00e9r\u0151l hi\u00e1nyoztak.<\/span><\/p>\n<p><span style=\"font-family: arial, helvetica, sans-serif;\">Az als\u00f3 tagozatban viszont v\u00e1ltozatlan volt a siker. Az eredm\u00e9nyeket t\u00f6bbsz\u00f6r \u00e9rt\u00e9kelte a M\u0171vel\u0151d\u00e9s\u00fcgyi Miniszt\u00e9rium, a k\u00eds\u00e9rlet v\u00e9gleges\u00edt\u00e9st nyert. A korabeli pedag\u00f3giai szakirodalom az itt foly\u00f3 eg\u00e9sz napos oktat\u00e1st \u201egy\u0151ri modellk\u00e9nt\u201d emlegette.<\/span><\/p>\n<p><span style=\"font-family: arial, helvetica, sans-serif;\">Az iskola ekkor t\u00f6bb tant\u00e1rgyb\u00f3l programozott oktat\u00e1st kezdem\u00e9nyezett. Ennek keret\u00e9ben k\u00eds\u00e9rleti oktat\u00e1s folyt n\u00e9h\u00e1ny \u00e9ven kereszt\u00fcl 3. oszt\u00e1lyban nyelvoktat\u00e1sb\u00f3l, 5. oszt\u00e1lyban matematik\u00e1b\u00f3l, 7. oszt\u00e1lyban fizik\u00e1b\u00f3l. A k\u00eds\u00e9rletben r\u00e9sztvev\u0151 tan\u00e1rok az 1963-as tanterv t\u00f6bb k\u00f6nyv\u00e9t, als\u00f3s feladatlapjait, munkaf\u00fczeteket pr\u00f3b\u00e1ltak ki, komoly t\u00f6bbletmunk\u00e1t v\u00e1llalva. Az oktat\u00e1s korszer\u0171s\u00edt\u00e9s\u00e9t biztos\u00edtotta az el\u0151rel\u00e9p\u00e9s az audiovizu\u00e1lis eszk\u00f6z\u00f6k beszerz\u00e9s\u00e9ben \u00e9s haszn\u00e1lat\u00e1ban. A telev\u00edzi\u00f3k, magn\u00f3k, lej\u00e1tsz\u00f3k, \u00edr\u00e1svet\u00edt\u0151k tan\u00f3r\u00e1kon val\u00f3 felhaszn\u00e1l\u00e1sa emelte \u00e9s b\u0151v\u00edtette a tanul\u00f3k ismertszerz\u00e9s\u00e9t. Mint annyiszor most is a tanteremhi\u00e1ny jelentett akad\u00e1lyt, az iskola t\u00f6retlennek l\u00e1tsz\u00f3 \u00edvel\u00e9se el\u0151tt. Csak \u00e1tmeneti \u00e1llapotot jelenthetett a k\u00e9nyszerhelyzet sz\u00fclte v\u00e1lt\u00e1sos tan\u00edt\u00e1s. Egyetlen megold\u00e1sk\u00e9nt felvet\u0151d\u00f6tt az emeletr\u00e1\u00e9p\u00edt\u00e9s. 1969-ben elv\u00e9gezt\u00e9k a statikai vizsg\u00e1latokat.<\/span><\/p>\n<p><span style=\"font-family: arial, helvetica, sans-serif;\">R\u00e9szlet a jegyz\u0151k\u00f6nyvb\u0151l:<\/span><\/p>\n<p><span style=\"font-family: arial, helvetica, sans-serif;\">\u201e Az iskola alapzata meghib\u00e1sodott &#8211; a beton korrod\u00e1lt -, hogy f\u00e9lni kell magas talajv\u00edz\u00e1ll\u00e1sn\u00e1l az \u00e9p\u00fclet falai leoml\u00e1s\u00e1t\u00f3l. Az alap meger\u0151s\u00edt\u00e9s\u00e9t mindenk\u00e9ppen el kell v\u00e9gezni az \u00e9p\u00fclet haszn\u00e1lhat\u00f3s\u00e1ga miatt. A meger\u0151s\u00edtett alap viszont az emeletr\u00e1\u00e9p\u00edt\u00e9st elb\u00edrja.\u201d<\/span><\/p>\n<p><span style=\"font-family: arial, helvetica, sans-serif;\">A v\u00e1rosi tan\u00e1cs vb m\u0171vel\u0151d\u00e9s\u00fcgyi oszt\u00e1lya a fel\u00faj\u00edt\u00e1s \u00e9s emeletr\u00e1\u00e9p\u00edt\u00e9s terveit elk\u00e9sz\u00edtette. Az \u00e9p\u00edtkez\u00e9s k\u00f6lts\u00e9ge akkor 6,5 milli\u00f3 forintot tett ki. Az \u00e9p\u00edtkez\u00e9s megkezd\u00e9se viszont k\u00fcl\u00f6nb\u00f6z\u0151 okok miatt k\u00e9sett. 1972 \u0151sz\u00e9n sz\u00fcletett meg a v\u00e9gs\u0151 d\u00f6nt\u00e9s az \u00e9p\u00edtkez\u00e9s megkezd\u00e9s\u00e9re. Az 1972. \u00e9v t\u00e9li sz\u00fcnet\u00e9ben kellett az iskol\u00e1t ki\u00fcr\u00edteni.<\/span><\/p>\n<p><span style=\"font-family: arial, helvetica, sans-serif;\">Az iskola t\u00f6rt\u00e9net\u00e9ben megkezd\u0151d\u00f6tt a harmadik v\u00e1ndorl\u00e1si ciklus. A k\u00f6nyv\u00e1llom\u00e1ny, a b\u00fatorzat egy r\u00e9sze a pinny\u00e9di kult\u00farh\u00e1zba ker\u00fclt, a b\u00fator t\u00f6bbs\u00e9g\u00e9t a m\u00e9nf\u0151csanaki kast\u00e9ly termibe \u00e9s a gy\u0151ri zsinag\u00f3g\u00e1ba sz\u00e1ll\u00edtott\u00e1k.<\/span><\/p>\n<p><span style=\"font-family: arial, helvetica, sans-serif;\">Az als\u00f3 tagozatot a Bisinger \u00f3voda \u00e9p\u00fclet\u00e9ben, az 5-6. oszt\u00e1lyokat a Kossuth Iskol\u00e1ban, a 7-8. oszt\u00e1lyokat az akkori Engels iskola k\u00e9t hely\u00e9n l\u00e9v\u0151 \u00e9p\u00fclet\u00e9ben helyezt\u00e9k el. A tan\u00edt\u00e1s \u00e1lland\u00f3an d\u00e9lut\u00e1n folyt este 7-ig, \u00bd 8-ig. A tan\u00e1rok az \u00f3rak\u00f6zi sz\u00fcnetekben siettek egyik iskol\u00e1b\u00f3l a m\u00e1sikba. Tornatermi haszn\u00e1latot a Kossuth, Bart\u00f3k \u00e9s N\u00e9meth L\u00e1szl\u00f3 Iskola biztos\u00edtott.<\/span><\/p>\n<p><span style=\"font-family: arial, helvetica, sans-serif;\">Az iskolavezet\u00e9s \u201e\u00e1lland\u00f3 helye\u201d a Bisingerben volt, s ott volt lehet\u0151s\u00e9g \u00e9rtekezletek, sz\u00fcl\u0151i fogad\u00f3\u00f3r\u00e1k, megbesz\u00e9l\u00e9sek tart\u00e1s\u00e1ra.<\/span><\/p>\n<p><span style=\"font-family: arial, helvetica, sans-serif;\">1971-ben k\u00e9sz\u00fclt el a Radn\u00f3ti szobor \u00e9s Rad\u00f3 s\u00e9t\u00e1nyon, ahol az iskola tanul\u00f3ival egy\u00fctt m\u00e1r sok int\u00e9zm\u00e9ny k\u00e9pvisel\u0151je, helyezte el \u00e9vr\u0151l-\u00e9vre az eml\u00e9kez\u00e9s koszor\u00faj\u00e1t, fejet meghajt\u00f3 tisztelg\u00e9ssel az iskola tanul\u00f3inak eml\u00e9km\u0171sorai ut\u00e1n. A Radn\u00f3ti Eml\u00e9kbizotts\u00e1ggal kar\u00f6ltve szervezte az iskola a k\u00f6lt\u00e9szeti bienn\u00e1l\u00e9kat. Ilyenkor ker\u00fclhetett sor olyan eml\u00e9kezetes \u00edr\u00f3- olvas\u00f3 tal\u00e1lkoz\u00f3kra, amely m\u00e9g ma is \u00e9lm\u00e9ny forr\u00e1s a magyar irodalom \u00f3r\u00e1in. Akkor ker\u00fclhettek a tanul\u00f3k szem\u00e9lyes kapcsolatba n\u00e9h\u00e1ny \u00f3r\u00e1ra pl.: Nagy L\u00e1szl\u00f3val, Kormos Istv\u00e1nnal.&nbsp;<img loading=\"lazy\" decoding=\"async\" class=\"alignright\" src=\"http:\/\/www.radnotiiskola.hu\/web\/images\/stories\/2012\/radnoti_emlekmu.png\" alt=\"radnoti emlekmu\" width=\"425\" height=\"306\">E nagym\u00e9rt\u00e9k\u0171 eml\u00e9keket \u0151rzik a ma is megl\u00e9v\u0151 kis fekete-feh\u00e9r f\u00e9nyk\u00e9pek. Ekkor \u00edrtak ki p\u00e1ly\u00e1zatot egy \u00fajabb Radn\u00f3ti eml\u00e9km\u0171 elk\u00e9sz\u00edt\u00e9s\u00e9re. El\u0151sz\u00f6r a mai Elvis Park k\u00f6rny\u00e9k\u00e9re tervezt\u00e9k. Az iskolavezet\u00e9s \u00fagy \u00e9rtes\u00fclt, hogy es\u00e9llyel p\u00e1ly\u00e1zik Ortutay Tam\u00e1s (Radn\u00f3ti\u00e9k keresztfia), aki a pepita f\u00fczetecske k\u0151be t\u00f6rdelt lapjait akarta fel\u00e1ll\u00edtani egy j\u00f3l v\u00e1lasztott versid\u00e9zettel. Azut\u00e1n volt olyan p\u00e1ly\u00e1z\u00f3, aki az iskol\u00e1nak aj\u00e1nd\u00e9kozta a makettet (\u0151 a hal\u00e1lmenetet \u00e1lmodta szoborba). V\u00e9g\u00fcl Melocco Mikl\u00f3s ker\u00fclt ki gy\u0151ztesen Radn\u00f3ti szobor alakj\u00e1val, amelyet a r\u00e9gi B\u00e9csi \u00faton helyeztek el. Az\u00f3ta is itt tiszteleg vir\u00e1ggal az iskola minden \u00e9vben Radn\u00f3ti h\u00e9t rendezv\u00e9ny sorozatainak nyit\u00e1nyak\u00e9nt.<\/span><\/p>\n<p><span style=\"font-family: arial, helvetica, sans-serif;\"><img loading=\"lazy\" decoding=\"async\" class=\"alignleft\" src=\"http:\/\/www.radnotiiskola.hu\/web\/images\/stories\/2012\/iskola_ma.jpg\" alt=\"iskola ma\" width=\"485\" height=\"325\">M\u00e1sf\u00e9l \u00e9v kihelyez\u00e9s ut\u00e1n 1974. szeptember elsej\u00e9re \u2013 hat\u00e1rid\u0151re elk\u00e9sz\u00fclt az iskola fel\u00faj\u00edt\u00e1sa \u00e9s az emeletr\u00e1\u00e9p\u00edt\u00e9s. Az akkori v\u00e9g\u00f6sszeg 11 milli\u00f3 forint volt. A visszak\u00f6lt\u00f6z\u00e9sben a tan\u00e1ri kar szinte erej\u00e9t meghaladva dolgozott. Igaz seg\u00edtettek a kisk\u00fati Hat\u00e1r\u0151rs\u00e9g egys\u00e9gei, s a Szovjet Hely\u0151rs\u00e9g katon\u00e1i is. A r\u00e9gi b\u00fatorokkal egy\u00fctt meg\u00e9rkeztek a k\u00f6zponti keret terh\u00e9re rendelt \u00faj b\u00fatorok is.<\/span><\/p>\n<p><span style=\"font-family: arial, helvetica, sans-serif;\">A fel\u00faj\u00edtott \u00e9p\u00fcletben 15 tantermet rendeztek be, amelyb\u0151l kett\u0151 elad\u00f3 (fizika \u00e9s k\u00e9mia), kett\u0151 gyakorlati foglalkoz\u00e1si terem, kett\u0151 napk\u00f6zis eb\u00e9dl\u0151, h\u00e1rom szert\u00e1r, egy-egy tornaterem, tan\u00e1ri szoba, igazgat\u00f3i \u00e9s gondnoki iroda lett. Bevezett\u00e9k a k\u00f6zponti f\u0171t\u00e9st, amely lehet\u0151v\u00e9 tette a vask\u00e1lyh\u00e1k szan\u00e1l\u00e1s\u00e1t.<\/span><\/p>\n<p><span style=\"font-family: arial, helvetica, sans-serif;\"><strong>1978: az iskola fenn\u00e1ll\u00e1s\u00e1nak 75. \u00e9ve<\/strong><\/span><\/p>\n<p><span style=\"font-family: arial, helvetica, sans-serif;\"><img loading=\"lazy\" decoding=\"async\" class=\"alignleft\" src=\"http:\/\/www.radnotiiskola.hu\/web\/images\/stories\/2012\/pecsinger.jpg\" alt=\"pecsinger\" width=\"274\" height=\"374\">P\u00e9csinger J\u00e1nos igazgat\u00f3s\u00e1ga alatt, 1978-ban \u00fcnnepelte az iskola fenn\u00e1ll\u00e1s\u00e1nak 75. \u00e9ves \u00e9vfordul\u00f3j\u00e1t. Akkor ker\u00fclt sor az iskol\u00e1ban a Radn\u00f3ti fal kialak\u00edt\u00e1s\u00e1ra, a Radn\u00f3ti domborm\u0171 leleplez\u00e9s\u00e9re. (1978. j\u00fanius 10.)<\/span><\/p>\n<p><span style=\"font-family: arial, helvetica, sans-serif;\">Szab\u00f3 Alajos fest\u0151m\u0171v\u00e9sz \u201eMartin\u00e1sz\u201d c\u00edm\u0171 festm\u00e9ny\u00e9t kapta az iskola aj\u00e1nd\u00e9kba a m\u0171v\u00e9sz \u2013 tan\u00e1r \u00f6zvegy\u00e9t\u0151l. (Szab\u00f3 Alajos a fi\u00fa polg\u00e1ri tanul\u00f3ja volt, majd tan\u00e1ra, az 1938\/39-ben v\u00e9gzett polg\u00e1rista fi\u00fak IV. b. oszt\u00e1ly\u00e1nak az oszt\u00e1lyf\u0151n\u00f6ke.)<\/span><\/p>\n<p><span style=\"font-family: arial, helvetica, sans-serif;\">A 75 \u00e9ves \u00e9vfordul\u00f3 alkalm\u00e1b\u00f3l kezdett az iskola tan\u00e1ri kara gy\u0171jt\u0151munk\u00e1ba: iskolai jegyz\u0151k\u00f6nyvek, iratok, anyak\u00f6nyvi kivonatok lapozgat\u00e1sa mellett felkerest\u00e9k a volt pedag\u00f3gusokat, tan\u00edtv\u00e1nyokat k\u00e9rve, hogy eml\u00e9keiket vess\u00e9k pap\u00edrra.<\/span><\/p>\n<p><span style=\"font-family: arial, helvetica, sans-serif;\">1946\/47-ben m\u00e9g cserk\u00e9szcsapat is m\u0171k\u00f6d\u00f6tt az iskol\u00e1ban, de az 1947-es els\u0151 \u00edr\u00e1sos feljegyz\u00e9sek m\u00e1r kezd\u0151d\u0151 \u00fatt\u00f6r\u0151csapat munk\u00e1j\u00e1r\u00f3l is sz\u00f3ltak. T\u00far\u00e1k, vet\u00e9lked\u0151k, t\u00e1boroz\u00e1sok, (H\u00e9derv\u00e1r, Csopak, Bakony, Als\u00f3\u00f6rs, M\u00e1riaf\u00fcrd\u0151, Balatonvil\u00e1gos, Gyenesdi\u00e1s, Badacsonyl\u00e1bdi) megannyi eml\u00e9ke maradt fenn\u00edr\u00e1sokban, f\u00e9nyk\u00e9peken meg\u0151rizve.<\/span><\/p>\n<p><span style=\"font-family: arial, helvetica, sans-serif;\">\u00c9vk\u00f6nyvekben ker\u00fclt sor a megeml\u00e9kez\u00e9sek \u00e9s visszaeml\u00e9kez\u00e9sek mellet az igazgat\u00f3k nev\u00e9nek felsorol\u00e1s\u00e1ra, az 1945-t\u0151l ott tan\u00edt\u00f3 pedag\u00f3gusok, valamint az iskola dolgoz\u00f3inak \u00e9s a jubileumi \u00e9vben ott tanul\u00f3 di\u00e1koknak a n\u00e9v szerinti felsorol\u00e1sa is.<\/span><\/p>\n<p><span style=\"font-family: arial, helvetica, sans-serif;\">1978-ban jelent meg az \u00faj tanterv, \u00edgy megint \u00faj feladatok v\u00e1rt\u00e1k a pedag\u00f3gusokat \u00e9s a tanul\u00f3kat, hogy az \u00fajabb c\u00e9lkit\u0171z\u00e9seknek tegyenek eleget.<\/span><\/p>\n<p><span style=\"font-family: arial, helvetica, sans-serif;\">A p\u00e1lyav\u00e1laszt\u00e1st el\u0151seg\u00edt\u0151 fizikai munka 2 h\u00e9tig volt k\u00f6telez\u0151 a 8. oszt\u00e1lyosok sz\u00e1m\u00e1ra. \u00cdgy ker\u00fcltek az akkori di\u00e1kos a Lensz\u00f6v\u0151be, Keksz-\u00e9s ostyagy\u00e1rba, a N\u00f6v\u00e9nyolajgy\u00e1rba, a Graboplastba vagy \u00e9ppen a Koronc\u00f3i TSZ-be.<\/span><\/p>\n<p><span style=\"font-family: arial, helvetica, sans-serif;\">A sz\u00ednh\u00e1zl\u00e1togat\u00e1sok nem csak el\u0151ad\u00e1sok megtekint\u00e9s\u00e9t jelentett\u00e9k, hanem eljutottak a tanul\u00f3k a \u201ekulissz\u00e1k m\u00f6g\u00e9\u201d is, els\u0151sorban Guly\u00e1s S\u00e1ndornak (ma nyugd\u00edjas karnagy) k\u00f6sz\u00f6nhet\u0151en.<\/span><\/p>\n<p><span style=\"font-family: arial, helvetica, sans-serif;\">Mind a mai napig serlegek,&nbsp; oklevelek, \u00e9rmek bizony\u00edtj\u00e1k, hogy a Radn\u00f3ti Iskol\u00e1ban t\u00f6bb sport\u00e1gban akt\u00edv tev\u00e9kenys\u00e9g folyt \u00e9s folyik jelenleg is.<\/span><\/p>\n<p><span style=\"font-family: arial, helvetica, sans-serif;\"><img loading=\"lazy\" decoding=\"async\" class=\"alignright\" src=\"http:\/\/www.radnotiiskola.hu\/web\/images\/stories\/2012\/marosi.jpg\" alt=\"marosi\" width=\"272\" height=\"319\">Az 1980-as \u00e9vek \u00fajra, nem \u00e9ppen kedvez\u0151 v\u00e1ltoz\u00e1st hoztak az iskola \u00e9let\u00e9be. Az \u00f6sszevon\u00e1sok, k\u00f6rzetes\u00edt\u00e9sek ideje k\u00f6vetkezett be haz\u00e1nkban is. \u00cdgy a Radn\u00f3ti Iskol\u00e1t az 1981\/82-es tan\u00e9vt\u0151l \u00f6sszevont\u00e1k a Bart\u00f3k B\u00e9la \u00c1ltal\u00e1nos Iskol\u00e1val. Az iskola hivatalos neve: 2. sz. \u00c1ltal\u00e1nos Iskolai K\u00f6rzet lett. A k\u00f6zpont a Radn\u00f3ti Iskola maradt Marosi Istv\u00e1n igazgat\u00f3val , \u00e9vfolyamonk\u00e9nt p\u00e1rhuzamos oszt\u00e1lyokkal. A Bart\u00f3k Iskol\u00e1ban egy igazgat\u00f3 helyettes volt, 1-8. oszt\u00e1lyig egy-egy kisebb l\u00e9tsz\u00e1m\u00fa oszt\u00e1llyal az \u00f6sszevon\u00e1st\u00f3l az \u00fan. \u201ec\u201d oszt\u00e1lyokkal. A Radn\u00f3ti Iskola tantest\u00fclet\u00e9nek nagy r\u00e9sze \u201e\u00e1ttan\u00edtott\u201d, illetve a Bart\u00f3k Iskola tanul\u00f3i \u00e1tj\u00e1rtak a Radn\u00f3ti szaktantermeibe. (pl.: k\u00e9mia, testnevel\u00e9s, gyakorlati oktat\u00e1s stb.)<\/span><\/p>\n<p><span style=\"font-family: arial, helvetica, sans-serif;\">A mindennapi munka kev\u00e9sb\u00e9 igazolta a k\u00e9t k\u00fcl\u00f6nb\u00f6z\u0151 profil\u00fa iskola \u00f6sszetartoz\u00e1s\u00e1nak el\u0151nyeit. 1991 m\u00e1rcius\u00e1ban sz\u00e9tv\u00e1lt a k\u00e9t iskola. Ett\u0151l kezdve \u00e9s jelenleg is a Radn\u00f3ti Mikl\u00f3s \u00c1ltal\u00e1nos Iskola nevet viseli int\u00e9zm\u00e9ny\u00fcnk. Fenntart\u00f3ja: Gy\u0151r Megyei Jog\u00fa V\u00e1ros \u00d6nkorm\u00e1nyzata.<\/span><\/p>\n<p><span style=\"font-family: arial, helvetica, sans-serif;\"><strong>A sz\u00e9tv\u00e1l\u00e1s ut\u00e1n<\/strong><\/span><\/p>\n<p><span style=\"font-family: arial, helvetica, sans-serif;\">1989-1990-ben, az elkezd\u0151d\u00f6tt t\u00e1rsadalmi v\u00e1ltoz\u00e1sok folyamat\u00e1t Gy\u0151r v\u00e1ros oktat\u00e1si int\u00e9zm\u00e9nyeinek gyors \u00e1talakul\u00e1sa k\u00f6vette. Az 1991\/92-es tan\u00e9vben \u00e9rlel\u0151dtek meg jelent\u0151s v\u00e1ltoz\u00e1sok. A kor\u00e1bban integr\u00e1lt int\u00e9zm\u00e9nyek megsz\u0171ntek. Az \u00e1llami iskol\u00e1k legt\u00f6bbje a v\u00e1rosi \u00f6nkorm\u00e1nyzat fenntart\u00f3i jogk\u00f6r\u00e9be ker\u00fclt. Helyre \u00e1llt a t\u00f6rt\u00e9nelmi egyh\u00e1zak iskol\u00e1ztat\u00e1si joga \u00e9s szerepe.<\/span><\/p>\n<p><span style=\"font-family: arial, helvetica, sans-serif;\">Mindenint\u00e9zm\u00e9ny \u00faj feladatokat keresett, hogy a fejl\u0151d\u00e9s lehet\u0151s\u00e9geinek a legjobban megfeleljen. \u00daj fejleszt\u00e9si programot k\u00e9sz\u00edtettek az iskol\u00e1k. Napjainkra valamennyi \u00e1ltal\u00e1nos iskola-\u00edgy a Radn\u00f3ti is- kialak\u00edtotta \u00faj saj\u00e1tos arculat\u00e1t.<\/span><\/p>\n<p><span style=\"font-family: arial, helvetica, sans-serif;\">Pedag\u00f3giai Programunkban fogalmaztuk meg k\u00fcldet\u00e9snyilatkozatunkat, mely meghat\u00e1rozza az iskola oktat\u00f3-nevel\u0151 munk\u00e1j\u00e1nak ir\u00e1nyvonal\u00e1t: \u201eAz alapfok\u00fa nevel\u00e9s-oktat\u00e1s keretein bel\u00fcl az es\u00e9lyteremt\u00e9ssel, tehets\u00e9ggondoz\u00e1ssal, felz\u00e1rk\u00f3ztat\u00e1ssal kibontakoztatni az egy\u00e9ni k\u00e9pess\u00e9geket, a szem\u00e9lyis\u00e9get a tov\u00e1bbtanul\u00e1shoz, a t\u00e1rsadalmi beilleszked\u00e9shez. Az iskola f\u0151 profilja a nyelvoktat\u00e1s ett\u0151l kezd\u0151d\u0151en \u00fajra karakteres form\u00e1t \u00f6lthetett. 1990-t\u0151l kezd\u0151d\u0151en sz\u00fcl\u0151i kezdem\u00e9nyez\u00e9sre az orosz nyelv helyett ism\u00e9t a n\u00e9met nyelv oktat\u00e1sa kezd\u0151d\u00f6tt el. Az angol nyelv tan\u00edt\u00e1sa szakos\u00edtott tanterv szerint folytat\u00f3dott. Jelenleg az els\u0151 \u00e9s m\u00e1sodik \u00e9vfolyamon a k\u00e9t idegen nyelvvel el\u0151k\u00e9sz\u00edt\u0151 szinten ismerkednek a tanul\u00f3k, harmadik oszt\u00e1lyt\u00f3l a n\u00e9met nyelvet k\u00f6telez\u0151en, az angolt v\u00e1laszthat\u00f3 form\u00e1ban heti n\u00e9gy \u00f3r\u00e1ban tanulj\u00e1k.<\/span><\/p>\n<p><span style=\"font-family: arial, helvetica, sans-serif;\">A Radn\u00f3ti Iskola szakmai elismer\u00e9snek tekintheti, hogy k\u00fcls\u0151 gyakorl\u00f3 helyk\u00e9nt, t\u00f6bb mint egy \u00e9vtizede \u00e1ll kapcsolatban a gy\u0151ri Ap\u00e1czai Csere J\u00e1nos Tan\u00edt\u00f3k\u00e9pz\u0151 F\u0151iskol\u00e1val \u00e9s a szombathelyi valamint budapesti tan\u00e1rk\u00e9pz\u0151 int\u00e9zm\u00e9nyekkel. Tan\u00e1raink F\u0151iskol\u00e1sok sor\u00e1t k\u00e9sz\u00edtett\u00e9k fel a nevel\u0151 oktat\u00f3 munk\u00e1ra szakmai gyakorlatvezet\u00e9s keret\u00e9n bel\u00fcl.<\/span><\/p>\n<p><span style=\"font-family: arial, helvetica, sans-serif;\"><img loading=\"lazy\" decoding=\"async\" class=\"alignright\" src=\"http:\/\/www.radnotiiskola.hu\/web\/images\/stories\/2012\/juhszn%20csordos%20tnde%20megyei%20szervez.jpg\" alt=\"juhszn csordos tnde megyei szervez\" width=\"348\" height=\"261\">1991-ben indult el Kecskem\u00e9tr\u0151l az Orsz\u00e1gos Zr\u00ednyi Ilona matematika verseny. A Radn\u00f3ti Iskola kezdett\u0151l fogva v\u00e1llalta \u00e9s napjainkban is megszervezi a verseny lebonyol\u00edt\u00e1s\u00e1t r\u00e9gi\u00f3inkban.<\/span><\/p>\n<p><span style=\"font-family: arial, helvetica, sans-serif;\">1992-t\u0151l ker\u00fclt sor a sz\u00e1m\u00edt\u00e1stechnika tant\u00e1rgy bevezet\u00e9s\u00e9re a 7-8. \u00e9vfolyamokon, napjainkban az ig\u00e9nyekhez igazodva 3. oszt\u00e1lyt\u00f3l tan\u00edtjuk.<\/span><\/p>\n<p><span style=\"font-family: arial, helvetica, sans-serif;\">1993-ban a nevel\u0151test\u00fclet kezdem\u00e9nyez\u00e9s\u00e9re l\u00e9trej\u00f6tt a Radn\u00f3ti Alap\u00edtv\u00e1ny a Gyermekek\u00e9rt, az Iskol\u00e1\u00e9rt, melynek alap\u00edt\u00e1s\u00e1hoz a sz\u00fcl\u0151k is csatlakoztak. C\u00e9lja Kett\u0151s: egyr\u00e9szt a tanul\u00f3k anyagi \u00e9s oktat\u00e1si jelleg\u0171 t\u00e1mogat\u00e1sa, m\u00e1sr\u00e9szt az iskolai oktat\u00e1s sz\u00ednvonal\u00e1nak emel\u00e9se. T\u00edz \u00e9ves m\u0171k\u00f6d\u00e9se alatt jelent\u0151sen seg\u00edtette c\u00e9ljainak megval\u00f3sul\u00e1s\u00e1t. Az Int\u00e9zm\u00e9ny folyamatosan sz\u00e1m\u00edthat az alap\u00edtv\u00e1ny t\u00e1mogat\u00e1s\u00e1ra, melynek vagyon\u00e1t sz\u00fcl\u0151i t\u00e1mogat\u00e1sok \u00e9s a m\u00e1r hagyom\u00e1nyos sz\u00fcl\u0151k-nevel\u0151k b\u00e1lj\u00e1nak bev\u00e9tele is gyarap\u00edtja.<\/span><\/p>\n<p><span style=\"font-family: arial, helvetica, sans-serif;\">M\u00e9g ebben az \u00e9vben adta ki az iskola el\u0151sz\u00f6r a \u201eRadn\u00f3tis \u00c9rdemes Di\u00e1k\u201d c\u00edmet, melyet az a tanul\u00f3 nyerhet el, aki nyolc \u00e9ven kereszt\u00fcl kit\u0171n\u0151 eredm\u00e9nnyel v\u00e9gzi tanulm\u00e1nyait, magatart\u00e1sa p\u00e9ldamutat\u00f3 \u00e9s tanulm\u00e1nyi versenyeken el\u00e9rt sikereivel \u00f6regb\u00edti az iskola h\u00edrnev\u00e9t.<\/span><\/p>\n<p><span style=\"font-family: arial, helvetica, sans-serif;\">1994-ben csatlakozott az iskola a Szab\u00f3 L\u0151rinc Alap\u00edtv\u00e1nyhoz.<\/span><\/p>\n<p><span style=\"font-family: arial, helvetica, sans-serif;\">1995. Az orsz\u00e1gos Szab\u00f3 L\u0151rinc Alap\u00edtv\u00e1ny Kurat\u00f3riuma megk\u00f6sz\u00f6nte iskol\u00e1nk elk\u00f6telezetts\u00e9g\u00e9t, amit a Radn\u00f3ti szellem \u00f6r\u00f6ks\u00e9g\u00e9nek meg\u0151rz\u00e9s\u00e9\u00e9rt, \u00e9s rajta kereszt\u00fcl nemzeti kult\u00far\u00e1nk \u00e1pol\u00e1s\u00e1\u00e9rt tett. Ifj. Szab\u00f3 L\u0151rinct\u0151l\/L\u00f3ci\/ eddig kiadatlan Radn\u00f3ti verset kaptunk aj\u00e1nd\u00e9kba.<\/span><\/p>\n<p><span style=\"font-family: arial, helvetica, sans-serif;\">1999-ben a Szab\u00f3 L\u0151rinc Iskolal\u00e1nc tagjak\u00e9nt szervezt\u00fck meg a nyugat-dun\u00e1nt\u00fali \u00e1ltal\u00e1nos \u00e9s k\u00f6z\u00e9piskol\u00e1sok region\u00e1lis Szab\u00f3 L\u0151rinc szaval\u00f3verseny\u00e9t.<\/span><\/p>\n<p><span style=\"font-family: arial, helvetica, sans-serif;\">200-t\u0151l kezd\u0151d\u0151en- az iskol\u00e1t \u00e9rint\u0151 kih\u00edv\u00e1soknak megfelel\u0151en- nevel\u0151ink \u00fajabb \u00e9s \u00fajabb szakmai tov\u00e1bbk\u00e9pz\u00e9seken, \u00e1tk\u00e9pz\u00e9seken fejlesztik pedag\u00f3giai ismereteiket, melyeket alkot\u00f3 m\u00f3don \u00e9p\u00edt\u00fcnk be mindennapi munk\u00e1nkba.<\/span><\/p>\n<p><span style=\"font-family: arial, helvetica, sans-serif;\">Jelent\u0151s szerepet kap iskol\u00e1nkban az eg\u00e9szs\u00e9gnevel\u00e9s, melyet egyr\u00e9szt oszt\u00e1lyf\u0151n\u00f6ki, term\u00e9szettudom\u00e1nyi \u00f3r\u00e1kon, m\u00e1sr\u00e9szt a p\u00e1ly\u00e1zati lehet\u0151s\u00e9geket kihaszn\u00e1lva tan\u00f3r\u00e1n k\u00edv\u00fcl szervez\u00fcnk. Az eg\u00e9szs\u00e9gnevel\u00e9s napi gyakorlat\u00e1t er\u0151s\u00edtette, \u00e9s er\u0151s\u00edti ma is az 1986-ban megalakult iskola Di\u00e1ksportk\u00f6r, mely versenyeivel, rendezv\u00e9nyeivel sz\u00e1mtalan lehet\u0151s\u00e9get biztos\u00edt a t\u00f6meges\u00edt\u00e9s mellett-a sportban kiemelked\u0151 tanul\u00f3k tehets\u00e9ggondoz\u00e1s\u00e1ra.<\/span><\/p>\n<p><span style=\"font-family: arial, helvetica, sans-serif;\">A tanul\u00e1si neh\u00e9zs\u00e9gek lek\u00fczd\u00e9s\u00e9t seg\u00edti a besz\u00e9dfejleszt\u0151 foglalkoz\u00e1sok bevezet\u00e9se a r\u00e1szorul\u00f3 di\u00e1kok sz\u00e1m\u00e1ra.<\/span><\/p>\n<p><span style=\"font-family: arial, helvetica, sans-serif;\">A tan\u00edt\u00e1si \u00f3r\u00e1kon k\u00edv\u00fcl szervezett programok szorosan kapcsol\u00f3dnak az oktat\u00f3-nevel\u0151 munk\u00e1hoz. Hagyom\u00e1nyos \u00e9s jeles napokhoz k\u00f6t\u0151d\u0151 \u00fcnnepek mellett kiemelked\u0151 a n\u00e9vad\u00f3nk nev\u00e9hez k\u00f6t\u0151d\u0151 Radn\u00f3ti-H\u00e9t \u00fcnneps\u00e9gsorozata irodalmi, kultur\u00e1lis, term\u00e9szettudom\u00e1nyi \u00e9s sportprogramjaival, eml\u00e9khelyek felkeres\u00e9s\u00e9vel. Az iskola mindig nyitott volt a t\u00e1rsadalom, a v\u00e1ros, a sz\u00fcl\u0151k fel\u00e9. A sz\u00fcl\u0151k az \u00e9rdekl\u0151d\u00e9s\u00fcknek \u00e9s a lehet\u0151s\u00e9geiknek megfelel\u0151en bekapcsol\u00f3dhatnak az iskola \u00e1ltal szervezett programokba, iskolai \u00fcnneps\u00e9gekbe. Ebben jelent\u0151s szerep jut a Sz\u00fcl\u0151i Munkak\u00f6z\u00f6ss\u00e9gnek.&nbsp;<\/span><\/p>\n<p><span style=\"font-family: arial, helvetica, sans-serif;\">A radn\u00f3tis di\u00e1kok, az iskolai \u00e9let \u201ef\u0151szerepl\u0151i\u201d , sz\u00e1mos tanulm\u00e1nyi verseny rendez\u0151i \u00e9s r\u00e9sztvev\u0151i. H\u00e1zi, v\u00e1rosi, megyei, region\u00e1lis, orsz\u00e1gos versenyeken bizony\u00edtott\u00e1k \u00e9s bizony\u00edtj\u00e1k tud\u00e1sukat, felk\u00e9sz\u00fclts\u00e9g\u00fcket. A k\u00fcl\u00f6nb\u00f6z\u0151 vet\u00e9lked\u0151k, p\u00e1ly\u00e1zatok gazdag\u00edtj\u00e1k, sz\u00e9les\u00edtik tanul\u00f3ink l\u00e1t\u00f3k\u00f6r\u00e9t, seg\u00edti \u0151ket eligazodni a vil\u00e1g dolgaiban. A nyitotts\u00e1g szolg\u00e1lja a p\u00e1lyair\u00e1nyul\u00e1st, j\u00f6vend\u0151 \u00e9let\u00fck alak\u00edt\u00e1s\u00e1t.<\/span><\/p>\n\n","protected":false},"excerpt":{"rendered":"<p>Iskol\u00e1nk t\u00f6rt\u00e9nete | Igazgat\u00f3k | Tan\u00e1rok | Oszt\u00e1lyok ann\u00f3 Iskol\u00e1nk t\u00f6rt\u00e9nete A m\u00falt megismer\u00e9se rendk\u00edv\u00fcl fontos egy int\u00e9zm\u00e9ny \u00e9let\u00e9ben. Az elm\u00falt \u00e9vtizedek t\u00f6rt\u00e9nete gazdag\u00edtja a jelent, de \u201ea m\u00falt a j\u00f6vend\u0151nek \u201et\u00fck\u00f6re\u201d is valljuk \u00e9s hissz\u00fck Kossuthtal egy\u00fctt. A t\u00f6rt\u00e9nelem mag\u00e1val hozza tanuls\u00e1gait. \u00cdgy van ez iskol\u00e1nk \u00e9let\u00e9ben is. Az elm\u00falt 100 \u00e9v k\u00f6telez benn\u00fcnket [&hellip;]<\/p>\n","protected":false},"author":1,"featured_media":0,"parent":0,"menu_order":0,"comment_status":"closed","ping_status":"closed","template":"","meta":{"ngg_post_thumbnail":0,"footnotes":""},"class_list":["post-77","page","type-page","status-publish","hentry"],"_links":{"self":[{"href":"http:\/\/www.radnotiiskola.hu\/new\/wp-json\/wp\/v2\/pages\/77","targetHints":{"allow":["GET"]}}],"collection":[{"href":"http:\/\/www.radnotiiskola.hu\/new\/wp-json\/wp\/v2\/pages"}],"about":[{"href":"http:\/\/www.radnotiiskola.hu\/new\/wp-json\/wp\/v2\/types\/page"}],"author":[{"embeddable":true,"href":"http:\/\/www.radnotiiskola.hu\/new\/wp-json\/wp\/v2\/users\/1"}],"replies":[{"embeddable":true,"href":"http:\/\/www.radnotiiskola.hu\/new\/wp-json\/wp\/v2\/comments?post=77"}],"version-history":[{"count":0,"href":"http:\/\/www.radnotiiskola.hu\/new\/wp-json\/wp\/v2\/pages\/77\/revisions"}],"wp:attachment":[{"href":"http:\/\/www.radnotiiskola.hu\/new\/wp-json\/wp\/v2\/media?parent=77"}],"curies":[{"name":"wp","href":"https:\/\/api.w.org\/{rel}","templated":true}]}}