{"id":79,"date":"2018-09-30T09:11:08","date_gmt":"2018-09-30T09:11:08","guid":{"rendered":"http:\/\/www.radnotiiskola.hu\/new\/?page_id=79"},"modified":"2023-03-02T17:41:21","modified_gmt":"2023-03-02T17:41:21","slug":"dok","status":"publish","type":"page","link":"http:\/\/www.radnotiiskola.hu\/new\/dok\/","title":{"rendered":"D\u00d6K"},"content":{"rendered":"\n<p>A di\u00e1k\u00f6nkorm\u00e1nyzat munkaterve <a href=\"https:\/\/docs.google.com\/document\/d\/1pKwEx5G-Xoi4Ig09OgS7dS-WYKbfiHZA\/edit?usp=share_link&amp;ouid=103766609354851008732&amp;rtpof=true&amp;sd=true\">ide<\/a> kattintva tekinthet\u0151 meg.&nbsp;<\/p>\n<h1>EUR\u00d3PAI DI\u00c1KSPORT NAPJA<\/h1>\n<p><strong>F<img loading=\"lazy\" decoding=\"async\" class=\"size-medium wp-image-3447 alignright\" src=\"http:\/\/www.radnotiiskola.hu\/new\/wp-content\/uploads\/2023\/03\/diaksport-300x254.png\" alt=\"\" width=\"300\" height=\"254\" srcset=\"http:\/\/www.radnotiiskola.hu\/new\/wp-content\/uploads\/2023\/03\/diaksport-300x254.png 300w, http:\/\/www.radnotiiskola.hu\/new\/wp-content\/uploads\/2023\/03\/diaksport.png 322w\" sizes=\"auto, (max-width: 300px) 100vw, 300px\" \/>\u0151 c\u00e9lja, hogyan lehet hullad\u00e9kmentes m\u00f3don di\u00e1ksport esem\u00e9nyt szervezni. <\/strong><strong>A \u201eGoing Green\u201d, azaz az \u201eIr\u00e1ny a z\u00f6ld!\u201d \u00fczenet be\u00e9p\u00edt\u00e9se a mai napba. <\/strong><strong>A rossz id\u0151 miatt most az iskol\u00e1ban tartottuk, de nagyon \u00e9lvezt\u00e9k a gyerekek a j\u00e1t\u00e9kokat.<\/strong><\/p>\n<p>szeptember 30.<br><strong style=\"font-size: inherit;\"><em>Helyez\u00e9sek:&nbsp;&nbsp;<\/em><\/strong><\/p>\n<p><strong><em>Als\u00f3ban:&nbsp; <\/em><\/strong>Nagy k\u00fczdelemben, sz\u00e9pen szerepelt az 1. a oszt\u00e1ly \u00e9s a 2. a oszt\u00e1ly k\u00f6z\u00f6sen szervezett k\u00e9t csapata<\/p>\n<ol>\n<li>helyez\u00e9st \u00e9rt el a 4. a oszt\u00e1ly \u00e9s 2. helyez\u00e9st \u00e9rt el a 3. a \u00e9s 3. b oszt\u00e1ly k\u00f6z\u00f6s csapata<\/li>\n<\/ol>\n<p><strong><em>Fels\u0151ben:<\/em><\/strong><\/p>\n<ol>\n<li>helyez\u00e9st \u00e9rt el a 6. a oszt\u00e1ly \u00e9s 2. helyez\u00e9st \u00e9rt el az 5. a oszt\u00e1ly csapata<\/li>\n<li>helyez\u00e9st \u00e9rt el a 8. oszt\u00e1ly \u00e9s 2. helyez\u00e9st \u00e9rt el a 7. oszt\u00e1ly csapata<\/li>\n<\/ol>\n<p><strong><em>Szervez\u0151: <\/em><\/strong>Harcs\u00e1n\u00e9 A. Petra<\/p>\n<p>&nbsp;<\/p>\n<h1><strong>Pap\u00edrgy\u0171jt\u00e9s&nbsp;<\/strong><\/h1>\n<p><strong>Als\u00f3ban a 2. a oszt\u00e1ly gy\u0171jt\u00f6tte a legt\u00f6bb pap\u00edrt: 331 kg.<\/strong><\/p>\n<p><strong>Fels\u0151ben az 5. a oszt\u00e1ly 691 kg pap\u00edrt hozott be.<\/strong><\/p>\n<p><strong>\u00d6sszesen 2472 kg pap\u00edr gy\u0171lt \u00f6ssze, ami 46.000 forint.<\/strong><\/p>\n<p><img loading=\"lazy\" decoding=\"async\" class=\"size-medium wp-image-3448 aligncenter\" src=\"http:\/\/www.radnotiiskola.hu\/new\/wp-content\/uploads\/2023\/03\/koszont-300x251.png\" alt=\"\" width=\"300\" height=\"251\" srcset=\"http:\/\/www.radnotiiskola.hu\/new\/wp-content\/uploads\/2023\/03\/koszont-300x251.png 300w, http:\/\/www.radnotiiskola.hu\/new\/wp-content\/uploads\/2023\/03\/koszont.png 342w\" sizes=\"auto, (max-width: 300px) 100vw, 300px\" \/><\/p>\n<h1>Adventi v\u00e1s\u00e1r&nbsp;<\/h1>\n<p><strong>2022.12.13 \u2013\u00e1n sikeresen lezajlott az adventi v\u00e1s\u00e1r, a gyerekek boldogan sz\u00e1molt\u00e1k a befolyt \u00f6sszeget, amivel az oszt\u00e1lyp\u00e9nz\u00fcket gyarap\u00edtott\u00e1k.<\/strong><\/p>\n<p><img loading=\"lazy\" decoding=\"async\" class=\"alignnone size-medium wp-image-3450\" src=\"http:\/\/www.radnotiiskola.hu\/new\/wp-content\/uploads\/2023\/03\/niri-257x300.png\" alt=\"\" width=\"257\" height=\"300\" srcset=\"http:\/\/www.radnotiiskola.hu\/new\/wp-content\/uploads\/2023\/03\/niri-257x300.png 257w, http:\/\/www.radnotiiskola.hu\/new\/wp-content\/uploads\/2023\/03\/niri.png 620w\" sizes=\"auto, (max-width: 257px) 100vw, 257px\" \/> <img loading=\"lazy\" decoding=\"async\" class=\"alignnone size-medium wp-image-3451\" src=\"http:\/\/www.radnotiiskola.hu\/new\/wp-content\/uploads\/2023\/03\/nare-226x300.png\" alt=\"\" width=\"226\" height=\"300\" srcset=\"http:\/\/www.radnotiiskola.hu\/new\/wp-content\/uploads\/2023\/03\/nare-226x300.png 226w, http:\/\/www.radnotiiskola.hu\/new\/wp-content\/uploads\/2023\/03\/nare.png 558w\" sizes=\"auto, (max-width: 226px) 100vw, 226px\" \/><\/p>\n<p><img loading=\"lazy\" decoding=\"async\" class=\"alignnone size-full wp-image-3449\" src=\"http:\/\/www.radnotiiskola.hu\/new\/wp-content\/uploads\/2023\/03\/ati.png\" alt=\"\" width=\"424\" height=\"319\" srcset=\"http:\/\/www.radnotiiskola.hu\/new\/wp-content\/uploads\/2023\/03\/ati.png 424w, http:\/\/www.radnotiiskola.hu\/new\/wp-content\/uploads\/2023\/03\/ati-300x226.png 300w\" sizes=\"auto, (max-width: 424px) 100vw, 424px\" \/><\/p>\n<h1>SPORTKAR\u00c1CSONY<\/h1>\n<p><strong>2022.12.20<\/strong><\/p>\n<p><img loading=\"lazy\" decoding=\"async\" class=\"alignnone size-medium wp-image-3452\" src=\"http:\/\/www.radnotiiskola.hu\/new\/wp-content\/uploads\/2023\/03\/Nevtelen-300x226.png\" alt=\"\" width=\"300\" height=\"226\" srcset=\"http:\/\/www.radnotiiskola.hu\/new\/wp-content\/uploads\/2023\/03\/Nevtelen-300x226.png 300w, http:\/\/www.radnotiiskola.hu\/new\/wp-content\/uploads\/2023\/03\/Nevtelen-768x577.png 768w, http:\/\/www.radnotiiskola.hu\/new\/wp-content\/uploads\/2023\/03\/Nevtelen.png 774w\" sizes=\"auto, (max-width: 300px) 100vw, 300px\" \/> <img loading=\"lazy\" decoding=\"async\" class=\"size-medium wp-image-3453 alignright\" src=\"http:\/\/www.radnotiiskola.hu\/new\/wp-content\/uploads\/2023\/03\/kicsit-300x226.png\" alt=\"\" width=\"300\" height=\"226\" srcset=\"http:\/\/www.radnotiiskola.hu\/new\/wp-content\/uploads\/2023\/03\/kicsit-300x226.png 300w, http:\/\/www.radnotiiskola.hu\/new\/wp-content\/uploads\/2023\/03\/kicsit.png 758w\" sizes=\"auto, (max-width: 300px) 100vw, 300px\" \/><\/p>\n<p>&nbsp;<\/p>\n<p>&nbsp;<\/p>\n<p>&nbsp;<\/p>\n<p>&nbsp;<\/p>\n<h1><strong>FOCI VB RAJZP\u00c1LY\u00c1ZAT KATAR<\/strong><\/h1>\n<p>Nyertesek:&nbsp;<\/p>\n<p><img loading=\"lazy\" decoding=\"async\" class=\"alignnone size-full wp-image-3454\" src=\"http:\/\/www.radnotiiskola.hu\/new\/wp-content\/uploads\/2023\/03\/palyazat.png\" alt=\"\" width=\"838\" height=\"392\" srcset=\"http:\/\/www.radnotiiskola.hu\/new\/wp-content\/uploads\/2023\/03\/palyazat.png 838w, http:\/\/www.radnotiiskola.hu\/new\/wp-content\/uploads\/2023\/03\/palyazat-300x140.png 300w, http:\/\/www.radnotiiskola.hu\/new\/wp-content\/uploads\/2023\/03\/palyazat-768x359.png 768w\" sizes=\"auto, (max-width: 838px) 100vw, 838px\" \/><\/p>\n<h1><strong>Mikul\u00e1s-buli<\/strong><\/h1>\n<p><img loading=\"lazy\" decoding=\"async\" class=\"alignnone size-full wp-image-3455\" src=\"http:\/\/www.radnotiiskola.hu\/new\/wp-content\/uploads\/2023\/03\/buli.png\" alt=\"\" width=\"858\" height=\"646\" srcset=\"http:\/\/www.radnotiiskola.hu\/new\/wp-content\/uploads\/2023\/03\/buli.png 858w, http:\/\/www.radnotiiskola.hu\/new\/wp-content\/uploads\/2023\/03\/buli-300x226.png 300w, http:\/\/www.radnotiiskola.hu\/new\/wp-content\/uploads\/2023\/03\/buli-768x578.png 768w\" sizes=\"auto, (max-width: 858px) 100vw, 858px\" \/><\/p>\n<p><strong>December 15. tanulm\u00e1nyi verseny-Sz\u00e9p magyar besz\u00e9d, eredm\u00e9nyek:<br><\/strong><strong>Als\u00f3 \u00e9vfolyam I. helyezett Horv\u00e1th Rajmund 2.a, II. helyezett Grosik Em\u00edlia 3.a, III. helyezett Kal\u00e1nyos Roland 2.a<br><\/strong><strong>Fels\u0151 \u00e9vfolyam megosztott I. helyezett \u00c1rp\u00e1si Amanda 6.a \u00e9s Kelemeny Kincs\u0151 5.a, II. helyezett Kelemen Csaba 6.a.<\/strong><\/p>\n<p><strong>A k\u00f6vetkez\u0151 fordul\u00f3ra jutott tov\u00e1bb \u00c1rp\u00e1si Amanda (6.a), \u00e9s Kelemeny Kincs\u0151 (5.a) tanul\u00f3k, akik nagyon sz\u00e9pen helyt\u00e1lltak a Kazinczy Gimn\u00e1zium k\u00f6nyvt\u00e1r\u00e1ban tartott ter\u00fcleti d\u00f6nt\u0151n.<\/strong><\/p>\n<p><img loading=\"lazy\" decoding=\"async\" class=\"alignnone size-full wp-image-3456\" src=\"http:\/\/www.radnotiiskola.hu\/new\/wp-content\/uploads\/2023\/03\/verseny.png\" alt=\"\" width=\"814\" height=\"759\" srcset=\"http:\/\/www.radnotiiskola.hu\/new\/wp-content\/uploads\/2023\/03\/verseny.png 814w, http:\/\/www.radnotiiskola.hu\/new\/wp-content\/uploads\/2023\/03\/verseny-300x280.png 300w, http:\/\/www.radnotiiskola.hu\/new\/wp-content\/uploads\/2023\/03\/verseny-768x716.png 768w\" sizes=\"auto, (max-width: 814px) 100vw, 814px\" \/><\/p>\n<p><strong>Minden \u00e9vben megrendezett j\u00e9gnappal (janu\u00e1r 26.) z\u00e1rult a f\u00e9l\u00e9ves programunk, amit nagyon \u00e9lveztek a di\u00e1kok!<\/strong><\/p>\n<p><img loading=\"lazy\" decoding=\"async\" class=\"alignnone size-full wp-image-3457\" src=\"http:\/\/www.radnotiiskola.hu\/new\/wp-content\/uploads\/2023\/03\/kori.png\" alt=\"\" width=\"975\" height=\"735\" srcset=\"http:\/\/www.radnotiiskola.hu\/new\/wp-content\/uploads\/2023\/03\/kori.png 975w, http:\/\/www.radnotiiskola.hu\/new\/wp-content\/uploads\/2023\/03\/kori-300x226.png 300w, http:\/\/www.radnotiiskola.hu\/new\/wp-content\/uploads\/2023\/03\/kori-768x579.png 768w\" sizes=\"auto, (max-width: 975px) 100vw, 975px\" \/><\/p>\n","protected":false},"excerpt":{"rendered":"<p>A di\u00e1k\u00f6nkorm\u00e1nyzat munkaterve ide kattintva tekinthet\u0151 meg.&nbsp; EUR\u00d3PAI DI\u00c1KSPORT NAPJA F\u0151 c\u00e9lja, hogyan lehet hullad\u00e9kmentes m\u00f3don di\u00e1ksport esem\u00e9nyt szervezni. A \u201eGoing Green\u201d, azaz az \u201eIr\u00e1ny a z\u00f6ld!\u201d \u00fczenet be\u00e9p\u00edt\u00e9se a mai napba. A rossz id\u0151 miatt most az iskol\u00e1ban tartottuk, de nagyon \u00e9lvezt\u00e9k a gyerekek a j\u00e1t\u00e9kokat. szeptember 30.Helyez\u00e9sek:&nbsp;&nbsp; Als\u00f3ban:&nbsp; Nagy k\u00fczdelemben, sz\u00e9pen szerepelt az [&hellip;]<\/p>\n","protected":false},"author":1,"featured_media":0,"parent":0,"menu_order":0,"comment_status":"closed","ping_status":"closed","template":"","meta":{"ngg_post_thumbnail":0,"footnotes":""},"class_list":["post-79","page","type-page","status-publish","hentry"],"_links":{"self":[{"href":"http:\/\/www.radnotiiskola.hu\/new\/wp-json\/wp\/v2\/pages\/79","targetHints":{"allow":["GET"]}}],"collection":[{"href":"http:\/\/www.radnotiiskola.hu\/new\/wp-json\/wp\/v2\/pages"}],"about":[{"href":"http:\/\/www.radnotiiskola.hu\/new\/wp-json\/wp\/v2\/types\/page"}],"author":[{"embeddable":true,"href":"http:\/\/www.radnotiiskola.hu\/new\/wp-json\/wp\/v2\/users\/1"}],"replies":[{"embeddable":true,"href":"http:\/\/www.radnotiiskola.hu\/new\/wp-json\/wp\/v2\/comments?post=79"}],"version-history":[{"count":0,"href":"http:\/\/www.radnotiiskola.hu\/new\/wp-json\/wp\/v2\/pages\/79\/revisions"}],"wp:attachment":[{"href":"http:\/\/www.radnotiiskola.hu\/new\/wp-json\/wp\/v2\/media?parent=79"}],"curies":[{"name":"wp","href":"https:\/\/api.w.org\/{rel}","templated":true}]}}