{"id":853,"date":"2018-11-25T13:32:03","date_gmt":"2018-11-25T13:32:03","guid":{"rendered":"http:\/\/www.radnotiiskola.hu\/new\/?page_id=853"},"modified":"2018-11-25T13:32:03","modified_gmt":"2018-11-25T13:32:03","slug":"advent-budapesten-2017-december-7","status":"publish","type":"page","link":"http:\/\/www.radnotiiskola.hu\/new\/advent-budapesten-2017-december-7\/","title":{"rendered":"Advent Budapesten (2017. december 7.)"},"content":{"rendered":"<p><img loading=\"lazy\" decoding=\"async\" class=\"size-medium wp-image-854 alignright\" src=\"http:\/\/www.radnotiiskola.hu\/new\/wp-content\/uploads\/2018\/11\/Advent-300x200.png\" alt=\"\" width=\"300\" height=\"200\" srcset=\"http:\/\/www.radnotiiskola.hu\/new\/wp-content\/uploads\/2018\/11\/Advent-300x200.png 300w, http:\/\/www.radnotiiskola.hu\/new\/wp-content\/uploads\/2018\/11\/Advent.png 498w\" sizes=\"auto, (max-width: 300px) 100vw, 300px\" \/>A Millennium Utaz\u00e1si Iroda programszervez\u0151i el\u0151sz\u00f6r 2004 december\u00e9re hirdett\u00e9k meg az Advent Budapesten n\u00e9vre keresztelt j\u00f3t\u00e9konys\u00e1gi rendezv\u00e9nyt. S m\u00e1ra m\u00e1r t\u00f6bb ezer gyermeket aj\u00e1nd\u00e9koztak meg egy-egy csod\u00e1latos budapesti adventi kir\u00e1ndul\u00e1ssal.<\/p>\n<p>Az iroda szervez\u0151 munk\u00e1ja \u00e9s anyagi t\u00e1mogat\u00e1sa mellett t\u00f6bb szponzor is a j\u00f3 \u00fcgy mell\u00e9 \u00e1llt, s az els\u0151 sikeres programb\u00f3l hagyom\u00e1ny lett.<\/p>\n<p>&nbsp;<\/p>\n<p>A j\u00f3t\u00e9konys\u00e1gi\u00a0rendezv\u00e9ny 2004 \u00f3ta t\u00f6bb mint 10.000 gyermeknek csalt mosolyt az arc\u00e1ra.Az egynapos budapesti rendezv\u00e9nyre, vid\u00e9ki kis falvakb\u00f3l, v\u00e1rosokb\u00f3l \u00e9rkeztek olyan gyermekek a f\u0151v\u00e1rosba, akik k\u00f6z\u00fcl m\u00e9g sokan sohasem j\u00e1rtak Budapesten.<br \/>\nAz id\u00e9n iskol\u00e1nk is csatlakozott a programhoz. Olyan gyermekek jelentkez\u00e9s\u00e9t v\u00e1rtunk, akik sz\u00fcl\u0151i, gondvisel\u0151i er\u0151forr\u00e1sb\u00f3l nem juthatnak el hasonl\u00f3 programra, kir\u00e1ndul\u00e1sra. Vagy, akik szorgalmuk, k\u00e9pess\u00e9geik r\u00e9v\u00e9n kiv\u00e1l\u00f3 tanulm\u00e1nyi eredm\u00e9nyeket \u00e9rnek el \u00e9s az iskola vezet\u0151s\u00e9ge \u00f6szt\u00f6nz\u0151 jutalmaz\u00e1sk\u00e9nt deleg\u00e1lja \u0151ket a rendezv\u00e9nyre.<\/p>\n<p>45 gyermekkel v\u00e1gtunk neki a sz\u00e9p napnak. A gyerekekkel vonattal \u00e9rkezt\u00fcnk a f\u0151v\u00e1rosba. A p\u00e1lyaudvaron a Millennium Utaz\u00e1si Iroda idegenvezet\u0151je, Andr\u00e1s v\u00e1rt benn\u00fcnket. \u00a0Onnan k\u00fcl\u00f6n busszal vittek benn\u00fcnket egyik program helysz\u00ednr\u0151l a m\u00e1sikra.<\/p>\n<p>El\u0151sz\u00f6r az utaz\u00e1s f\u00e1radalmait\u00a0filmvet\u00edt\u00e9sen pihent\u00fck ki a Lurdy Moziban. Ahol a Ricsi a g\u00f3lya c. eg\u00e9sz est\u00e9s anim\u00e1ci\u00f3s filmet n\u00e9zt\u00fck meg, amely a 2017-es Berlini Nemzetk\u00f6zi Filmfesztiv\u00e1lon Krist\u00e1ly Medve d\u00edjat nyert. \u00a0A mozi z\u00e1r\u00e1sak\u00e9nt Lurdy Mikul\u00e1s meglepet\u00e9s aj\u00e1nd\u00e9kkal kedveskedett nek\u00fcnk. Egy Mikul\u00e1s sapk\u00e1ba rejtett Mikul\u00e1s csomag volt az aj\u00e1nd\u00e9kunk. Majd\u00a0j\u00e1t\u00e9kos buszos v\u00e1rosn\u00e9z\u00e9s\u00a0keret\u00e9ben jutottunk el az Orsz\u00e1gh\u00e1zba. Az\u00a0Orsz\u00e1gh\u00e1z\u00a0Budapest\u00a0egyik legismertebb k\u00f6z\u00e9p\u00fclete, a\u00a0Magyar Orsz\u00e1ggy\u0171l\u00e9s\u00a0sz\u00e9khelye.\u00a0Az \u00e9p\u00fclet mind k\u00fcls\u0151 t\u00f6meghat\u00e1s\u00e1ban, mind bels\u0151 enteri\u0151rj\u00e9ben m\u00e9lt\u00e1n tekinthet\u0151 a 19-20. sz\u00e1zad fordul\u00f3ja egyik nagy alkot\u00e1s\u00e1nak az eur\u00f3pai kontinensen.<\/p>\n<p>A nap megkoron\u00e1z\u00e1sak\u00e9nt csoportunk Eur\u00f3pa 10 legszebb v\u00e1s\u00e1ra k\u00f6z\u00f6tt jegyzett V\u00f6r\u00f6smarty t\u00e9ri Budapesti Adventi- \u00e9s Kar\u00e1csonyi V\u00e1s\u00e1r forgatag\u00e1ba cs\u00f6ppent bele. Ahol a tradicion\u00e1lis \u00e9s az \u00fajra gondolt, modernebb form\u00e1ba \u00f6nt\u00f6tt ipar- \u00e9s n\u00e9pm\u0171v\u00e9szeti t\u00e1rgyak, valamint a design is kiemelt helyet kapott. A helyi, v\u00e1logatott alapanyagokb\u00f3l k\u00e9sz\u00fclt \u00edzletes \u00e9telk\u00fcl\u00f6nlegess\u00e9gek, k\u00e9zm\u0171ves \u00e9dess\u00e9gek, italok kieg\u00e9sz\u00edtett\u00e9k a hagyom\u00e1nyos magyar v\u00e1s\u00e1ri konyha v\u00e1laszt\u00e9k\u00e1t.<\/p>\n<p>Mi is \u00e1t\u00e9rezt\u00fck a kar\u00e1csonyi k\u00e9sz\u00fcl\u0151d\u00e9s hangulat\u00e1t, illat\u00e1t, f\u00e9nyeit \u00e9s k\u00f6z\u00f6ss\u00e9gform\u00e1l\u00f3 erej\u00e9t is. S mi is r\u00e9szesei lehett\u00fcnk ennek a sz\u00e9ps\u00e9gnek!<\/p>\n<p>Az eg\u00e9sz napos f\u0151v\u00e1rosban t\u00f6lt\u00f6tt ottl\u00e9t sor\u00e1n jutott id\u0151 a legf\u0151bb l\u00e1tnival\u00f3k megtekint\u00e9s\u00e9re is. A t\u00e1mogat\u00f3k seg\u00edts\u00e9g\u00e9vel gazdagg\u00e1 tett program olyan \u00e9lm\u00e9nyt adott tanul\u00f3ink sz\u00e1m\u00e1ra, ami vid\u00e1ms\u00e1g\u00e1val t\u00e1vol r\u00f6p\u00edthette \u0151ket a mindennapok gondjait\u00f3l. Tanulm\u00e1nyi jelleg\u00e9vel nevelte \u0151ket. J\u00e1t\u00e9kosan, tapasztalati \u00faton b\u0151v\u00edtette az iskol\u00e1ban m\u00e1r megszerzett tud\u00e1st, \u00e9s szebb\u00e9, k\u00fcl\u00f6nlegesebb\u00e9 tette a kar\u00e1csonyukat.<\/p>\n<p>A program szervez\u0151je<\/p>\n<p><em>S\u00fct\u00f6rin\u00e9 Hada Ildik\u00f3<\/em><\/p>\n<p>A programnap lebonyol\u00edt\u00e1s\u00e1ban seg\u00edts\u00e9g\u00e9re voltak:<\/p>\n<p><em>Kiss L\u00e1szl\u00f3n\u00e9 pedag\u00f3giai munkak\u00f6z\u00f6ss\u00e9gvezet\u0151<\/em><\/p>\n<p><em>Kissn\u00e9 Horv\u00e1th Ad\u00e9l<\/em><\/p>\n","protected":false},"excerpt":{"rendered":"<p>A Millennium Utaz\u00e1si Iroda programszervez\u0151i el\u0151sz\u00f6r 2004 december\u00e9re hirdett\u00e9k meg az Advent Budapesten n\u00e9vre keresztelt j\u00f3t\u00e9konys\u00e1gi rendezv\u00e9nyt. S m\u00e1ra m\u00e1r t\u00f6bb ezer gyermeket aj\u00e1nd\u00e9koztak meg egy-egy csod\u00e1latos budapesti adventi kir\u00e1ndul\u00e1ssal. Az iroda szervez\u0151 munk\u00e1ja \u00e9s anyagi t\u00e1mogat\u00e1sa mellett t\u00f6bb szponzor is a j\u00f3 \u00fcgy mell\u00e9 \u00e1llt, s az els\u0151 sikeres programb\u00f3l hagyom\u00e1ny lett. &nbsp; A [&hellip;]<\/p>\n","protected":false},"author":1,"featured_media":0,"parent":0,"menu_order":0,"comment_status":"closed","ping_status":"closed","template":"","meta":{"ngg_post_thumbnail":0,"footnotes":""},"class_list":["post-853","page","type-page","status-publish","hentry"],"_links":{"self":[{"href":"http:\/\/www.radnotiiskola.hu\/new\/wp-json\/wp\/v2\/pages\/853","targetHints":{"allow":["GET"]}}],"collection":[{"href":"http:\/\/www.radnotiiskola.hu\/new\/wp-json\/wp\/v2\/pages"}],"about":[{"href":"http:\/\/www.radnotiiskola.hu\/new\/wp-json\/wp\/v2\/types\/page"}],"author":[{"embeddable":true,"href":"http:\/\/www.radnotiiskola.hu\/new\/wp-json\/wp\/v2\/users\/1"}],"replies":[{"embeddable":true,"href":"http:\/\/www.radnotiiskola.hu\/new\/wp-json\/wp\/v2\/comments?post=853"}],"version-history":[{"count":0,"href":"http:\/\/www.radnotiiskola.hu\/new\/wp-json\/wp\/v2\/pages\/853\/revisions"}],"wp:attachment":[{"href":"http:\/\/www.radnotiiskola.hu\/new\/wp-json\/wp\/v2\/media?parent=853"}],"curies":[{"name":"wp","href":"https:\/\/api.w.org\/{rel}","templated":true}]}}